{"id":2986,"date":"2022-08-19T13:17:14","date_gmt":"2022-08-19T13:17:14","guid":{"rendered":"http:\/\/192.168.0.104\/douanes-cameroun\/?page_id=2986"},"modified":"2022-10-08T12:24:47","modified_gmt":"2022-10-08T12:24:47","slug":"protocoles-2","status":"publish","type":"page","link":"http:\/\/www.douanes.cm\/douanes-cameroun\/protocoles-2\/","title":{"rendered":"Protocoles"},"content":{"rendered":"\t\t<div data-elementor-type=\"wp-page\" data-elementor-id=\"2986\" class=\"elementor elementor-2986\">\n\t\t\t\t\t\t\t\t\t<section class=\"elementor-section elementor-top-section elementor-element elementor-element-3afc938 elementor-section-boxed elementor-section-height-default elementor-section-height-default wpr-particle-no wpr-jarallax-no wpr-parallax-no wpr-sticky-section-no\" data-id=\"3afc938\" data-element_type=\"section\">\n\t\t\t\t\t\t<div class=\"elementor-container elementor-column-gap-default\">\n\t\t\t\t\t<div class=\"elementor-column elementor-col-100 elementor-top-column elementor-element elementor-element-4c285fe\" data-id=\"4c285fe\" data-element_type=\"column\">\n\t\t\t<div class=\"elementor-widget-wrap elementor-element-populated\">\n\t\t\t\t\t\t\t\t<div class=\"elementor-element elementor-element-d4286ca animated-slow elementor-invisible elementor-widget elementor-widget-toggle\" data-id=\"d4286ca\" data-element_type=\"widget\" data-settings=\"{&quot;_animation&quot;:&quot;fadeInUp&quot;}\" data-widget_type=\"toggle.default\">\n\t\t\t\t<div class=\"elementor-widget-container\">\n\t\t\t<style>\/*! elementor - v3.6.6 - 08-06-2022 *\/\n.elementor-toggle{text-align:left}.elementor-toggle .elementor-tab-title{font-weight:700;line-height:1;margin:0;padding:15px;border-bottom:1px solid #d4d4d4;cursor:pointer;outline:none}.elementor-toggle .elementor-tab-title .elementor-toggle-icon{display:inline-block;width:1em}.elementor-toggle .elementor-tab-title .elementor-toggle-icon svg{-webkit-margin-start:-5px;margin-inline-start:-5px;width:1em;height:1em}.elementor-toggle .elementor-tab-title .elementor-toggle-icon.elementor-toggle-icon-right{float:right;text-align:right}.elementor-toggle .elementor-tab-title .elementor-toggle-icon.elementor-toggle-icon-left{float:left;text-align:left}.elementor-toggle .elementor-tab-title .elementor-toggle-icon .elementor-toggle-icon-closed{display:block}.elementor-toggle .elementor-tab-title .elementor-toggle-icon .elementor-toggle-icon-opened{display:none}.elementor-toggle .elementor-tab-title.elementor-active{border-bottom:none}.elementor-toggle .elementor-tab-title.elementor-active .elementor-toggle-icon-closed{display:none}.elementor-toggle .elementor-tab-title.elementor-active .elementor-toggle-icon-opened{display:block}.elementor-toggle .elementor-tab-content{padding:15px;border-bottom:1px solid #d4d4d4;display:none}@media (max-width:767px){.elementor-toggle .elementor-tab-title{padding:12px}.elementor-toggle .elementor-tab-content{padding:12px 10px}}<\/style>\t\t<div class=\"elementor-toggle\" role=\"tablist\">\n\t\t\t\t\t\t\t<div class=\"elementor-toggle-item\">\n\t\t\t\t\t<div id=\"elementor-tab-title-2221\" class=\"elementor-tab-title\" data-tab=\"1\" role=\"tab\" aria-controls=\"elementor-tab-content-2221\" aria-expanded=\"false\">\n\t\t\t\t\t\t\t\t\t\t\t\t<span class=\"elementor-toggle-icon elementor-toggle-icon-right\" aria-hidden=\"true\">\n\t\t\t\t\t\t\t\t\t\t\t\t\t\t\t<span class=\"elementor-toggle-icon-closed\"><i class=\"fas fa-plus\"><\/i><\/span>\n\t\t\t\t\t\t\t\t<span class=\"elementor-toggle-icon-opened\"><i class=\"elementor-toggle-icon-opened fas fa-minus\"><\/i><\/span>\n\t\t\t\t\t\t\t\t\t\t\t\t\t<\/span>\n\t\t\t\t\t\t\t\t\t\t\t\t<a href=\"\" class=\"elementor-toggle-title\">PROTOCOLE D'ACCORD ENTRE L\u2019AGENCE NATIONALE DE RADIOPROTECTION (ANRP) ET LA DIRECTION GENERALE DES DOUANES (DGD) RELATIF AU CONTROLE DU TRAFIC DES MATIERES RADIOACTIVES OU NUCLEAIRES A L'IMPORTATION ET A L\u2019EXPORTATION AU CAMEROUN<\/a>\n\t\t\t\t\t<\/div>\n\n\t\t\t\t\t<div id=\"elementor-tab-content-2221\" class=\"elementor-tab-content elementor-clearfix\" data-tab=\"1\" role=\"tabpanel\" aria-labelledby=\"elementor-tab-title-2221\"><p><strong>Objectif\u00a0: <\/strong>Lutte contre les mouvements frontaliers non autoris\u00e9s des mati\u00e8res radioactives ou nucl\u00e9aires \u00e0 l&#8217;importation et \u00e0 l&#8217;exportation au Cameroun.<\/p><p><strong>Objectifs sp\u00e9cifiques :<\/strong><\/p><p>&#8211;\u00a0 Am\u00e9liorer le dispositif de contr\u00f4le et de s\u00e9curisation des importations et exportations des mati\u00e8res radioactives ou nucl\u00e9aires ;<\/p><p>&#8211; De concevoir une proc\u00e9dure efficace et tra\u00e7able de circulation desdits produits ;<\/p><p>&#8211; De d\u00e9finir un dispositif d&#8217;accompagnement garantissant une protection efficace contre les importations et exportations frauduleuses ;<\/p><p>&#8211; De mettre en \u0153uvre les mesures de prohibition relatives aux marchandises potentiellement dangereuses \u00e0 l&#8217;importation et \u00e0 l&#8217;exportation<\/p><\/div>\n\t\t\t\t<\/div>\n\t\t\t\t\t\t\t<div class=\"elementor-toggle-item\">\n\t\t\t\t\t<div id=\"elementor-tab-title-2222\" class=\"elementor-tab-title\" data-tab=\"2\" role=\"tab\" aria-controls=\"elementor-tab-content-2222\" aria-expanded=\"false\">\n\t\t\t\t\t\t\t\t\t\t\t\t<span class=\"elementor-toggle-icon elementor-toggle-icon-right\" aria-hidden=\"true\">\n\t\t\t\t\t\t\t\t\t\t\t\t\t\t\t<span class=\"elementor-toggle-icon-closed\"><i class=\"fas fa-plus\"><\/i><\/span>\n\t\t\t\t\t\t\t\t<span class=\"elementor-toggle-icon-opened\"><i class=\"elementor-toggle-icon-opened fas fa-minus\"><\/i><\/span>\n\t\t\t\t\t\t\t\t\t\t\t\t\t<\/span>\n\t\t\t\t\t\t\t\t\t\t\t\t<a href=\"\" class=\"elementor-toggle-title\">Protocole D'accord Entre L\u2019agence Nationale De Radioprotection (ANRP) Et La Direction G\u00e9n\u00e9rale Des Douanes (DGD) Relatif Au Contr\u00f4le Du Trafic Des Mati\u00e8res Radioactives Ou Nucl\u00e9aires A L'importation Et A L\u2019exportation Au Cameroun<\/a>\n\t\t\t\t\t<\/div>\n\n\t\t\t\t\t<div id=\"elementor-tab-content-2222\" class=\"elementor-tab-content elementor-clearfix\" data-tab=\"2\" role=\"tabpanel\" aria-labelledby=\"elementor-tab-title-2222\"><p><strong>Objectif\u00a0: <\/strong>Lutte contre les mouvements frontaliers non autoris\u00e9s des mati\u00e8res radioactives ou nucl\u00e9aires \u00e0 l&#8217;importation et \u00e0 l&#8217;exportation au Cameroun.<\/p><p><strong>Objectifs sp\u00e9cifiques :<\/strong><\/p><p>&#8211;\u00a0 Am\u00e9liorer le dispositif de contr\u00f4le et de s\u00e9curisation des importations et exportations des mati\u00e8res radioactives ou nucl\u00e9aires ;<\/p><p>&#8211; De concevoir une proc\u00e9dure efficace et tra\u00e7able de circulation desdits produits ;<\/p><p>&#8211; De d\u00e9finir un dispositif d&#8217;accompagnement garantissant une protection efficace contre les importations et exportations frauduleuses ;<\/p><p>&#8211; De mettre en \u0153uvre les mesures de prohibition relatives aux marchandises potentiellement dangereuses \u00e0 l&#8217;importation et \u00e0 l&#8217;exportation.<\/p><\/div>\n\t\t\t\t<\/div>\n\t\t\t\t\t\t\t<div class=\"elementor-toggle-item\">\n\t\t\t\t\t<div id=\"elementor-tab-title-2223\" class=\"elementor-tab-title\" data-tab=\"3\" role=\"tab\" aria-controls=\"elementor-tab-content-2223\" aria-expanded=\"false\">\n\t\t\t\t\t\t\t\t\t\t\t\t<span class=\"elementor-toggle-icon elementor-toggle-icon-right\" aria-hidden=\"true\">\n\t\t\t\t\t\t\t\t\t\t\t\t\t\t\t<span class=\"elementor-toggle-icon-closed\"><i class=\"fas fa-plus\"><\/i><\/span>\n\t\t\t\t\t\t\t\t<span class=\"elementor-toggle-icon-opened\"><i class=\"elementor-toggle-icon-opened fas fa-minus\"><\/i><\/span>\n\t\t\t\t\t\t\t\t\t\t\t\t\t<\/span>\n\t\t\t\t\t\t\t\t\t\t\t\t<a href=\"\" class=\"elementor-toggle-title\">Accord Relatif A L\u2019assistance Administrative Mutuelle Entre Les Douanes Tchadiennes Et Les Douanes Camerounaises En Mati\u00e8re De S\u00e9curisation Du Transit<\/a>\n\t\t\t\t\t<\/div>\n\n\t\t\t\t\t<div id=\"elementor-tab-content-2223\" class=\"elementor-tab-content elementor-clearfix\" data-tab=\"3\" role=\"tabpanel\" aria-labelledby=\"elementor-tab-title-2223\"><p><strong><u>Objectif : <\/u><\/strong>\u00a0\u00a0mettre en place un syst\u00e8me de suivi et de contr\u00f4le des op\u00e9rations import-export et de s\u00e9curisation des recettes<\/p><\/div>\n\t\t\t\t<\/div>\n\t\t\t\t\t\t\t<div class=\"elementor-toggle-item\">\n\t\t\t\t\t<div id=\"elementor-tab-title-2224\" class=\"elementor-tab-title\" data-tab=\"4\" role=\"tab\" aria-controls=\"elementor-tab-content-2224\" aria-expanded=\"false\">\n\t\t\t\t\t\t\t\t\t\t\t\t<span class=\"elementor-toggle-icon elementor-toggle-icon-right\" aria-hidden=\"true\">\n\t\t\t\t\t\t\t\t\t\t\t\t\t\t\t<span class=\"elementor-toggle-icon-closed\"><i class=\"fas fa-plus\"><\/i><\/span>\n\t\t\t\t\t\t\t\t<span class=\"elementor-toggle-icon-opened\"><i class=\"elementor-toggle-icon-opened fas fa-minus\"><\/i><\/span>\n\t\t\t\t\t\t\t\t\t\t\t\t\t<\/span>\n\t\t\t\t\t\t\t\t\t\t\t\t<a href=\"\" class=\"elementor-toggle-title\">Protocole D\u2019accord Entre La Direction g\u00e9n\u00e9rale Des Douanes (DGD) Et Les Soci\u00e9t\u00e9s \"KIWIPAY Afrique Centrale Sarl\" Et \"BOLLORE Transport Et LOGISTICS Cameroun<\/a>\n\t\t\t\t\t<\/div>\n\n\t\t\t\t\t<div id=\"elementor-tab-content-2224\" class=\"elementor-tab-content elementor-clearfix\" data-tab=\"4\" role=\"tabpanel\" aria-labelledby=\"elementor-tab-title-2224\"><p><strong><u>Objectif <\/u><\/strong>Faciliter les proc\u00e9dures de d\u00e9douanement des marchandises acquises par voie \u00e9lectrique, ainsi que la s\u00e9curisation des droits et taxes de douane y aff\u00e9rent.<\/p><p><strong><u>Objectifs sp\u00e9cifiques<\/u><\/strong><\/p><p>&#8211; Am\u00e9liorer la tra\u00e7abilit\u00e9 et le contr\u00f4le des marchandises acquises par voie \u00e9lectronique, import\u00e9es et export\u00e9es au Cameroun ;<\/p><p>&#8211; Mutualiser les informations pour faciliter la prise en charge et le d\u00e9douanement des marchandises acquises par voie \u00e9lectronique ;<\/p><p>&#8211; Simplifier les proc\u00e9dures de d\u00e9douanement des marchandises acquises par voie \u00e9lectronique ;<\/p><p>&#8211; Optimiser le niveau du recouvrement des recettes douani\u00e8res issues du commerce \u00e9lectronique ;<\/p><p>&#8211; Lutter contre les trafics de toutes sortes qui engendreraient l&#8217;\u00e9vasion ou la dissimulation de la mati\u00e8re taxable ;<\/p><p>&#8211; Am\u00e9nager un cadre de collaboration efficace pour mieux adapter l&#8217;Administration des Douanes aux exigences et \u00e0 l&#8217;\u00e9volution du commerce international ;<\/p><\/div>\n\t\t\t\t<\/div>\n\t\t\t\t\t\t\t<div class=\"elementor-toggle-item\">\n\t\t\t\t\t<div id=\"elementor-tab-title-2225\" class=\"elementor-tab-title\" data-tab=\"5\" role=\"tab\" aria-controls=\"elementor-tab-content-2225\" aria-expanded=\"false\">\n\t\t\t\t\t\t\t\t\t\t\t\t<span class=\"elementor-toggle-icon elementor-toggle-icon-right\" aria-hidden=\"true\">\n\t\t\t\t\t\t\t\t\t\t\t\t\t\t\t<span class=\"elementor-toggle-icon-closed\"><i class=\"fas fa-plus\"><\/i><\/span>\n\t\t\t\t\t\t\t\t<span class=\"elementor-toggle-icon-opened\"><i class=\"elementor-toggle-icon-opened fas fa-minus\"><\/i><\/span>\n\t\t\t\t\t\t\t\t\t\t\t\t\t<\/span>\n\t\t\t\t\t\t\t\t\t\t\t\t<a href=\"\" class=\"elementor-toggle-title\">Protocole D'accord Entre L\u2019administration Des Douanes Et La Profession Bancaire<\/a>\n\t\t\t\t\t<\/div>\n\n\t\t\t\t\t<div id=\"elementor-tab-content-2225\" class=\"elementor-tab-content elementor-clearfix\" data-tab=\"5\" role=\"tabpanel\" aria-labelledby=\"elementor-tab-title-2225\"><p><strong><u>Objectif : <\/u><\/strong>Mettre un terme aux multiples incompr\u00e9hensions qui ont exist\u00e9 entre l&#8217;Administration des Douanes et les Banques \u00e0 la suite des liquidations d&#8217;office op\u00e9r\u00e9es pour non-respect des engagements cautionn\u00e9s.<\/p><\/div>\n\t\t\t\t<\/div>\n\t\t\t\t\t\t\t<div class=\"elementor-toggle-item\">\n\t\t\t\t\t<div id=\"elementor-tab-title-2226\" class=\"elementor-tab-title\" data-tab=\"6\" role=\"tab\" aria-controls=\"elementor-tab-content-2226\" aria-expanded=\"false\">\n\t\t\t\t\t\t\t\t\t\t\t\t<span class=\"elementor-toggle-icon elementor-toggle-icon-right\" aria-hidden=\"true\">\n\t\t\t\t\t\t\t\t\t\t\t\t\t\t\t<span class=\"elementor-toggle-icon-closed\"><i class=\"fas fa-plus\"><\/i><\/span>\n\t\t\t\t\t\t\t\t<span class=\"elementor-toggle-icon-opened\"><i class=\"elementor-toggle-icon-opened fas fa-minus\"><\/i><\/span>\n\t\t\t\t\t\t\t\t\t\t\t\t\t<\/span>\n\t\t\t\t\t\t\t\t\t\t\t\t<a href=\"\" class=\"elementor-toggle-title\">Protocole d'accord entre la Direction G\u00e9n\u00e9rale des Douanes et le groupe bossons, vins et spiritueux (BVS).<\/a>\n\t\t\t\t\t<\/div>\n\n\t\t\t\t\t<div id=\"elementor-tab-content-2226\" class=\"elementor-tab-content elementor-clearfix\" data-tab=\"6\" role=\"tabpanel\" aria-labelledby=\"elementor-tab-title-2226\"><p><strong>Objectif\u00a0: <\/strong>Mettre en place des mesures devant permettre d&#8217;accompagner le Groupe BVS dans la mise en \u0153uvre de la Convention N\u00b0001082\/MINMIDT\/API du 21 novembre 2016 et de proc\u00e9der \u00e0 l\u2019estampillage de certaines marchandises import\u00e9es sous suj\u00e9tion douani\u00e8re par BVS Production et BVS Distribution et\/ou produites dans leurs locaux respectifs situ\u00e9s \u00e0 la zone industrielle de BASSA-Douala, au lieu-dit BBR (Bataillon Blind\u00e9 de Reconnaissance) et tout autre emplacement dont elles ont la jouissance exclusive.<\/p><p>De m\u00eame, le pr\u00e9sent Protocole d&#8217;Accord vise \u00e0 encadrer les proc\u00e9dures d&#8217;exportation des produits du Groupe BVS, soumis ou non \u00e0 l&#8217;estampillage et manufactur\u00e9s ou export\u00e9s sous le r\u00e9gime de la TVA et d&#8217;autres imp\u00f4ts, taxes et pr\u00e9l\u00e8vements s&#8217;y rapportant.<\/p><p><strong>Objectifs sp\u00e9cifiques<\/strong><\/p><p>&#8211; Am\u00e9liorer le dispositif de facilitation des importations et de s\u00e9curisation des recettes douani\u00e8res relatives \u00e0 ces importations ;<\/p><p>-Concevoir une proc\u00e9dure efficace de tra\u00e7abilit\u00e9 desdits produits import\u00e9s ou produits localement par un estampillage en environnement s\u00e9curis\u00e9 ;<\/p><p>-D\u00e9finir un dispositif d&#8217;accompagnement garantissant une protection efficace contre les importations frauduleuses et les contrefa\u00e7ons \u00e9ventuelles desdits produits par des tiers, notamment au moyen des contrats d&#8217;exclusivit\u00e9, de d\u00e9p\u00f4ts de marques, de communications d&#8217;informations av\u00e9r\u00e9es sur les courants de fraude d\u00e9tect\u00e9s et de la participation aux op\u00e9rations de contr\u00f4le de la d\u00e9tention et de la circulation des marchandises \u00e0 conduire sur diligence de l&#8217;Administration des Douanes.<\/p><\/div>\n\t\t\t\t<\/div>\n\t\t\t\t\t\t\t<div class=\"elementor-toggle-item\">\n\t\t\t\t\t<div id=\"elementor-tab-title-2227\" class=\"elementor-tab-title\" data-tab=\"7\" role=\"tab\" aria-controls=\"elementor-tab-content-2227\" aria-expanded=\"false\">\n\t\t\t\t\t\t\t\t\t\t\t\t<span class=\"elementor-toggle-icon elementor-toggle-icon-right\" aria-hidden=\"true\">\n\t\t\t\t\t\t\t\t\t\t\t\t\t\t\t<span class=\"elementor-toggle-icon-closed\"><i class=\"fas fa-plus\"><\/i><\/span>\n\t\t\t\t\t\t\t\t<span class=\"elementor-toggle-icon-opened\"><i class=\"elementor-toggle-icon-opened fas fa-minus\"><\/i><\/span>\n\t\t\t\t\t\t\t\t\t\t\t\t\t<\/span>\n\t\t\t\t\t\t\t\t\t\t\t\t<a href=\"\" class=\"elementor-toggle-title\">Protocole D'accord Entre La Direction G\u00e9n\u00e9rale Des Douanes Et Le Guichet Unique Des Operations Du Commerce Ext\u00e9rieur (GUCE)<\/a>\n\t\t\t\t\t<\/div>\n\n\t\t\t\t\t<div id=\"elementor-tab-content-2227\" class=\"elementor-tab-content elementor-clearfix\" data-tab=\"7\" role=\"tabpanel\" aria-labelledby=\"elementor-tab-title-2227\"><p><strong><u>Objectif <\/u><\/strong>Fixer les modalit\u00e9s de liquidation, de recouvrement et de reversement des frais de facilitation et de suivi de dossier \u00e9lectronique du GUCE en s&#8217;appuyant sur la d\u00e9claration en douane.<\/p><\/div>\n\t\t\t\t<\/div>\n\t\t\t\t\t\t\t<div class=\"elementor-toggle-item\">\n\t\t\t\t\t<div id=\"elementor-tab-title-2228\" class=\"elementor-tab-title\" data-tab=\"8\" role=\"tab\" aria-controls=\"elementor-tab-content-2228\" aria-expanded=\"false\">\n\t\t\t\t\t\t\t\t\t\t\t\t<span class=\"elementor-toggle-icon elementor-toggle-icon-right\" aria-hidden=\"true\">\n\t\t\t\t\t\t\t\t\t\t\t\t\t\t\t<span class=\"elementor-toggle-icon-closed\"><i class=\"fas fa-plus\"><\/i><\/span>\n\t\t\t\t\t\t\t\t<span class=\"elementor-toggle-icon-opened\"><i class=\"elementor-toggle-icon-opened fas fa-minus\"><\/i><\/span>\n\t\t\t\t\t\t\t\t\t\t\t\t\t<\/span>\n\t\t\t\t\t\t\t\t\t\t\t\t<a href=\"\" class=\"elementor-toggle-title\">Protocole D'accord Entre L'administration Des Douanes et la Soci\u00e9t\u00e9 CAMRAIL<\/a>\n\t\t\t\t\t<\/div>\n\n\t\t\t\t\t<div id=\"elementor-tab-content-2228\" class=\"elementor-tab-content elementor-clearfix\" data-tab=\"8\" role=\"tabpanel\" aria-labelledby=\"elementor-tab-title-2228\"><p><strong>Objectif <\/strong>All\u00e9ger et simplifier les proc\u00e9dures administratives relatives au transit des marchandises. Notamment les modalit\u00e9s pratiques d&#8217;ex\u00e9cution des dispositions de l&#8217;Instruction Minist\u00e9rielle n\u00b003\/001\/CF\/MINFI\/DD du 02 janvier 2003.<\/p><\/div>\n\t\t\t\t<\/div>\n\t\t\t\t\t\t\t<div class=\"elementor-toggle-item\">\n\t\t\t\t\t<div id=\"elementor-tab-title-2229\" class=\"elementor-tab-title\" data-tab=\"9\" role=\"tab\" aria-controls=\"elementor-tab-content-2229\" aria-expanded=\"false\">\n\t\t\t\t\t\t\t\t\t\t\t\t<span class=\"elementor-toggle-icon elementor-toggle-icon-right\" aria-hidden=\"true\">\n\t\t\t\t\t\t\t\t\t\t\t\t\t\t\t<span class=\"elementor-toggle-icon-closed\"><i class=\"fas fa-plus\"><\/i><\/span>\n\t\t\t\t\t\t\t\t<span class=\"elementor-toggle-icon-opened\"><i class=\"elementor-toggle-icon-opened fas fa-minus\"><\/i><\/span>\n\t\t\t\t\t\t\t\t\t\t\t\t\t<\/span>\n\t\t\t\t\t\t\t\t\t\t\t\t<a href=\"\" class=\"elementor-toggle-title\">Accord Conjoint Entre Le Port Autonome De Douala Et La Direction G\u00e9n\u00e9rale Des Douanes Portant cr\u00e9ation, organisation Et fonctionnement du comit\u00e9 Bipartite Permanent De Concertation<\/a>\n\t\t\t\t\t<\/div>\n\n\t\t\t\t\t<div id=\"elementor-tab-content-2229\" class=\"elementor-tab-content elementor-clearfix\" data-tab=\"9\" role=\"tabpanel\" aria-labelledby=\"elementor-tab-title-2229\"><p><strong>Objectif\u00a0: <\/strong>Cr\u00e9er un Comit\u00e9 Permanent de concertation charger d&#8217;examiner et de formuler des recommandations sur tous les sujets d&#8217;int\u00e9r\u00eat commun au Port Autonome de Douala (PAD) et \u00e0 la Direction G\u00e9n\u00e9rale des Douanes (DGD)\u00a0; ci-apr\u00e8s d\u00e9sign\u00e9 &#8220;le Comit\u00e9 Permanent&#8221;.<\/p><\/div>\n\t\t\t\t<\/div>\n\t\t\t\t\t\t\t<div class=\"elementor-toggle-item\">\n\t\t\t\t\t<div id=\"elementor-tab-title-22210\" class=\"elementor-tab-title\" data-tab=\"10\" role=\"tab\" aria-controls=\"elementor-tab-content-22210\" aria-expanded=\"false\">\n\t\t\t\t\t\t\t\t\t\t\t\t<span class=\"elementor-toggle-icon elementor-toggle-icon-right\" aria-hidden=\"true\">\n\t\t\t\t\t\t\t\t\t\t\t\t\t\t\t<span class=\"elementor-toggle-icon-closed\"><i class=\"fas fa-plus\"><\/i><\/span>\n\t\t\t\t\t\t\t\t<span class=\"elementor-toggle-icon-opened\"><i class=\"elementor-toggle-icon-opened fas fa-minus\"><\/i><\/span>\n\t\t\t\t\t\t\t\t\t\t\t\t\t<\/span>\n\t\t\t\t\t\t\t\t\t\t\t\t<a href=\"\" class=\"elementor-toggle-title\">Protocole D'accord Entre La Direction G\u00e9n\u00e9rale Des Douanes (DGD) Et Les Syndicats De Transporteurs Terrestres Des Marchandises Du Cameroun<\/a>\n\t\t\t\t\t<\/div>\n\n\t\t\t\t\t<div id=\"elementor-tab-content-22210\" class=\"elementor-tab-content elementor-clearfix\" data-tab=\"10\" role=\"tabpanel\" aria-labelledby=\"elementor-tab-title-22210\"><p><strong>Objectif\u00a0:<\/strong> Encadrer les relations entre l&#8217;Administration des Douanes et le Syndicats des Transporteurs Terrestres des marchandises, en vue d&#8217;am\u00e9liorer la qualit\u00e9 de la prise en charge et la c\u00e9l\u00e9rit\u00e9 dans le contr\u00f4le des marchandises achemin\u00e9es par voie terrestre sur les corridors du Cameroun.<\/p><p><strong>Objectifs sp\u00e9cifiques<\/strong><\/p><p>-Promouvoir l&#8217;anticipation et la c\u00e9l\u00e9rit\u00e9 dans l&#8217;accomplissement des formalit\u00e9s li\u00e9es aux op\u00e9rations de transit ;<\/p><p>-R\u00e9duire les d\u00e9lais d&#8217;acheminement des marchandises en transit en vue d&#8217;assurer la comp\u00e9titivit\u00e9 des corridors camerounais ;<\/p><p>-Moderniser et optimiser le dispositif de suivi des marchandises par g\u00e9olocalisation ;<\/p><p>-Rationnaliser les contr\u00f4les douaniers lors de l&#8217;acheminement des marchandises sur le territoire national ;<\/p><p>-Favoriser l\u2019\u00e9change d&#8217;informations entre les transporteurs et l&#8217;Administration des Douanes dans le cadre de la lutte contre les trafics illicites de toutes sortes ;<\/p><p>-Garantir la transparence dans la perception du Travail Extra L\u00e9gal (TEL) conform\u00e9ment \u00e0 la r\u00e9glementation en vigueur ;<\/p><p>-Assurer la professionnalisation des transporteurs terrestres dans la gestion des op\u00e9rations de transit ;<\/p><p>-Labelliser les professions de transporteur terrestre des marchandises ;<\/p><p>&#8211; Am\u00e9liorer continuellement la qualit\u00e9 des services et des prestations offertes par les parties afin de fluidifier les \u00e9changes commerciaux.<\/p><\/div>\n\t\t\t\t<\/div>\n\t\t\t\t\t\t\t<div class=\"elementor-toggle-item\">\n\t\t\t\t\t<div id=\"elementor-tab-title-22211\" class=\"elementor-tab-title\" data-tab=\"11\" role=\"tab\" aria-controls=\"elementor-tab-content-22211\" aria-expanded=\"false\">\n\t\t\t\t\t\t\t\t\t\t\t\t<span class=\"elementor-toggle-icon elementor-toggle-icon-right\" aria-hidden=\"true\">\n\t\t\t\t\t\t\t\t\t\t\t\t\t\t\t<span class=\"elementor-toggle-icon-closed\"><i class=\"fas fa-plus\"><\/i><\/span>\n\t\t\t\t\t\t\t\t<span class=\"elementor-toggle-icon-opened\"><i class=\"elementor-toggle-icon-opened fas fa-minus\"><\/i><\/span>\n\t\t\t\t\t\t\t\t\t\t\t\t\t<\/span>\n\t\t\t\t\t\t\t\t\t\t\t\t<a href=\"\" class=\"elementor-toggle-title\">Protocole D'accord entre La Direction G\u00e9n\u00e9rale Des Douanes (DGD) Et The Last Great Ape Organization (LAGA) Relatif au Renforcement du Dispositif de Surveillance et de Contr\u00f4le \u00e0 l'importation et \u00e0 l'exportation des Esp\u00e8ces de La Faune et De La Flore<\/a>\n\t\t\t\t\t<\/div>\n\n\t\t\t\t\t<div id=\"elementor-tab-content-22211\" class=\"elementor-tab-content elementor-clearfix\" data-tab=\"11\" role=\"tabpanel\" aria-labelledby=\"elementor-tab-title-22211\"><p><strong>Objectif\u00a0: <\/strong>Mettre en place un cadre de collaboration entre la Direction G\u00e9n\u00e9rale des Douanes et &#8220;The Last Great Ape Organization&#8221; (LAGA) dans le renforcement du dispositif de lutte contre le trafic illicite des esp\u00e8ces de la faune et de la flore.<\/p><p>\u00a0<\/p><p><strong>Objectifs Sp\u00e9cifiques<\/strong><\/p><p>-Assister l&#8217;Administration des Douanes en tant que de besoin en mati\u00e8re de lutte contre le trafic illicite des esp\u00e8ces de la faune et de la flore ;<\/p><p>-Fournir \u00e0 la Douane les informations sur les actions li\u00e9es au commerce illicite desdites esp\u00e8ces ;<\/p><p>-Am\u00e9liorer les m\u00e9canismes de contr\u00f4le des esp\u00e8ces de la faune et de la flore ;<\/p><p>-Renforcer les capacit\u00e9s des agents des douanes dans le domaine du contr\u00f4le des esp\u00e8ces de la faune et de la flore ;<\/p><p>-M\u00e9diatisera les r\u00e9sultats de la lutte contre le trafic illicite des esp\u00e8ces sus-\u00e9voqu\u00e9es.<\/p><\/div>\n\t\t\t\t<\/div>\n\t\t\t\t\t\t\t\t<\/div>\n\t\t\t\t<\/div>\n\t\t\t\t<\/div>\n\t\t\t\t\t<\/div>\n\t\t<\/div>\n\t\t\t\t\t\t\t<\/div>\n\t\t<\/section>\n\t\t\t\t\t\t\t<\/div>\n\t\t","protected":false},"excerpt":{"rendered":"<p>PROTOCOLE D&#8217;ACCORD ENTRE L\u2019AGENCE NATIONALE DE RADIOPROTECTION (ANRP) ET LA DIRECTION GENERALE DES DOUANES (DGD) RELATIF AU CONTROLE DU TRAFIC DES MATIERES RADIOACTIVES OU NUCLEAIRES A L&#8217;IMPORTATION ET A L\u2019EXPORTATION AU CAMEROUN Objectif&nbsp;: Lutte contre les mouvements frontaliers non autoris\u00e9s des mati\u00e8res radioactives ou nucl\u00e9aires \u00e0 l\u2019importation et \u00e0 l\u2019exportation au Cameroun. Objectifs sp\u00e9cifiques : [&hellip;]<\/p>\n","protected":false},"author":1,"featured_media":0,"parent":0,"menu_order":0,"comment_status":"closed","ping_status":"closed","template":"","meta":[],"_links":{"self":[{"href":"http:\/\/www.douanes.cm\/douanes-cameroun\/wp-json\/wp\/v2\/pages\/2986"}],"collection":[{"href":"http:\/\/www.douanes.cm\/douanes-cameroun\/wp-json\/wp\/v2\/pages"}],"about":[{"href":"http:\/\/www.douanes.cm\/douanes-cameroun\/wp-json\/wp\/v2\/types\/page"}],"author":[{"embeddable":true,"href":"http:\/\/www.douanes.cm\/douanes-cameroun\/wp-json\/wp\/v2\/users\/1"}],"replies":[{"embeddable":true,"href":"http:\/\/www.douanes.cm\/douanes-cameroun\/wp-json\/wp\/v2\/comments?post=2986"}],"version-history":[{"count":99,"href":"http:\/\/www.douanes.cm\/douanes-cameroun\/wp-json\/wp\/v2\/pages\/2986\/revisions"}],"predecessor-version":[{"id":6559,"href":"http:\/\/www.douanes.cm\/douanes-cameroun\/wp-json\/wp\/v2\/pages\/2986\/revisions\/6559"}],"wp:attachment":[{"href":"http:\/\/www.douanes.cm\/douanes-cameroun\/wp-json\/wp\/v2\/media?parent=2986"}],"curies":[{"name":"wp","href":"https:\/\/api.w.org\/{rel}","templated":true}]}}