{"id":1018,"date":"2022-06-21T13:58:40","date_gmt":"2022-06-21T13:58:40","guid":{"rendered":"http:\/\/localhost\/douanes-cameroun\/?page_id=1018"},"modified":"2022-08-16T12:30:36","modified_gmt":"2022-08-16T12:30:36","slug":"presse","status":"publish","type":"page","link":"http:\/\/www.douanes.cm\/douanes-cameroun\/presse\/","title":{"rendered":"Presse"},"content":{"rendered":"\t\t<div data-elementor-type=\"wp-page\" data-elementor-id=\"1018\" class=\"elementor elementor-1018\">\n\t\t\t\t\t\t\t\t\t<section class=\"elementor-section elementor-top-section elementor-element elementor-element-7b8e98e elementor-section-boxed elementor-section-height-default elementor-section-height-default wpr-particle-no wpr-jarallax-no wpr-parallax-no wpr-sticky-section-no\" data-id=\"7b8e98e\" data-element_type=\"section\">\n\t\t\t\t\t\t<div class=\"elementor-container elementor-column-gap-default\">\n\t\t\t\t\t<div class=\"elementor-column elementor-col-100 elementor-top-column elementor-element elementor-element-34ee0e1\" data-id=\"34ee0e1\" data-element_type=\"column\">\n\t\t\t<div class=\"elementor-widget-wrap elementor-element-populated\">\n\t\t\t\t\t\t\t\t<div class=\"elementor-element elementor-element-7adc4ca elementor-widget elementor-widget-transida_blog_width_sidebar\" data-id=\"7adc4ca\" data-element_type=\"widget\" data-widget_type=\"transida_blog_width_sidebar.default\">\n\t\t\t\t<div class=\"elementor-widget-container\">\n\t\t\t\t\t\n        <!-- News Section -->\n        <section class=\"news-section\">\n            <div class=\"auto-container\">\n                <div class=\"row\">\n                    <div class=\"col-lg-9\">\n                        <div class=\"row\">\n                                                        <div class=\"news-block-one style-two col-lg-4 col-md-6\">\n                                <div class=\"inner-box\">\n                                                                        <div class=\"image\">\n                                        <img width=\"270\" height=\"270\" src=\"http:\/\/www.douanes.cm\/douanes-cameroun\/wp-content\/uploads\/2026\/04\/Passation-de-service-entre-le-Commandant-NDO-Gervais-Eric-et-lInspecteur-Principal-des-Douanes-EBAA-EFANDENE-Alain-Parfait-270x270.jpeg\" class=\"attachment-transida_270x270 size-transida_270x270 wp-post-image\" alt=\"\" loading=\"lazy\" srcset=\"http:\/\/www.douanes.cm\/douanes-cameroun\/wp-content\/uploads\/2026\/04\/Passation-de-service-entre-le-Commandant-NDO-Gervais-Eric-et-lInspecteur-Principal-des-Douanes-EBAA-EFANDENE-Alain-Parfait-270x270.jpeg 270w, http:\/\/www.douanes.cm\/douanes-cameroun\/wp-content\/uploads\/2026\/04\/Passation-de-service-entre-le-Commandant-NDO-Gervais-Eric-et-lInspecteur-Principal-des-Douanes-EBAA-EFANDENE-Alain-Parfait-150x150.jpeg 150w, http:\/\/www.douanes.cm\/douanes-cameroun\/wp-content\/uploads\/2026\/04\/Passation-de-service-entre-le-Commandant-NDO-Gervais-Eric-et-lInspecteur-Principal-des-Douanes-EBAA-EFANDENE-Alain-Parfait-170x170.jpeg 170w, http:\/\/www.douanes.cm\/douanes-cameroun\/wp-content\/uploads\/2026\/04\/Passation-de-service-entre-le-Commandant-NDO-Gervais-Eric-et-lInspecteur-Principal-des-Douanes-EBAA-EFANDENE-Alain-Parfait-100x100.jpeg 100w, http:\/\/www.douanes.cm\/douanes-cameroun\/wp-content\/uploads\/2026\/04\/Passation-de-service-entre-le-Commandant-NDO-Gervais-Eric-et-lInspecteur-Principal-des-Douanes-EBAA-EFANDENE-Alain-Parfait-110x110.jpeg 110w\" sizes=\"(max-width: 270px) 100vw, 270px\" \/>                                        <div class=\"date\">30 <br> Avr<\/div>\n                                        <div class=\"overlay-two\"><a href=\"http:\/\/www.douanes.cm\/douanes-cameroun\/wp-content\/uploads\/2026\/04\/Passation-de-service-entre-le-Commandant-NDO-Gervais-Eric-et-lInspecteur-Principal-des-Douanes-EBAA-EFANDENE-Alain-Parfait.jpeg\" class=\"lightbox-image\" data-fancybox=\"gallery\"><span class=\"flaticon-zoom-in\"><\/span><\/a><\/div>\n                                    <\/div>\n                                                                        <div class=\"lower-content\">\n                                        <div class=\"category\"><i class=\"fas fa-folder\"><\/i> <a href=\"http:\/\/www.douanes.cm\/douanes-cameroun\/category\/latest-news\/\" rel=\"category tag\">A la une<\/a> <a href=\"http:\/\/www.douanes.cm\/douanes-cameroun\/category\/freight-management\/\" rel=\"category tag\">Annonce<\/a> <a href=\"http:\/\/www.douanes.cm\/douanes-cameroun\/category\/communiques\/\" rel=\"category tag\">Communiqu\u00e9s<\/a> <a href=\"http:\/\/www.douanes.cm\/douanes-cameroun\/category\/newsletter\/\" rel=\"category tag\">Lettre information<\/a> <a href=\"http:\/\/www.douanes.cm\/douanes-cameroun\/category\/our-blog\/\" rel=\"category tag\">Nouvelles<\/a><\/div>\n                                        <h3><a href=\"http:\/\/www.douanes.cm\/douanes-cameroun\/8337\/commandant-ndo-gervais-eric-un-exemple-pour-la-jeunesse\/\">Commandant Ndo Gervais \u00c9ric\u00a0: Un exemple pour la jeunesse<\/a><\/h3>\n                                        <div class=\"text\">La page de l&#8217;Administration des ...<\/div>\n                                        <div class=\"link\">\n                                            <a href=\"http:\/\/www.douanes.cm\/douanes-cameroun\/8337\/commandant-ndo-gervais-eric-un-exemple-pour-la-jeunesse\/\" class=\"readmore-link\"><i class=\"flaticon-up-arrow\"><\/i>Lire plus<\/a>\n                                        <\/div>\n                                    <\/div>\n                                <\/div>\n                            <\/div>\n                                                        <div class=\"news-block-one style-two col-lg-4 col-md-6\">\n                                <div class=\"inner-box\">\n                                                                        <div class=\"image\">\n                                        <img width=\"270\" height=\"270\" src=\"http:\/\/www.douanes.cm\/douanes-cameroun\/wp-content\/uploads\/2026\/04\/WhatsApp-Image-2026-04-27-at-09.34.58-1-270x270.jpeg\" class=\"attachment-transida_270x270 size-transida_270x270 wp-post-image\" alt=\"\" loading=\"lazy\" srcset=\"http:\/\/www.douanes.cm\/douanes-cameroun\/wp-content\/uploads\/2026\/04\/WhatsApp-Image-2026-04-27-at-09.34.58-1-270x270.jpeg 270w, http:\/\/www.douanes.cm\/douanes-cameroun\/wp-content\/uploads\/2026\/04\/WhatsApp-Image-2026-04-27-at-09.34.58-1-150x150.jpeg 150w, http:\/\/www.douanes.cm\/douanes-cameroun\/wp-content\/uploads\/2026\/04\/WhatsApp-Image-2026-04-27-at-09.34.58-1-170x170.jpeg 170w, http:\/\/www.douanes.cm\/douanes-cameroun\/wp-content\/uploads\/2026\/04\/WhatsApp-Image-2026-04-27-at-09.34.58-1-100x100.jpeg 100w, http:\/\/www.douanes.cm\/douanes-cameroun\/wp-content\/uploads\/2026\/04\/WhatsApp-Image-2026-04-27-at-09.34.58-1-110x110.jpeg 110w\" sizes=\"(max-width: 270px) 100vw, 270px\" \/>                                        <div class=\"date\">28 <br> Avr<\/div>\n                                        <div class=\"overlay-two\"><a href=\"http:\/\/www.douanes.cm\/douanes-cameroun\/wp-content\/uploads\/2026\/04\/WhatsApp-Image-2026-04-27-at-09.34.58-1.jpeg\" class=\"lightbox-image\" data-fancybox=\"gallery\"><span class=\"flaticon-zoom-in\"><\/span><\/a><\/div>\n                                    <\/div>\n                                                                        <div class=\"lower-content\">\n                                        <div class=\"category\"><i class=\"fas fa-folder\"><\/i> <a href=\"http:\/\/www.douanes.cm\/douanes-cameroun\/category\/latest-news\/\" rel=\"category tag\">A la une<\/a> <a href=\"http:\/\/www.douanes.cm\/douanes-cameroun\/category\/freight-management\/\" rel=\"category tag\">Annonce<\/a> <a href=\"http:\/\/www.douanes.cm\/douanes-cameroun\/category\/communiques\/\" rel=\"category tag\">Communiqu\u00e9s<\/a> <a href=\"http:\/\/www.douanes.cm\/douanes-cameroun\/category\/facilitation\/\" rel=\"category tag\">Dispositifs<\/a> <a href=\"http:\/\/www.douanes.cm\/douanes-cameroun\/category\/industry-news\/\" rel=\"category tag\">Ev\u00e9nements<\/a> <a href=\"http:\/\/www.douanes.cm\/douanes-cameroun\/category\/newsletter\/\" rel=\"category tag\">Lettre information<\/a> <a href=\"http:\/\/www.douanes.cm\/douanes-cameroun\/category\/our-blog\/\" rel=\"category tag\">Nouvelles<\/a> <a href=\"http:\/\/www.douanes.cm\/douanes-cameroun\/category\/publication-presse\/\" rel=\"category tag\">Publication presse<\/a><\/div>\n                                        <h3><a href=\"http:\/\/www.douanes.cm\/douanes-cameroun\/8330\/direction-generale-des-douanes-au-service-de-la-nation\/\">Direction G\u00e9n\u00e9rale des Douanes\u00a0: Au service de la Nation<\/a><\/h3>\n                                        <div class=\"text\">A la suite de la ...<\/div>\n                                        <div class=\"link\">\n                                            <a href=\"http:\/\/www.douanes.cm\/douanes-cameroun\/8330\/direction-generale-des-douanes-au-service-de-la-nation\/\" class=\"readmore-link\"><i class=\"flaticon-up-arrow\"><\/i>Lire plus<\/a>\n                                        <\/div>\n                                    <\/div>\n                                <\/div>\n                            <\/div>\n                                                        <div class=\"news-block-one style-two col-lg-4 col-md-6\">\n                                <div class=\"inner-box\">\n                                                                        <div class=\"image\">\n                                        <img width=\"270\" height=\"270\" src=\"http:\/\/www.douanes.cm\/douanes-cameroun\/wp-content\/uploads\/2026\/04\/WhatsApp-Image-2026-04-23-at-18.48.15-270x270.jpeg\" class=\"attachment-transida_270x270 size-transida_270x270 wp-post-image\" alt=\"\" loading=\"lazy\" srcset=\"http:\/\/www.douanes.cm\/douanes-cameroun\/wp-content\/uploads\/2026\/04\/WhatsApp-Image-2026-04-23-at-18.48.15-270x270.jpeg 270w, http:\/\/www.douanes.cm\/douanes-cameroun\/wp-content\/uploads\/2026\/04\/WhatsApp-Image-2026-04-23-at-18.48.15-150x150.jpeg 150w, http:\/\/www.douanes.cm\/douanes-cameroun\/wp-content\/uploads\/2026\/04\/WhatsApp-Image-2026-04-23-at-18.48.15-170x170.jpeg 170w, http:\/\/www.douanes.cm\/douanes-cameroun\/wp-content\/uploads\/2026\/04\/WhatsApp-Image-2026-04-23-at-18.48.15-100x100.jpeg 100w, http:\/\/www.douanes.cm\/douanes-cameroun\/wp-content\/uploads\/2026\/04\/WhatsApp-Image-2026-04-23-at-18.48.15-110x110.jpeg 110w\" sizes=\"(max-width: 270px) 100vw, 270px\" \/>                                        <div class=\"date\">28 <br> Avr<\/div>\n                                        <div class=\"overlay-two\"><a href=\"http:\/\/www.douanes.cm\/douanes-cameroun\/wp-content\/uploads\/2026\/04\/WhatsApp-Image-2026-04-23-at-18.48.15.jpeg\" class=\"lightbox-image\" data-fancybox=\"gallery\"><span class=\"flaticon-zoom-in\"><\/span><\/a><\/div>\n                                    <\/div>\n                                                                        <div class=\"lower-content\">\n                                        <div class=\"category\"><i class=\"fas fa-folder\"><\/i> <a href=\"http:\/\/www.douanes.cm\/douanes-cameroun\/category\/latest-news\/\" rel=\"category tag\">A la une<\/a> <a href=\"http:\/\/www.douanes.cm\/douanes-cameroun\/category\/freight-management\/\" rel=\"category tag\">Annonce<\/a> <a href=\"http:\/\/www.douanes.cm\/douanes-cameroun\/category\/communiques\/\" rel=\"category tag\">Communiqu\u00e9s<\/a> <a href=\"http:\/\/www.douanes.cm\/douanes-cameroun\/category\/facilitation\/\" rel=\"category tag\">Dispositifs<\/a> <a href=\"http:\/\/www.douanes.cm\/douanes-cameroun\/category\/newsletter\/\" rel=\"category tag\">Lettre information<\/a> <a href=\"http:\/\/www.douanes.cm\/douanes-cameroun\/category\/our-blog\/\" rel=\"category tag\">Nouvelles<\/a><\/div>\n                                        <h3><a href=\"http:\/\/www.douanes.cm\/douanes-cameroun\/8327\/secteur-des-douanes-de-lextreme-nord-la-touche-dima-activee\/\">Secteur des Douanes de l&#8217;Extr\u00eame-nord\u00a0: La touche DIMA activ\u00e9e<\/a><\/h3>\n                                        <div class=\"text\">Dans le but d&#8217;\u00e9tablir une ...<\/div>\n                                        <div class=\"link\">\n                                            <a href=\"http:\/\/www.douanes.cm\/douanes-cameroun\/8327\/secteur-des-douanes-de-lextreme-nord-la-touche-dima-activee\/\" class=\"readmore-link\"><i class=\"flaticon-up-arrow\"><\/i>Lire plus<\/a>\n                                        <\/div>\n                                    <\/div>\n                                <\/div>\n                            <\/div>\n                                                        <div class=\"news-block-one style-two col-lg-4 col-md-6\">\n                                <div class=\"inner-box\">\n                                                                        <div class=\"image\">\n                                        <img width=\"270\" height=\"270\" src=\"http:\/\/www.douanes.cm\/douanes-cameroun\/wp-content\/uploads\/2026\/04\/Saisie-de-couches-jetables-270x270.png\" class=\"attachment-transida_270x270 size-transida_270x270 wp-post-image\" alt=\"\" loading=\"lazy\" srcset=\"http:\/\/www.douanes.cm\/douanes-cameroun\/wp-content\/uploads\/2026\/04\/Saisie-de-couches-jetables-270x270.png 270w, http:\/\/www.douanes.cm\/douanes-cameroun\/wp-content\/uploads\/2026\/04\/Saisie-de-couches-jetables-150x150.png 150w, http:\/\/www.douanes.cm\/douanes-cameroun\/wp-content\/uploads\/2026\/04\/Saisie-de-couches-jetables-170x170.png 170w, http:\/\/www.douanes.cm\/douanes-cameroun\/wp-content\/uploads\/2026\/04\/Saisie-de-couches-jetables-100x100.png 100w, http:\/\/www.douanes.cm\/douanes-cameroun\/wp-content\/uploads\/2026\/04\/Saisie-de-couches-jetables-110x110.png 110w\" sizes=\"(max-width: 270px) 100vw, 270px\" \/>                                        <div class=\"date\">28 <br> Avr<\/div>\n                                        <div class=\"overlay-two\"><a href=\"http:\/\/www.douanes.cm\/douanes-cameroun\/wp-content\/uploads\/2026\/04\/Saisie-de-couches-jetables.png\" class=\"lightbox-image\" data-fancybox=\"gallery\"><span class=\"flaticon-zoom-in\"><\/span><\/a><\/div>\n                                    <\/div>\n                                                                        <div class=\"lower-content\">\n                                        <div class=\"category\"><i class=\"fas fa-folder\"><\/i> <a href=\"http:\/\/www.douanes.cm\/douanes-cameroun\/category\/latest-news\/\" rel=\"category tag\">A la une<\/a> <a href=\"http:\/\/www.douanes.cm\/douanes-cameroun\/category\/freight-management\/\" rel=\"category tag\">Annonce<\/a> <a href=\"http:\/\/www.douanes.cm\/douanes-cameroun\/category\/communiques\/\" rel=\"category tag\">Communiqu\u00e9s<\/a> <a href=\"http:\/\/www.douanes.cm\/douanes-cameroun\/category\/facilitation\/\" rel=\"category tag\">Dispositifs<\/a> <a href=\"http:\/\/www.douanes.cm\/douanes-cameroun\/category\/newsletter\/\" rel=\"category tag\">Lettre information<\/a> <a href=\"http:\/\/www.douanes.cm\/douanes-cameroun\/category\/our-blog\/\" rel=\"category tag\">Nouvelles<\/a><\/div>\n                                        <h3><a href=\"http:\/\/www.douanes.cm\/douanes-cameroun\/8324\/lutte-contre-la-contrebande-2140-paquets-de-couches-jetables-saisis-au-sud-ouest\/\">Lutte contre la contrebande\u00a0: 2140 paquets de couches jetables saisis au Sud-Ouest<\/a><\/h3>\n                                        <div class=\"text\">\u00ab&nbsp;Une Douane qui prot\u00e8ge la ...<\/div>\n                                        <div class=\"link\">\n                                            <a href=\"http:\/\/www.douanes.cm\/douanes-cameroun\/8324\/lutte-contre-la-contrebande-2140-paquets-de-couches-jetables-saisis-au-sud-ouest\/\" class=\"readmore-link\"><i class=\"flaticon-up-arrow\"><\/i>Lire plus<\/a>\n                                        <\/div>\n                                    <\/div>\n                                <\/div>\n                            <\/div>\n                                                        <div class=\"news-block-one style-two col-lg-4 col-md-6\">\n                                <div class=\"inner-box\">\n                                                                        <div class=\"image\">\n                                        <img width=\"270\" height=\"270\" src=\"http:\/\/www.douanes.cm\/douanes-cameroun\/wp-content\/uploads\/2026\/04\/KENSE-ESSOLA-Armelle-Epouse-ASSENGUE-270x270.jpeg\" class=\"attachment-transida_270x270 size-transida_270x270 wp-post-image\" alt=\"\" loading=\"lazy\" srcset=\"http:\/\/www.douanes.cm\/douanes-cameroun\/wp-content\/uploads\/2026\/04\/KENSE-ESSOLA-Armelle-Epouse-ASSENGUE-270x270.jpeg 270w, http:\/\/www.douanes.cm\/douanes-cameroun\/wp-content\/uploads\/2026\/04\/KENSE-ESSOLA-Armelle-Epouse-ASSENGUE-150x150.jpeg 150w, http:\/\/www.douanes.cm\/douanes-cameroun\/wp-content\/uploads\/2026\/04\/KENSE-ESSOLA-Armelle-Epouse-ASSENGUE-170x170.jpeg 170w, http:\/\/www.douanes.cm\/douanes-cameroun\/wp-content\/uploads\/2026\/04\/KENSE-ESSOLA-Armelle-Epouse-ASSENGUE-100x100.jpeg 100w, http:\/\/www.douanes.cm\/douanes-cameroun\/wp-content\/uploads\/2026\/04\/KENSE-ESSOLA-Armelle-Epouse-ASSENGUE-110x110.jpeg 110w\" sizes=\"(max-width: 270px) 100vw, 270px\" \/>                                        <div class=\"date\">28 <br> Avr<\/div>\n                                        <div class=\"overlay-two\"><a href=\"http:\/\/www.douanes.cm\/douanes-cameroun\/wp-content\/uploads\/2026\/04\/KENSE-ESSOLA-Armelle-Epouse-ASSENGUE.jpeg\" class=\"lightbox-image\" data-fancybox=\"gallery\"><span class=\"flaticon-zoom-in\"><\/span><\/a><\/div>\n                                    <\/div>\n                                                                        <div class=\"lower-content\">\n                                        <div class=\"category\"><i class=\"fas fa-folder\"><\/i> <a href=\"http:\/\/www.douanes.cm\/douanes-cameroun\/category\/latest-news\/\" rel=\"category tag\">A la une<\/a> <a href=\"http:\/\/www.douanes.cm\/douanes-cameroun\/category\/freight-management\/\" rel=\"category tag\">Annonce<\/a> <a href=\"http:\/\/www.douanes.cm\/douanes-cameroun\/category\/newsletter\/\" rel=\"category tag\">Lettre information<\/a> <a href=\"http:\/\/www.douanes.cm\/douanes-cameroun\/category\/our-blog\/\" rel=\"category tag\">Nouvelles<\/a> <a href=\"http:\/\/www.douanes.cm\/douanes-cameroun\/category\/publication-presse\/\" rel=\"category tag\">Publication presse<\/a><\/div>\n                                        <h3><a href=\"http:\/\/www.douanes.cm\/douanes-cameroun\/8319\/secteur-des-douanes-du-sud-2-madame-kense-essola-armelle-epouse-assengue-prend-contact\/\">Secteur des Douanes du Sud 2\u00a0: Madame KENSE ESSOLA Armelle Epouse ASSENGUE prend contact<\/a><\/h3>\n                                        <div class=\"text\">Madame KENSE ESSOLA Armelle Epouse ...<\/div>\n                                        <div class=\"link\">\n                                            <a href=\"http:\/\/www.douanes.cm\/douanes-cameroun\/8319\/secteur-des-douanes-du-sud-2-madame-kense-essola-armelle-epouse-assengue-prend-contact\/\" class=\"readmore-link\"><i class=\"flaticon-up-arrow\"><\/i>Lire plus<\/a>\n                                        <\/div>\n                                    <\/div>\n                                <\/div>\n                            <\/div>\n                                                        <div class=\"news-block-one style-two col-lg-4 col-md-6\">\n                                <div class=\"inner-box\">\n                                                                        <div class=\"image\">\n                                        <img width=\"270\" height=\"270\" src=\"http:\/\/www.douanes.cm\/douanes-cameroun\/wp-content\/uploads\/2026\/04\/WhatsApp-Image-2026-04-28-at-15.50.22-270x270.jpeg\" class=\"attachment-transida_270x270 size-transida_270x270 wp-post-image\" alt=\"\" loading=\"lazy\" srcset=\"http:\/\/www.douanes.cm\/douanes-cameroun\/wp-content\/uploads\/2026\/04\/WhatsApp-Image-2026-04-28-at-15.50.22-270x270.jpeg 270w, http:\/\/www.douanes.cm\/douanes-cameroun\/wp-content\/uploads\/2026\/04\/WhatsApp-Image-2026-04-28-at-15.50.22-150x150.jpeg 150w, http:\/\/www.douanes.cm\/douanes-cameroun\/wp-content\/uploads\/2026\/04\/WhatsApp-Image-2026-04-28-at-15.50.22-170x170.jpeg 170w, http:\/\/www.douanes.cm\/douanes-cameroun\/wp-content\/uploads\/2026\/04\/WhatsApp-Image-2026-04-28-at-15.50.22-100x100.jpeg 100w, http:\/\/www.douanes.cm\/douanes-cameroun\/wp-content\/uploads\/2026\/04\/WhatsApp-Image-2026-04-28-at-15.50.22-110x110.jpeg 110w\" sizes=\"(max-width: 270px) 100vw, 270px\" \/>                                        <div class=\"date\">28 <br> Avr<\/div>\n                                        <div class=\"overlay-two\"><a href=\"http:\/\/www.douanes.cm\/douanes-cameroun\/wp-content\/uploads\/2026\/04\/WhatsApp-Image-2026-04-28-at-15.50.22.jpeg\" class=\"lightbox-image\" data-fancybox=\"gallery\"><span class=\"flaticon-zoom-in\"><\/span><\/a><\/div>\n                                    <\/div>\n                                                                        <div class=\"lower-content\">\n                                        <div class=\"category\"><i class=\"fas fa-folder\"><\/i> <a href=\"http:\/\/www.douanes.cm\/douanes-cameroun\/category\/latest-news\/\" rel=\"category tag\">A la une<\/a> <a href=\"http:\/\/www.douanes.cm\/douanes-cameroun\/category\/communiques\/\" rel=\"category tag\">Communiqu\u00e9s<\/a> <a href=\"http:\/\/www.douanes.cm\/douanes-cameroun\/category\/newsletter\/\" rel=\"category tag\">Lettre information<\/a> <a href=\"http:\/\/www.douanes.cm\/douanes-cameroun\/category\/our-blog\/\" rel=\"category tag\">Nouvelles<\/a><\/div>\n                                        <h3><a href=\"http:\/\/www.douanes.cm\/douanes-cameroun\/8316\/communication-les-acteurs-parlent-de-la-reforme\/\">Communication\u00a0: Les acteurs parlent de la r\u00e9forme<\/a><\/h3>\n                                        <div class=\"text\">Sous l&#8217;encadrement de Madame le ...<\/div>\n                                        <div class=\"link\">\n                                            <a href=\"http:\/\/www.douanes.cm\/douanes-cameroun\/8316\/communication-les-acteurs-parlent-de-la-reforme\/\" class=\"readmore-link\"><i class=\"flaticon-up-arrow\"><\/i>Lire plus<\/a>\n                                        <\/div>\n                                    <\/div>\n                                <\/div>\n                            <\/div>\n                                                        <div class=\"news-block-one style-two col-lg-4 col-md-6\">\n                                <div class=\"inner-box\">\n                                                                        <div class=\"image\">\n                                        <img width=\"270\" height=\"270\" src=\"http:\/\/www.douanes.cm\/douanes-cameroun\/wp-content\/uploads\/2026\/04\/WhatsApp-Image-2026-04-22-at-18.52.32-270x270.jpeg\" class=\"attachment-transida_270x270 size-transida_270x270 wp-post-image\" alt=\"\" loading=\"lazy\" srcset=\"http:\/\/www.douanes.cm\/douanes-cameroun\/wp-content\/uploads\/2026\/04\/WhatsApp-Image-2026-04-22-at-18.52.32-270x270.jpeg 270w, http:\/\/www.douanes.cm\/douanes-cameroun\/wp-content\/uploads\/2026\/04\/WhatsApp-Image-2026-04-22-at-18.52.32-150x150.jpeg 150w, http:\/\/www.douanes.cm\/douanes-cameroun\/wp-content\/uploads\/2026\/04\/WhatsApp-Image-2026-04-22-at-18.52.32-170x170.jpeg 170w, http:\/\/www.douanes.cm\/douanes-cameroun\/wp-content\/uploads\/2026\/04\/WhatsApp-Image-2026-04-22-at-18.52.32-100x100.jpeg 100w, http:\/\/www.douanes.cm\/douanes-cameroun\/wp-content\/uploads\/2026\/04\/WhatsApp-Image-2026-04-22-at-18.52.32-110x110.jpeg 110w\" sizes=\"(max-width: 270px) 100vw, 270px\" \/>                                        <div class=\"date\">28 <br> Avr<\/div>\n                                        <div class=\"overlay-two\"><a href=\"http:\/\/www.douanes.cm\/douanes-cameroun\/wp-content\/uploads\/2026\/04\/WhatsApp-Image-2026-04-22-at-18.52.32.jpeg\" class=\"lightbox-image\" data-fancybox=\"gallery\"><span class=\"flaticon-zoom-in\"><\/span><\/a><\/div>\n                                    <\/div>\n                                                                        <div class=\"lower-content\">\n                                        <div class=\"category\"><i class=\"fas fa-folder\"><\/i> <a href=\"http:\/\/www.douanes.cm\/douanes-cameroun\/category\/latest-news\/\" rel=\"category tag\">A la une<\/a> <a href=\"http:\/\/www.douanes.cm\/douanes-cameroun\/category\/communiques\/\" rel=\"category tag\">Communiqu\u00e9s<\/a> <a href=\"http:\/\/www.douanes.cm\/douanes-cameroun\/category\/facilitation\/\" rel=\"category tag\">Dispositifs<\/a> <a href=\"http:\/\/www.douanes.cm\/douanes-cameroun\/category\/newsletter\/\" rel=\"category tag\">Lettre information<\/a> <a href=\"http:\/\/www.douanes.cm\/douanes-cameroun\/category\/our-blog\/\" rel=\"category tag\">Nouvelles<\/a><\/div>\n                                        <h3><a href=\"http:\/\/www.douanes.cm\/douanes-cameroun\/8313\/secteur-des-douanes-de-lextreme-nord-dima-quentin-achille-aux-commandes\/\">Secteur des Douanes de L&#8217;Extr\u00eame-Nord\u00a0: DIMA Quentin Achille aux commandes<\/a><\/h3>\n                                        <div class=\"text\">Il a \u00e9t\u00e9 officiellement install\u00e9 ...<\/div>\n                                        <div class=\"link\">\n                                            <a href=\"http:\/\/www.douanes.cm\/douanes-cameroun\/8313\/secteur-des-douanes-de-lextreme-nord-dima-quentin-achille-aux-commandes\/\" class=\"readmore-link\"><i class=\"flaticon-up-arrow\"><\/i>Lire plus<\/a>\n                                        <\/div>\n                                    <\/div>\n                                <\/div>\n                            <\/div>\n                                                        <div class=\"news-block-one style-two col-lg-4 col-md-6\">\n                                <div class=\"inner-box\">\n                                                                        <div class=\"image\">\n                                        <img width=\"270\" height=\"270\" src=\"http:\/\/www.douanes.cm\/douanes-cameroun\/wp-content\/uploads\/2026\/04\/Reunion-Secteurs-des-Douanes-de-lAdamaoua-et-de-lEst-sur-la-sortie-frauduleuse-des-minerais-270x270.jpeg\" class=\"attachment-transida_270x270 size-transida_270x270 wp-post-image\" alt=\"\" loading=\"lazy\" srcset=\"http:\/\/www.douanes.cm\/douanes-cameroun\/wp-content\/uploads\/2026\/04\/Reunion-Secteurs-des-Douanes-de-lAdamaoua-et-de-lEst-sur-la-sortie-frauduleuse-des-minerais-270x270.jpeg 270w, http:\/\/www.douanes.cm\/douanes-cameroun\/wp-content\/uploads\/2026\/04\/Reunion-Secteurs-des-Douanes-de-lAdamaoua-et-de-lEst-sur-la-sortie-frauduleuse-des-minerais-150x150.jpeg 150w, http:\/\/www.douanes.cm\/douanes-cameroun\/wp-content\/uploads\/2026\/04\/Reunion-Secteurs-des-Douanes-de-lAdamaoua-et-de-lEst-sur-la-sortie-frauduleuse-des-minerais-170x170.jpeg 170w, http:\/\/www.douanes.cm\/douanes-cameroun\/wp-content\/uploads\/2026\/04\/Reunion-Secteurs-des-Douanes-de-lAdamaoua-et-de-lEst-sur-la-sortie-frauduleuse-des-minerais-100x100.jpeg 100w, http:\/\/www.douanes.cm\/douanes-cameroun\/wp-content\/uploads\/2026\/04\/Reunion-Secteurs-des-Douanes-de-lAdamaoua-et-de-lEst-sur-la-sortie-frauduleuse-des-minerais-110x110.jpeg 110w\" sizes=\"(max-width: 270px) 100vw, 270px\" \/>                                        <div class=\"date\">17 <br> Avr<\/div>\n                                        <div class=\"overlay-two\"><a href=\"http:\/\/www.douanes.cm\/douanes-cameroun\/wp-content\/uploads\/2026\/04\/Reunion-Secteurs-des-Douanes-de-lAdamaoua-et-de-lEst-sur-la-sortie-frauduleuse-des-minerais.jpeg\" class=\"lightbox-image\" data-fancybox=\"gallery\"><span class=\"flaticon-zoom-in\"><\/span><\/a><\/div>\n                                    <\/div>\n                                                                        <div class=\"lower-content\">\n                                        <div class=\"category\"><i class=\"fas fa-folder\"><\/i> <a href=\"http:\/\/www.douanes.cm\/douanes-cameroun\/category\/latest-news\/\" rel=\"category tag\">A la une<\/a> <a href=\"http:\/\/www.douanes.cm\/douanes-cameroun\/category\/freight-management\/\" rel=\"category tag\">Annonce<\/a> <a href=\"http:\/\/www.douanes.cm\/douanes-cameroun\/category\/communiques\/\" rel=\"category tag\">Communiqu\u00e9s<\/a> <a href=\"http:\/\/www.douanes.cm\/douanes-cameroun\/category\/our-blog\/\" rel=\"category tag\">Nouvelles<\/a><\/div>\n                                        <h3><a href=\"http:\/\/www.douanes.cm\/douanes-cameroun\/8307\/minerais-les-secteurs-des-douanes-de-ladamaoua-et-de-lest-font-bloc-contre-les-sorties-frauduleuses\/\">Minerais\u00a0: Les Secteurs des Douanes de l&#8217;Adamaoua et de l&#8217;Est font bloc contre les sorties frauduleuses<\/a><\/h3>\n                                        <div class=\"text\">La salle de r\u00e9unions du ...<\/div>\n                                        <div class=\"link\">\n                                            <a href=\"http:\/\/www.douanes.cm\/douanes-cameroun\/8307\/minerais-les-secteurs-des-douanes-de-ladamaoua-et-de-lest-font-bloc-contre-les-sorties-frauduleuses\/\" class=\"readmore-link\"><i class=\"flaticon-up-arrow\"><\/i>Lire plus<\/a>\n                                        <\/div>\n                                    <\/div>\n                                <\/div>\n                            <\/div>\n                                                        <div class=\"news-block-one style-two col-lg-4 col-md-6\">\n                                <div class=\"inner-box\">\n                                                                        <div class=\"image\">\n                                        <img width=\"270\" height=\"270\" src=\"http:\/\/www.douanes.cm\/douanes-cameroun\/wp-content\/uploads\/2026\/04\/Reunion-de-sensibilisation-des-unites-dactives-sur-le-contentieux-270x270.jpg\" class=\"attachment-transida_270x270 size-transida_270x270 wp-post-image\" alt=\"\" loading=\"lazy\" srcset=\"http:\/\/www.douanes.cm\/douanes-cameroun\/wp-content\/uploads\/2026\/04\/Reunion-de-sensibilisation-des-unites-dactives-sur-le-contentieux-270x270.jpg 270w, http:\/\/www.douanes.cm\/douanes-cameroun\/wp-content\/uploads\/2026\/04\/Reunion-de-sensibilisation-des-unites-dactives-sur-le-contentieux-150x150.jpg 150w, http:\/\/www.douanes.cm\/douanes-cameroun\/wp-content\/uploads\/2026\/04\/Reunion-de-sensibilisation-des-unites-dactives-sur-le-contentieux-170x170.jpg 170w, http:\/\/www.douanes.cm\/douanes-cameroun\/wp-content\/uploads\/2026\/04\/Reunion-de-sensibilisation-des-unites-dactives-sur-le-contentieux-100x100.jpg 100w, http:\/\/www.douanes.cm\/douanes-cameroun\/wp-content\/uploads\/2026\/04\/Reunion-de-sensibilisation-des-unites-dactives-sur-le-contentieux-110x110.jpg 110w\" sizes=\"(max-width: 270px) 100vw, 270px\" \/>                                        <div class=\"date\">17 <br> Avr<\/div>\n                                        <div class=\"overlay-two\"><a href=\"http:\/\/www.douanes.cm\/douanes-cameroun\/wp-content\/uploads\/2026\/04\/Reunion-de-sensibilisation-des-unites-dactives-sur-le-contentieux.jpg\" class=\"lightbox-image\" data-fancybox=\"gallery\"><span class=\"flaticon-zoom-in\"><\/span><\/a><\/div>\n                                    <\/div>\n                                                                        <div class=\"lower-content\">\n                                        <div class=\"category\"><i class=\"fas fa-folder\"><\/i> <a href=\"http:\/\/www.douanes.cm\/douanes-cameroun\/category\/latest-news\/\" rel=\"category tag\">A la une<\/a> <a href=\"http:\/\/www.douanes.cm\/douanes-cameroun\/category\/freight-management\/\" rel=\"category tag\">Annonce<\/a> <a href=\"http:\/\/www.douanes.cm\/douanes-cameroun\/category\/communiques\/\" rel=\"category tag\">Communiqu\u00e9s<\/a> <a href=\"http:\/\/www.douanes.cm\/douanes-cameroun\/category\/our-blog\/\" rel=\"category tag\">Nouvelles<\/a><\/div>\n                                        <h3><a href=\"http:\/\/www.douanes.cm\/douanes-cameroun\/8302\/contentieux-douanier-la-direction-generale-sensibilise-les-unites-dactive\/\">Contentieux douanier : La Direction G\u00e9n\u00e9rale sensibilise les unit\u00e9s d&#8217;active<\/a><\/h3>\n                                        <div class=\"text\">Ce mardi 14 avril 2026 ...<\/div>\n                                        <div class=\"link\">\n                                            <a href=\"http:\/\/www.douanes.cm\/douanes-cameroun\/8302\/contentieux-douanier-la-direction-generale-sensibilise-les-unites-dactive\/\" class=\"readmore-link\"><i class=\"flaticon-up-arrow\"><\/i>Lire plus<\/a>\n                                        <\/div>\n                                    <\/div>\n                                <\/div>\n                            <\/div>\n                                                                       \n                        <\/div>\n                        <div class=\"pagination\">\n\t\t\t\t\t\t\t<ul class=\"pagination\">\n\t<li><span class=\"page-numbers current\">1<\/span><\/li>\n\t<li><a class=\"page-numbers\" href=\"http:\/\/www.douanes.cm\/douanes-cameroun\/wp-json\/wp\/v2\/pages\/1018\/page\/2\/\">2<\/a><\/li>\n\t<li><a class=\"page-numbers\" href=\"http:\/\/www.douanes.cm\/douanes-cameroun\/wp-json\/wp\/v2\/pages\/1018\/page\/3\/\">3<\/a><\/li>\n\t<li><span class=\"page-numbers dots\">\u2026<\/span><\/li>\n\t<li><a class=\"page-numbers\" href=\"http:\/\/www.douanes.cm\/douanes-cameroun\/wp-json\/wp\/v2\/pages\/1018\/page\/23\/\">23<\/a><\/li>\n\t<li><a class=\"next page-numbers\" href=\"http:\/\/www.douanes.cm\/douanes-cameroun\/wp-json\/wp\/v2\/pages\/1018\/page\/2\/\"><i class=\"flaticon-right-arrow-6\"><\/i> <\/a><\/li>\n<\/ul>\n                        <\/div>\n                    <\/div>\n                                        <aside class=\"col-lg-3 sidebar\">\n                        <div class=\"blog-sidebar\">\n                        \t<div id=\"search-2\" class=\"widget sidebar-widget widget_search\"><h4 class=\"widget_title\">Recherche<\/h4>\n<div class=\"widget_search\">\n\t<form action=\"http:\/\/www.douanes.cm\/douanes-cameroun\/\" method=\"get\" class=\"search-form\">\n        <div class=\"form-group\">\n            <input type=\"search\" name=\"s\" value=\"\" placeholder=\"Enter Keyword...\" required=\"\">\n            <button type=\"submit\"><i class=\"fas fa-search\"><\/i><\/button>\n        <\/div>\n    <\/form>\n<\/div><\/div><div id=\"search-3\" class=\"widget sidebar-widget widget_search\"><h4 class=\"widget_title\">Search<\/h4>\n<div class=\"widget_search\">\n\t<form action=\"http:\/\/www.douanes.cm\/douanes-cameroun\/\" method=\"get\" class=\"search-form\">\n        <div class=\"form-group\">\n            <input type=\"search\" name=\"s\" value=\"\" placeholder=\"Enter Keyword...\" required=\"\">\n            <button type=\"submit\"><i class=\"fas fa-search\"><\/i><\/button>\n        <\/div>\n    <\/form>\n<\/div><\/div><div id=\"categories-2\" class=\"widget sidebar-widget widget_categories\"><h4 class=\"widget_title\">Actualit\u00e9 recente<\/h4>\n\t\t\t<ul>\n\t\t\t\t\t<li class=\"cat-item cat-item-4\"><a href=\"http:\/\/www.douanes.cm\/douanes-cameroun\/category\/latest-news\/\">A la une<\/a>\n<\/li>\n\t<li class=\"cat-item cat-item-2\"><a href=\"http:\/\/www.douanes.cm\/douanes-cameroun\/category\/freight-management\/\">Annonce<\/a>\n<\/li>\n\t<li class=\"cat-item cat-item-73\"><a href=\"http:\/\/www.douanes.cm\/douanes-cameroun\/en\/category\/freight-management-2\/\">Announcement<\/a>\n<\/li>\n\t<li class=\"cat-item cat-item-89\"><a href=\"http:\/\/www.douanes.cm\/douanes-cameroun\/category\/communiques\/\">Communiqu\u00e9s<\/a>\n<\/li>\n\t<li class=\"cat-item cat-item-229\"><a href=\"http:\/\/www.douanes.cm\/douanes-cameroun\/category\/facilitation\/\">Dispositifs<\/a>\n<\/li>\n\t<li class=\"cat-item cat-item-3\"><a href=\"http:\/\/www.douanes.cm\/douanes-cameroun\/category\/industry-news\/\">Ev\u00e9nements<\/a>\n<\/li>\n\t<li class=\"cat-item cat-item-71\"><a href=\"http:\/\/www.douanes.cm\/douanes-cameroun\/en\/category\/industy-news\/\">Events<\/a>\n<\/li>\n\t<li class=\"cat-item cat-item-215\"><a href=\"http:\/\/www.douanes.cm\/douanes-cameroun\/en\/category\/information-notices\/\">Information notices<\/a>\n<\/li>\n\t<li class=\"cat-item cat-item-67\"><a href=\"http:\/\/www.douanes.cm\/douanes-cameroun\/en\/category\/latest-news-2\/\">latest news<\/a>\n<\/li>\n\t<li class=\"cat-item cat-item-223\"><a href=\"http:\/\/www.douanes.cm\/douanes-cameroun\/category\/newsletter\/\">Lettre information<\/a>\n<\/li>\n\t<li class=\"cat-item cat-item-231\"><a href=\"http:\/\/www.douanes.cm\/douanes-cameroun\/en\/category\/mechanisms\/\">Mechanisms<\/a>\n<\/li>\n\t<li class=\"cat-item cat-item-213\"><a href=\"http:\/\/www.douanes.cm\/douanes-cameroun\/category\/notes-dinformations\/\">Notes d\u2019informations<\/a>\n<\/li>\n\t<li class=\"cat-item cat-item-5\"><a href=\"http:\/\/www.douanes.cm\/douanes-cameroun\/category\/our-blog\/\">Nouvelles<\/a>\n<\/li>\n\t<li class=\"cat-item cat-item-204\"><a href=\"http:\/\/www.douanes.cm\/douanes-cameroun\/en\/category\/press-release\/\">Press Release<\/a>\n<\/li>\n\t<li class=\"cat-item cat-item-217\"><a href=\"http:\/\/www.douanes.cm\/douanes-cameroun\/category\/publication-presse\/\">Publication presse<\/a>\n<\/li>\n\t<li class=\"cat-item cat-item-42\"><a href=\"http:\/\/www.douanes.cm\/douanes-cameroun\/category\/uncategorized-fr\/\">Sans categorie<\/a>\n<\/li>\n\t<li class=\"cat-item cat-item-1\"><a href=\"http:\/\/www.douanes.cm\/douanes-cameroun\/en\/category\/uncategorized\/\">Uncategorized<\/a>\n<\/li>\n\t\t\t<\/ul>\n\n\t\t\t<\/div><div id=\"categories-3\" class=\"widget sidebar-widget widget_categories\"><h4 class=\"widget_title\">News<\/h4>\n\t\t\t<ul>\n\t\t\t\t\t<li class=\"cat-item cat-item-4\"><a href=\"http:\/\/www.douanes.cm\/douanes-cameroun\/category\/latest-news\/\">A la une<\/a>\n<\/li>\n\t<li class=\"cat-item cat-item-2\"><a href=\"http:\/\/www.douanes.cm\/douanes-cameroun\/category\/freight-management\/\">Annonce<\/a>\n<\/li>\n\t<li class=\"cat-item cat-item-73\"><a href=\"http:\/\/www.douanes.cm\/douanes-cameroun\/en\/category\/freight-management-2\/\">Announcement<\/a>\n<\/li>\n\t<li class=\"cat-item cat-item-89\"><a href=\"http:\/\/www.douanes.cm\/douanes-cameroun\/category\/communiques\/\">Communiqu\u00e9s<\/a>\n<\/li>\n\t<li class=\"cat-item cat-item-229\"><a href=\"http:\/\/www.douanes.cm\/douanes-cameroun\/category\/facilitation\/\">Dispositifs<\/a>\n<\/li>\n\t<li class=\"cat-item cat-item-3\"><a href=\"http:\/\/www.douanes.cm\/douanes-cameroun\/category\/industry-news\/\">Ev\u00e9nements<\/a>\n<\/li>\n\t<li class=\"cat-item cat-item-71\"><a href=\"http:\/\/www.douanes.cm\/douanes-cameroun\/en\/category\/industy-news\/\">Events<\/a>\n<\/li>\n\t<li class=\"cat-item cat-item-215\"><a href=\"http:\/\/www.douanes.cm\/douanes-cameroun\/en\/category\/information-notices\/\">Information notices<\/a>\n<\/li>\n\t<li class=\"cat-item cat-item-67\"><a href=\"http:\/\/www.douanes.cm\/douanes-cameroun\/en\/category\/latest-news-2\/\">latest news<\/a>\n<\/li>\n\t<li class=\"cat-item cat-item-223\"><a href=\"http:\/\/www.douanes.cm\/douanes-cameroun\/category\/newsletter\/\">Lettre information<\/a>\n<\/li>\n\t<li class=\"cat-item cat-item-231\"><a href=\"http:\/\/www.douanes.cm\/douanes-cameroun\/en\/category\/mechanisms\/\">Mechanisms<\/a>\n<\/li>\n\t<li class=\"cat-item cat-item-213\"><a href=\"http:\/\/www.douanes.cm\/douanes-cameroun\/category\/notes-dinformations\/\">Notes d\u2019informations<\/a>\n<\/li>\n\t<li class=\"cat-item cat-item-5\"><a href=\"http:\/\/www.douanes.cm\/douanes-cameroun\/category\/our-blog\/\">Nouvelles<\/a>\n<\/li>\n\t<li class=\"cat-item cat-item-204\"><a href=\"http:\/\/www.douanes.cm\/douanes-cameroun\/en\/category\/press-release\/\">Press Release<\/a>\n<\/li>\n\t<li class=\"cat-item cat-item-217\"><a href=\"http:\/\/www.douanes.cm\/douanes-cameroun\/category\/publication-presse\/\">Publication presse<\/a>\n<\/li>\n\t<li class=\"cat-item cat-item-42\"><a href=\"http:\/\/www.douanes.cm\/douanes-cameroun\/category\/uncategorized-fr\/\">Sans categorie<\/a>\n<\/li>\n\t<li class=\"cat-item cat-item-1\"><a href=\"http:\/\/www.douanes.cm\/douanes-cameroun\/en\/category\/uncategorized\/\">Uncategorized<\/a>\n<\/li>\n\t\t\t<\/ul>\n\n\t\t\t<\/div><div id=\"transida_popular_post-1\" class=\"widget sidebar-widget widget_transida_popular_post\">\t\t\n        \n        <!-- Popular Posts -->\n        <div class=\"news-widget-two\">\n            <h4 class=\"widget_title\">Evenement<\/h4>            <div class=\"wrapper-box\">\n                       \n           \t<!-- Title -->\n\t\t\t            <div class=\"post\" style=\"background-image: url(http:\/\/www.douanes.cm\/douanes-cameroun\/wp-content\/uploads\/2026\/04\/Passation-de-service-entre-le-Commandant-NDO-Gervais-Eric-et-lInspecteur-Principal-des-Douanes-EBAA-EFANDENE-Alain-Parfait.jpeg);\">\n                <div class=\"content\">\n                    <div class=\"date\"><i class=\"far fa-calendar\"><\/i> avril 30, 2026<\/div>\n                    <h4><a href=\"http:\/\/www.douanes.cm\/douanes-cameroun\/8337\/commandant-ndo-gervais-eric-un-exemple-pour-la-jeunesse\/\">Commandant Ndo Gervais \u00c9ric\u00a0: Un exemple pour la jeunesse<\/a><\/h4>\n                <\/div>\n            <\/div>\n                        <div class=\"post\" style=\"background-image: url(http:\/\/www.douanes.cm\/douanes-cameroun\/wp-content\/uploads\/2026\/04\/WhatsApp-Image-2026-04-27-at-09.34.58-1.jpeg);\">\n                <div class=\"content\">\n                    <div class=\"date\"><i class=\"far fa-calendar\"><\/i> avril 28, 2026<\/div>\n                    <h4><a href=\"http:\/\/www.douanes.cm\/douanes-cameroun\/8330\/direction-generale-des-douanes-au-service-de-la-nation\/\">Direction G\u00e9n\u00e9rale des Douanes\u00a0: Au service de la Nation<\/a><\/h4>\n                <\/div>\n            <\/div>\n                        <div class=\"post\" style=\"background-image: url(http:\/\/www.douanes.cm\/douanes-cameroun\/wp-content\/uploads\/2026\/04\/WhatsApp-Image-2026-04-23-at-18.48.15.jpeg);\">\n                <div class=\"content\">\n                    <div class=\"date\"><i class=\"far fa-calendar\"><\/i> avril 28, 2026<\/div>\n                    <h4><a href=\"http:\/\/www.douanes.cm\/douanes-cameroun\/8327\/secteur-des-douanes-de-lextreme-nord-la-touche-dima-activee\/\">Secteur des Douanes de l&#8217;Extr\u00eame-nord\u00a0: La touche DIMA activ\u00e9e<\/a><\/h4>\n                <\/div>\n            <\/div>\n                        <div class=\"post\" style=\"background-image: url(http:\/\/www.douanes.cm\/douanes-cameroun\/wp-content\/uploads\/2026\/04\/Saisie-de-couches-jetables.png);\">\n                <div class=\"content\">\n                    <div class=\"date\"><i class=\"far fa-calendar\"><\/i> avril 28, 2026<\/div>\n                    <h4><a href=\"http:\/\/www.douanes.cm\/douanes-cameroun\/8324\/lutte-contre-la-contrebande-2140-paquets-de-couches-jetables-saisis-au-sud-ouest\/\">Lutte contre la contrebande\u00a0: 2140 paquets de couches jetables saisis au Sud-Ouest<\/a><\/h4>\n                <\/div>\n            <\/div>\n                        <div class=\"post\" style=\"background-image: url(http:\/\/www.douanes.cm\/douanes-cameroun\/wp-content\/uploads\/2026\/04\/KENSE-ESSOLA-Armelle-Epouse-ASSENGUE.jpeg);\">\n                <div class=\"content\">\n                    <div class=\"date\"><i class=\"far fa-calendar\"><\/i> avril 28, 2026<\/div>\n                    <h4><a href=\"http:\/\/www.douanes.cm\/douanes-cameroun\/8319\/secteur-des-douanes-du-sud-2-madame-kense-essola-armelle-epouse-assengue-prend-contact\/\">Secteur des Douanes du Sud 2\u00a0: Madame KENSE ESSOLA Armelle Epouse ASSENGUE prend contact<\/a><\/h4>\n                <\/div>\n            <\/div>\n                        <div class=\"post\" style=\"background-image: url(http:\/\/www.douanes.cm\/douanes-cameroun\/wp-content\/uploads\/2026\/04\/WhatsApp-Image-2026-04-28-at-15.50.22.jpeg);\">\n                <div class=\"content\">\n                    <div class=\"date\"><i class=\"far fa-calendar\"><\/i> avril 28, 2026<\/div>\n                    <h4><a href=\"http:\/\/www.douanes.cm\/douanes-cameroun\/8316\/communication-les-acteurs-parlent-de-la-reforme\/\">Communication\u00a0: Les acteurs parlent de la r\u00e9forme<\/a><\/h4>\n                <\/div>\n            <\/div>\n                        <div class=\"post\" style=\"background-image: url(http:\/\/www.douanes.cm\/douanes-cameroun\/wp-content\/uploads\/2026\/04\/WhatsApp-Image-2026-04-22-at-18.52.32.jpeg);\">\n                <div class=\"content\">\n                    <div class=\"date\"><i class=\"far fa-calendar\"><\/i> avril 28, 2026<\/div>\n                    <h4><a href=\"http:\/\/www.douanes.cm\/douanes-cameroun\/8313\/secteur-des-douanes-de-lextreme-nord-dima-quentin-achille-aux-commandes\/\">Secteur des Douanes de L&#8217;Extr\u00eame-Nord\u00a0: DIMA Quentin Achille aux commandes<\/a><\/h4>\n                <\/div>\n            <\/div>\n                        <div class=\"post\" style=\"background-image: url(http:\/\/www.douanes.cm\/douanes-cameroun\/wp-content\/uploads\/2026\/04\/Reunion-Secteurs-des-Douanes-de-lAdamaoua-et-de-lEst-sur-la-sortie-frauduleuse-des-minerais.jpeg);\">\n                <div class=\"content\">\n                    <div class=\"date\"><i class=\"far fa-calendar\"><\/i> avril 17, 2026<\/div>\n                    <h4><a href=\"http:\/\/www.douanes.cm\/douanes-cameroun\/8307\/minerais-les-secteurs-des-douanes-de-ladamaoua-et-de-lest-font-bloc-contre-les-sorties-frauduleuses\/\">Minerais\u00a0: Les Secteurs des Douanes de l&#8217;Adamaoua et de l&#8217;Est font bloc contre les sorties frauduleuses<\/a><\/h4>\n                <\/div>\n            <\/div>\n                        <div class=\"post\" style=\"background-image: url(http:\/\/www.douanes.cm\/douanes-cameroun\/wp-content\/uploads\/2026\/04\/Reunion-de-sensibilisation-des-unites-dactives-sur-le-contentieux.jpg);\">\n                <div class=\"content\">\n                    <div class=\"date\"><i class=\"far fa-calendar\"><\/i> avril 17, 2026<\/div>\n                    <h4><a href=\"http:\/\/www.douanes.cm\/douanes-cameroun\/8302\/contentieux-douanier-la-direction-generale-sensibilise-les-unites-dactive\/\">Contentieux douanier : La Direction G\u00e9n\u00e9rale sensibilise les unit\u00e9s d&#8217;active<\/a><\/h4>\n                <\/div>\n            <\/div>\n                        <div class=\"post\" style=\"background-image: url(http:\/\/www.douanes.cm\/douanes-cameroun\/wp-content\/uploads\/2026\/04\/Mot-de-monsieur-le-Directeur-General-aux-travaux-de-lAOC.jpeg);\">\n                <div class=\"content\">\n                    <div class=\"date\"><i class=\"far fa-calendar\"><\/i> avril 9, 2026<\/div>\n                    <h4><a href=\"http:\/\/www.douanes.cm\/douanes-cameroun\/8297\/developpement-informatique-le-train-de-laoc-est-a-yaounde\/\">D\u00e9veloppement informatique\u00a0: Le train de l\u2019AOC est \u00e0 Yaound\u00e9<\/a><\/h4>\n                <\/div>\n            <\/div>\n                        <div class=\"post\" style=\"background-image: url(http:\/\/www.douanes.cm\/douanes-cameroun\/wp-content\/uploads\/2026\/04\/WhatsApp-Image-2026-04-06-at-12.44.03.jpeg);\">\n                <div class=\"content\">\n                    <div class=\"date\"><i class=\"far fa-calendar\"><\/i> avril 7, 2026<\/div>\n                    <h4><a href=\"http:\/\/www.douanes.cm\/douanes-cameroun\/8292\/facilitation-du-transit-les-lianes-de-la-cooperation-douaniere-entre-le-cameroun-et-la-rca\/\">Facilitation du Transit\u00a0: Les lianes de la coop\u00e9ration douani\u00e8re entre le Cameroun et la RCA<\/a><\/h4>\n                <\/div>\n            <\/div>\n                        <div class=\"post\" style=\"background-image: url(http:\/\/www.douanes.cm\/douanes-cameroun\/wp-content\/uploads\/2026\/04\/Comite-de-DIrection.jpg);\">\n                <div class=\"content\">\n                    <div class=\"date\"><i class=\"far fa-calendar\"><\/i> avril 7, 2026<\/div>\n                    <h4><a href=\"http:\/\/www.douanes.cm\/douanes-cameroun\/8286\/comite-de-direction-du-07-avril-les-grands-chantiers-du-trimestre\/\">Comit\u00e9 de Direction du 07 avril\u00a0: Les grands chantiers du trimestre<\/a><\/h4>\n                <\/div>\n            <\/div>\n                        <div class=\"post\" style=\"background-image: url(http:\/\/www.douanes.cm\/douanes-cameroun\/wp-content\/uploads\/2026\/03\/COMMUNIQUE-MINFI-DEDOUANEMENT-DES-TELEPHONES-PORTABLES-scaled.jpg);\">\n                <div class=\"content\">\n                    <div class=\"date\"><i class=\"far fa-calendar\"><\/i> mars 27, 2026<\/div>\n                    <h4><a href=\"http:\/\/www.douanes.cm\/douanes-cameroun\/8282\/communique-de-m-le-ministre-des-finances-sur-lentree-en-vigueur-du-nouveau-dispositif-de-collecte-des-droits-et-taxes-de-douane-sur-les-telephones-et-les-terminaux-numeriques\/\">Communiqu\u00e9 de M. le Ministre des Finances sur l&#8217;entr\u00e9e en vigueur du nouveau dispositif de collecte des droits et taxes de Douane sur les t\u00e9l\u00e9phones et les terminaux num\u00e9riques<\/a><\/h4>\n                <\/div>\n            <\/div>\n                        <div class=\"post\" style=\"background-image: url(http:\/\/www.douanes.cm\/douanes-cameroun\/wp-content\/uploads\/2026\/03\/WhatsApp-Image-2026-03-24-at-09.46.24.jpeg);\">\n                <div class=\"content\">\n                    <div class=\"date\"><i class=\"far fa-calendar\"><\/i> mars 25, 2026<\/div>\n                    <h4><a href=\"http:\/\/www.douanes.cm\/douanes-cameroun\/8278\/lutte-contre-les-trafics-illicites-la-caat-de-yaounde-nsimalen-realise-deux-saisies-dune-valeur-de-plus-de-36943-millions\/\">Lutte contre les trafics illicites\u00a0: La CAAT de Yaound\u00e9-Nsimalen r\u00e9alise deux saisies d\u2019une valeur de plus de 36,943 millions<\/a><\/h4>\n                <\/div>\n            <\/div>\n                        <div class=\"post\" style=\"background-image: url(http:\/\/www.douanes.cm\/douanes-cameroun\/wp-content\/uploads\/2026\/03\/WhatsApp-Image-2026-03-20-at-16.04.53.jpeg);\">\n                <div class=\"content\">\n                    <div class=\"date\"><i class=\"far fa-calendar\"><\/i> mars 20, 2026<\/div>\n                    <h4><a href=\"http:\/\/www.douanes.cm\/douanes-cameroun\/8275\/international-la-partition-du-cameroun\/\">International\u00a0: La partition du Cameroun<\/a><\/h4>\n                <\/div>\n            <\/div>\n                        <div class=\"post\" style=\"background-image: url(http:\/\/www.douanes.cm\/douanes-cameroun\/wp-content\/uploads\/2026\/03\/Rencontre-avec-les-operateurs-a-Bestwestern.jpeg);\">\n                <div class=\"content\">\n                    <div class=\"date\"><i class=\"far fa-calendar\"><\/i> mars 19, 2026<\/div>\n                    <h4><a href=\"http:\/\/www.douanes.cm\/douanes-cameroun\/8272\/reforme-sur-les-telephones-le-langage-en-ligne-directe\/\">Reforme sur les t\u00e9l\u00e9phones\u00a0: Le langage en ligne directe<\/a><\/h4>\n                <\/div>\n            <\/div>\n                        <div class=\"post\" style=\"background-image: url(http:\/\/www.douanes.cm\/douanes-cameroun\/wp-content\/uploads\/2026\/03\/WhatsApp-Image-2026-03-16-at-12.17.42.jpeg);\">\n                <div class=\"content\">\n                    <div class=\"date\"><i class=\"far fa-calendar\"><\/i> mars 16, 2026<\/div>\n                    <h4><a href=\"http:\/\/www.douanes.cm\/douanes-cameroun\/8269\/encadrement-professionnel-le-plaidoyer-de-miss-douanes-2026\/\">Encadrement Professionnel\u00a0: Le plaidoyer de Miss Douanes 2026<\/a><\/h4>\n                <\/div>\n            <\/div>\n                        <div class=\"post\" style=\"background-image: url(http:\/\/www.douanes.cm\/douanes-cameroun\/wp-content\/uploads\/2026\/03\/WhatsApp-Image-2026-03-13-at-17.11.17.jpeg);\">\n                <div class=\"content\">\n                    <div class=\"date\"><i class=\"far fa-calendar\"><\/i> mars 13, 2026<\/div>\n                    <h4><a href=\"http:\/\/www.douanes.cm\/douanes-cameroun\/8263\/legislation-douaniere-la-reforme-sur-les-telephones-est-en-forme\/\">L\u00e9gislation Douani\u00e8re\u00a0: La r\u00e9forme sur les t\u00e9l\u00e9phones est en forme<\/a><\/h4>\n                <\/div>\n            <\/div>\n                        <div class=\"post\" style=\"background-image: url(http:\/\/www.douanes.cm\/douanes-cameroun\/wp-content\/uploads\/2026\/03\/WhatsApp-Image-2026-03-12-at-14.17.13.jpeg);\">\n                <div class=\"content\">\n                    <div class=\"date\"><i class=\"far fa-calendar\"><\/i> mars 13, 2026<\/div>\n                    <h4><a href=\"http:\/\/www.douanes.cm\/douanes-cameroun\/8260\/partenariat-les-liens-soudes-entre-la-direction-generale-des-douanes-et-la-beac\/\">Partenariat\u00a0: les liens soud\u00e9s entre la Direction G\u00e9n\u00e9rale des Douanes et la BEAC<\/a><\/h4>\n                <\/div>\n            <\/div>\n                        <div class=\"post\" style=\"background-image: url(http:\/\/www.douanes.cm\/douanes-cameroun\/wp-content\/uploads\/2026\/03\/WhatsApp-Image-2026-03-09-at-15.58.23.jpeg);\">\n                <div class=\"content\">\n                    <div class=\"date\"><i class=\"far fa-calendar\"><\/i> mars 12, 2026<\/div>\n                    <h4><a href=\"http:\/\/www.douanes.cm\/douanes-cameroun\/8257\/saisie-de-4000-flacons-de-ceftriaxone-sodium-injectable-a-guider-la-mission-halcomi-iii-protege-la-sante-publique\/\">Saisie de 4000 flacons de Ceftriaxone sodium injectable \u00e0 Guider. La Mission HALCOMI III prot\u00e8ge la sant\u00e9 publique<\/a><\/h4>\n                <\/div>\n            <\/div>\n                        <div class=\"post\" style=\"background-image: url(http:\/\/www.douanes.cm\/douanes-cameroun\/wp-content\/uploads\/2026\/03\/WhatsApp-Image-2026-03-04-at-11.23.42.jpeg);\">\n                <div class=\"content\">\n                    <div class=\"date\"><i class=\"far fa-calendar\"><\/i> mars 5, 2026<\/div>\n                    <h4><a href=\"http:\/\/www.douanes.cm\/douanes-cameroun\/8251\/blanchiment-et-terrorisme-le-septentrion-barre-les-voies\/\">Blanchiment et terrorisme\u00a0: Le septentrion barre les voies<\/a><\/h4>\n                <\/div>\n            <\/div>\n                        <div class=\"post\" style=\"background-image: url(http:\/\/www.douanes.cm\/douanes-cameroun\/wp-content\/uploads\/2026\/02\/Capitaine-Serge-Martin-TEPIELE.jpeg);\">\n                <div class=\"content\">\n                    <div class=\"date\"><i class=\"far fa-calendar\"><\/i> f\u00e9vrier 27, 2026<\/div>\n                    <h4><a href=\"http:\/\/www.douanes.cm\/douanes-cameroun\/8248\/le-cameroun-brille-a-lomd\/\">Le Cameroun brille \u00e0 l&#8217;OMD<\/a><\/h4>\n                <\/div>\n            <\/div>\n                        <div class=\"post\" style=\"background-image: url(http:\/\/www.douanes.cm\/douanes-cameroun\/wp-content\/uploads\/2026\/02\/Customs-newsletter-N\u00b0752.pdf_084258-1-scaled.jpg);\">\n                <div class=\"content\">\n                    <div class=\"date\"><i class=\"far fa-calendar\"><\/i> f\u00e9vrier 27, 2026<\/div>\n                    <h4><a href=\"http:\/\/www.douanes.cm\/douanes-cameroun\/8244\/customs-newsletter-n748\/\">Customs Newsletter N\u00b0748<\/a><\/h4>\n                <\/div>\n            <\/div>\n                        <div class=\"post\" style=\"background-image: url(http:\/\/www.douanes.cm\/douanes-cameroun\/wp-content\/uploads\/2026\/02\/WhatsApp-Image-2026-02-23-at-17.45.55.jpeg);\">\n                <div class=\"content\">\n                    <div class=\"date\"><i class=\"far fa-calendar\"><\/i> f\u00e9vrier 23, 2026<\/div>\n                    <h4><a href=\"http:\/\/www.douanes.cm\/douanes-cameroun\/8237\/comite-de-direction-du-23-fevrier-la-performance-au-coeur-de-laction-douaniere\/\">Comit\u00e9 de direction du 23 f\u00e9vrier\u00a0: La Performance au C\u0153ur de l\u2019action douani\u00e8re<\/a><\/h4>\n                <\/div>\n            <\/div>\n                        <div class=\"post\" style=\"background-image: url(http:\/\/www.douanes.cm\/douanes-cameroun\/wp-content\/uploads\/2026\/02\/15e-edition-de-la-Soiree-des-Partenaires.jpeg);\">\n                <div class=\"content\">\n                    <div class=\"date\"><i class=\"far fa-calendar\"><\/i> f\u00e9vrier 23, 2026<\/div>\n                    <h4><a href=\"http:\/\/www.douanes.cm\/douanes-cameroun\/8232\/laureats-de-la-soiree-des-partenaires-edition-2026\/\">Liste des laur\u00e9ats de la Soir\u00e9e des Partenaires Edition 2026<\/a><\/h4>\n                <\/div>\n            <\/div>\n                        <div class=\"post\" style=\"background-image: url(http:\/\/www.douanes.cm\/douanes-cameroun\/wp-content\/uploads\/2026\/02\/WhatsApp-Image-2026-02-21-at-09.53.40.jpeg);\">\n                <div class=\"content\">\n                    <div class=\"date\"><i class=\"far fa-calendar\"><\/i> f\u00e9vrier 23, 2026<\/div>\n                    <h4><a href=\"http:\/\/www.douanes.cm\/douanes-cameroun\/8225\/jid-2026-la-belle-apotheose-a-bafoussam\/\">JID 2026\u00a0: La belle apoth\u00e9ose \u00e0 Bafoussam<\/a><\/h4>\n                <\/div>\n            <\/div>\n                        <div class=\"post\" style=\"background-image: url(http:\/\/www.douanes.cm\/douanes-cameroun\/wp-content\/uploads\/2026\/02\/WhatsApp-Image-2026-02-20-at-14.31.55.jpeg);\">\n                <div class=\"content\">\n                    <div class=\"date\"><i class=\"far fa-calendar\"><\/i> f\u00e9vrier 23, 2026<\/div>\n                    <h4><a href=\"http:\/\/www.douanes.cm\/douanes-cameroun\/8219\/saisie-majeure-de-stupefiants-par-les-douanes-camerounaises-a-laeroport-international-de-douala\/\">Saisie majeure de stup\u00e9fiants par les Douanes Camerounaises \u00e0 l\u2019A\u00e9roport International de Douala<\/a><\/h4>\n                <\/div>\n            <\/div>\n                        <div class=\"post\" style=\"background-image: url(http:\/\/www.douanes.cm\/douanes-cameroun\/wp-content\/uploads\/2026\/02\/Atelier-de-formation-des-Douaniers-sur-la-securisation-des-saisies-de-stupefiants.jpeg);\">\n                <div class=\"content\">\n                    <div class=\"date\"><i class=\"far fa-calendar\"><\/i> f\u00e9vrier 19, 2026<\/div>\n                    <h4><a href=\"http:\/\/www.douanes.cm\/douanes-cameroun\/8215\/securite-les-gabelous-a-lecole-de-la-securisation-des-saisies-des-stupefiants\/\">S\u00e9curit\u00e9\u00a0: Les gabelous \u00e0 l\u2019\u00e9cole de la s\u00e9curisation des saisies des stup\u00e9fiants<\/a><\/h4>\n                <\/div>\n            <\/div>\n                        <div class=\"post\" style=\"background-image: url(http:\/\/www.douanes.cm\/douanes-cameroun\/wp-content\/uploads\/2026\/02\/Reunion-Secteur-des-Douanes-de-lExtreme-Nord.jpeg);\">\n                <div class=\"content\">\n                    <div class=\"date\"><i class=\"far fa-calendar\"><\/i> f\u00e9vrier 19, 2026<\/div>\n                    <h4><a href=\"http:\/\/www.douanes.cm\/douanes-cameroun\/8212\/secteur-des-douanes-de-lextreme-nord-la-cohesion-par-la-jid\/\">Secteur des Douanes de l&#8217;Extr\u00eame-Nord\u00a0: La coh\u00e9sion par la JID.<\/a><\/h4>\n                <\/div>\n            <\/div>\n                        <div class=\"post\" style=\"background-image: url(http:\/\/www.douanes.cm\/douanes-cameroun\/wp-content\/uploads\/2026\/02\/Awards.jpg);\">\n                <div class=\"content\">\n                    <div class=\"date\"><i class=\"far fa-calendar\"><\/i> f\u00e9vrier 17, 2026<\/div>\n                    <h4><a href=\"http:\/\/www.douanes.cm\/douanes-cameroun\/8208\/soiree-des-partenaires-les-nomines-sont-connus\/\">Soir\u00e9e des partenaires: Les nomin\u00e9s sont connus<\/a><\/h4>\n                <\/div>\n            <\/div>\n                        <div class=\"post\" style=\"background-image: url(http:\/\/www.douanes.cm\/douanes-cameroun\/wp-content\/uploads\/2026\/02\/Circulaire-N\u00b0-200-MINFI-DGD-du-12-fevrier-2026-fixant-la-liste-des-equipements-et-appareils-medicaux-eligibles-a-lexoneration-pour-24-mois-scaled.jpg);\">\n                <div class=\"content\">\n                    <div class=\"date\"><i class=\"far fa-calendar\"><\/i> f\u00e9vrier 17, 2026<\/div>\n                    <h4><a href=\"http:\/\/www.douanes.cm\/douanes-cameroun\/8204\/circulaire-n-200-minfi-dgd-du-12-fevrier-2026-fixant-la-liste-des-equipements-et-appareils-medicaux-eligibles-a-lexoneration-pour-24-mois\/\">Circulaire N\u00b0 200\/ MINFI\/DGD du 12 f\u00e9vrier 2026 fixant la liste des \u00e9quipements et appareils m\u00e9dicaux \u00e9ligibles a l&#8217;exon\u00e9ration pour 24 mois<\/a><\/h4>\n                <\/div>\n            <\/div>\n                        <div class=\"post\" style=\"background-image: url(http:\/\/www.douanes.cm\/douanes-cameroun\/wp-content\/uploads\/2026\/02\/WhatsApp-Image-2026-02-16-at-12.05.04.jpeg);\">\n                <div class=\"content\">\n                    <div class=\"date\"><i class=\"far fa-calendar\"><\/i> f\u00e9vrier 16, 2026<\/div>\n                    <h4><a href=\"http:\/\/www.douanes.cm\/douanes-cameroun\/8198\/comite-de-direction-du-16-fevrier-situation-est-confortable-avec-le-fmi\/\">Comit\u00e9 de Direction du 16 f\u00e9vrier\u00a0: Situation est confortable avec le FMI<\/a><\/h4>\n                <\/div>\n            <\/div>\n                        <div class=\"post\" style=\"background-image: url(http:\/\/www.douanes.cm\/douanes-cameroun\/wp-content\/uploads\/2026\/02\/Saisie-Whiskys.png);\">\n                <div class=\"content\">\n                    <div class=\"date\"><i class=\"far fa-calendar\"><\/i> f\u00e9vrier 12, 2026<\/div>\n                    <h4><a href=\"http:\/\/www.douanes.cm\/douanes-cameroun\/8195\/lutte-contre-la-contrebande-la-belle-interception-a-karata\/\">Lutte contre la contrebande\u00a0: La belle interception \u00e0 Karata<\/a><\/h4>\n                <\/div>\n            <\/div>\n                        <div class=\"post\" style=\"background-image: url(http:\/\/www.douanes.cm\/douanes-cameroun\/wp-content\/uploads\/2026\/01\/Customs-newsletter-N\u00b0742-scaled.jpg);\">\n                <div class=\"content\">\n                    <div class=\"date\"><i class=\"far fa-calendar\"><\/i> janvier 21, 2026<\/div>\n                    <h4><a href=\"http:\/\/www.douanes.cm\/douanes-cameroun\/8188\/customs-newsletter-n742\/\">Customs newsletter N\u00b0742<\/a><\/h4>\n                <\/div>\n            <\/div>\n                        <div class=\"post\" style=\"background-image: url(http:\/\/www.douanes.cm\/douanes-cameroun\/wp-content\/uploads\/2026\/01\/Lancement-de-la-Journee-Internationale-de-la-Douane.jpeg);\">\n                <div class=\"content\">\n                    <div class=\"date\"><i class=\"far fa-calendar\"><\/i> janvier 21, 2026<\/div>\n                    <h4><a href=\"http:\/\/www.douanes.cm\/douanes-cameroun\/8185\/journee-internationale-de-la-douane-ledition-2026-est-lancee\/\">Journ\u00e9e Internationale de la Douane\u00a0: L&#8217;\u00e9dition 2026 est lanc\u00e9e<\/a><\/h4>\n                <\/div>\n            <\/div>\n                        <div class=\"post\" style=\"background-image: url(http:\/\/www.douanes.cm\/douanes-cameroun\/wp-content\/uploads\/2026\/01\/End-of-five-year-service-for-Ebenezer-Tafili-at-the-WCO.jpeg);\">\n                <div class=\"content\">\n                    <div class=\"date\"><i class=\"far fa-calendar\"><\/i> janvier 15, 2026<\/div>\n                    <h4><a href=\"http:\/\/www.douanes.cm\/douanes-cameroun\/8179\/wco-end-of-five-year-service-for-ebenezer-tafili\/\">WCO : End of five-year service for Ebenezer Tafili<\/a><\/h4>\n                <\/div>\n            <\/div>\n                        <div class=\"post\" style=\"background-image: url(http:\/\/www.douanes.cm\/douanes-cameroun\/wp-content\/uploads\/2026\/01\/Seance-de-travail-entre-le-Minfi-et-ses-collaborateur-de-lAdamaoua.jpeg);\">\n                <div class=\"content\">\n                    <div class=\"date\"><i class=\"far fa-calendar\"><\/i> janvier 15, 2026<\/div>\n                    <h4><a href=\"http:\/\/www.douanes.cm\/douanes-cameroun\/8176\/execution-du-budget-dans-ladamaoua-le-minfi-prescrit-de-faire-mieux-quen-2025\/\">Ex\u00e9cution du budget dans l\u2019Adamaoua\u00a0: Le Minfi prescrit de faire mieux qu&#8217;en 2025<\/a><\/h4>\n                <\/div>\n            <\/div>\n                        <div class=\"post\" style=\"background-image: url(http:\/\/www.douanes.cm\/douanes-cameroun\/wp-content\/uploads\/2026\/01\/Reunion-de-Coordination-Secteur-des-Douanes-de-lAdamaoua.jpeg);\">\n                <div class=\"content\">\n                    <div class=\"date\"><i class=\"far fa-calendar\"><\/i> janvier 15, 2026<\/div>\n                    <h4><a href=\"http:\/\/www.douanes.cm\/douanes-cameroun\/8173\/reunion-de-coordination-restreinte-les-regards-braques-sur-ladamaoua\/\">R\u00e9union de Coordination restreinte\u00a0: Les regards braqu\u00e9s sur l&#8217;Adamaoua<\/a><\/h4>\n                <\/div>\n            <\/div>\n                        <div class=\"post\" style=\"background-image: url(http:\/\/www.douanes.cm\/douanes-cameroun\/wp-content\/uploads\/2026\/01\/Lancement-du-budget-2026-a-Ngaoundere-1.jpeg);\">\n                <div class=\"content\">\n                    <div class=\"date\"><i class=\"far fa-calendar\"><\/i> janvier 14, 2026<\/div>\n                    <h4><a href=\"http:\/\/www.douanes.cm\/douanes-cameroun\/8169\/budget-2026-monsieur-le-ministre-des-finances-lance-les-operations-a-ngaoundere\/\">Budget 2026\u00a0: Monsieur le Ministre des Finances lance les op\u00e9rations \u00e0 Ngaound\u00e9r\u00e9<\/a><\/h4>\n                <\/div>\n            <\/div>\n                        <div class=\"post\" style=\"background-image: url(http:\/\/www.douanes.cm\/douanes-cameroun\/wp-content\/uploads\/2026\/01\/Capture-decran_13-1-2026_2535_web.whatsapp.com_.jpeg);\">\n                <div class=\"content\">\n                    <div class=\"date\"><i class=\"far fa-calendar\"><\/i> janvier 13, 2026<\/div>\n                    <h4><a href=\"http:\/\/www.douanes.cm\/douanes-cameroun\/8166\/prison-centrale-de-kondengui-la-ccwa-aux-bons-soins-des-mineurs\/\">Prison Centrale de Kondengui\u00a0: La CCWA aux bons soins des mineurs<\/a><\/h4>\n                <\/div>\n            <\/div>\n                        <div class=\"post\" style=\"background-image: url(http:\/\/www.douanes.cm\/douanes-cameroun\/wp-content\/uploads\/2026\/01\/Capitaine-des-Douanes-ATEBA-ELOUNDOU-Herve-Patrick.jpg);\">\n                <div class=\"content\">\n                    <div class=\"date\"><i class=\"far fa-calendar\"><\/i> janvier 13, 2026<\/div>\n                    <h4><a href=\"http:\/\/www.douanes.cm\/douanes-cameroun\/8162\/coutumes-et-traditions-un-gabelou-sur-le-trone-des-mvog-namnye-iii\/\">Coutumes et traditions\u00a0: Un gabelou sur le tr\u00f4ne des Mvog-Namny\u00e9 III<\/a><\/h4>\n                <\/div>\n            <\/div>\n                        <div class=\"post\" style=\"background-image: url(http:\/\/www.douanes.cm\/douanes-cameroun\/wp-content\/uploads\/2026\/01\/Produits-pharmaceutiques-de-contrebande-saisis-a-Bonaberi.jpg);\">\n                <div class=\"content\">\n                    <div class=\"date\"><i class=\"far fa-calendar\"><\/i> janvier 9, 2026<\/div>\n                    <h4><a href=\"http:\/\/www.douanes.cm\/douanes-cameroun\/8156\/lutte-contre-les-trafics-illicites-plus-dun-million-de-produits-pharmaceutiques-de-contrebande-saisis-a-bonaberi-douala\/\">Lutte contre les Trafics Illicites\u00a0: Plus d\u2019un million de produits pharmaceutiques de contrebande saisis \u00e0 Bonab\u00e9ri (Douala)<\/a><\/h4>\n                <\/div>\n            <\/div>\n                        <div class=\"post\" style=\"background-image: url(http:\/\/www.douanes.cm\/douanes-cameroun\/wp-content\/uploads\/2026\/01\/NGOH-Walters-ABAM.jpeg);\">\n                <div class=\"content\">\n                    <div class=\"date\"><i class=\"far fa-calendar\"><\/i> janvier 9, 2026<\/div>\n                    <h4><a href=\"http:\/\/www.douanes.cm\/douanes-cameroun\/8153\/excellence-academique-master-ii-pour-ngoh-walters-abam\/\">Excellence Acad\u00e9mique\u00a0: Master II pour NGOH Walters ABAM<\/a><\/h4>\n                <\/div>\n            <\/div>\n                        <div class=\"post\" style=\"background-image: url(http:\/\/www.douanes.cm\/douanes-cameroun\/wp-content\/uploads\/2026\/01\/Saisie-de-produits-pharmaceutiques-de-contrebande-a-Akwa.jpeg);\">\n                <div class=\"content\">\n                    <div class=\"date\"><i class=\"far fa-calendar\"><\/i> janvier 7, 2026<\/div>\n                    <h4><a href=\"http:\/\/www.douanes.cm\/douanes-cameroun\/8150\/protection-de-la-societe-plus-dun-million-de-produits-pharmaceutiques-de-contrebande-saisis-a-akwa-douala\/\">Protection de la soci\u00e9t\u00e9\u00a0: Plus d\u2019un million de produits pharmaceutiques de contrebande saisis \u00e0 Akwa (Douala)<\/a><\/h4>\n                <\/div>\n            <\/div>\n                        <div class=\"post\" style=\"background-image: url(http:\/\/www.douanes.cm\/douanes-cameroun\/wp-content\/uploads\/2026\/01\/Previsions-related-to-Customs-Duties-and-Taxes-2026-Finance-Law-scaled.jpg);\">\n                <div class=\"content\">\n                    <div class=\"date\"><i class=\"far fa-calendar\"><\/i> janvier 6, 2026<\/div>\n                    <h4><a href=\"http:\/\/www.douanes.cm\/douanes-cameroun\/8146\/previsions-related-to-customs-duties-and-taxes-2026-finance-law\/\">Previsions related to Customs Duties and Taxes 2026 Finance Law<\/a><\/h4>\n                <\/div>\n            <\/div>\n                        <div class=\"post\" style=\"background-image: url(http:\/\/www.douanes.cm\/douanes-cameroun\/wp-content\/uploads\/2026\/01\/Comite-de-Direction-du-06-janvier-2026.jpeg);\">\n                <div class=\"content\">\n                    <div class=\"date\"><i class=\"far fa-calendar\"><\/i> janvier 6, 2026<\/div>\n                    <h4><a href=\"http:\/\/www.douanes.cm\/douanes-cameroun\/8139\/comite-de-direction-dans-le-temps-de-la-nouvelle-annee\/\">Comit\u00e9 de Direction\u00a0: Dans le temps de la nouvelle ann\u00e9e<\/a><\/h4>\n                <\/div>\n            <\/div>\n                        <div class=\"post\" style=\"background-image: url(http:\/\/www.douanes.cm\/douanes-cameroun\/wp-content\/uploads\/2025\/12\/Kits-de-Starlink-saisis-par-la-Douane-a-Mvog-Mbi.jpeg);\">\n                <div class=\"content\">\n                    <div class=\"date\"><i class=\"far fa-calendar\"><\/i> d\u00e9cembre 16, 2025<\/div>\n                    <h4><a href=\"http:\/\/www.douanes.cm\/douanes-cameroun\/8132\/securite-nationale-des-kits-starlink-saisis-a-nkometou-region-du-centre\/\">S\u00e9curit\u00e9 Nationale\u00a0: Des kits STARLINK saisis \u00e0 Nkometou (r\u00e9gion du Centre)<\/a><\/h4>\n                <\/div>\n            <\/div>\n                        <div class=\"post\" style=\"background-image: url(http:\/\/www.douanes.cm\/douanes-cameroun\/wp-content\/uploads\/2025\/12\/Saisie-de-Renferon.jpeg);\">\n                <div class=\"content\">\n                    <div class=\"date\"><i class=\"far fa-calendar\"><\/i> d\u00e9cembre 15, 2025<\/div>\n                    <h4><a href=\"http:\/\/www.douanes.cm\/douanes-cameroun\/8129\/lutte-contre-la-criminalite-pharmaceutique-576-bouteilles-de-ranferon-mamfe\/\">Lutte contre la criminalit\u00e9 pharmaceutique\u00a0: 576 bouteilles de Ranferon Mamf\u00e9<\/a><\/h4>\n                <\/div>\n            <\/div>\n                        <div class=\"post\" style=\"background-image: url(http:\/\/www.douanes.cm\/douanes-cameroun\/wp-content\/uploads\/2025\/12\/CBT-Champions-2025.jpeg);\">\n                <div class=\"content\">\n                    <div class=\"date\"><i class=\"far fa-calendar\"><\/i> d\u00e9cembre 13, 2025<\/div>\n                    <h4><a href=\"http:\/\/www.douanes.cm\/douanes-cameroun\/8126\/cbt-champions-les-awards-pour-les-meritants\/\">CBT CHAMPIONS\u00a0: Les Awards pour les m\u00e9ritants.<\/a><\/h4>\n                <\/div>\n            <\/div>\n                        <div class=\"post\" style=\"background-image: url(http:\/\/www.douanes.cm\/douanes-cameroun\/wp-content\/uploads\/2025\/12\/WhatsApp-Image-2025-12-10-at-22.39.05.jpeg);\">\n                <div class=\"content\">\n                    <div class=\"date\"><i class=\"far fa-calendar\"><\/i> d\u00e9cembre 11, 2025<\/div>\n                    <h4><a href=\"http:\/\/www.douanes.cm\/douanes-cameroun\/8121\/action-sociale-la-ccwa-aux-cotes-des-orphelins-des-personnels-des-douanes-a-ebolowa\/\">Action Sociale\u00a0: La CCWA aux c\u00f4t\u00e9s des orphelins des Personnels des Douanes \u00e0 Ebolowa .<\/a><\/h4>\n                <\/div>\n            <\/div>\n                        <div class=\"post\" style=\"background-image: url(http:\/\/www.douanes.cm\/douanes-cameroun\/wp-content\/uploads\/2025\/12\/WhatsApp-Image-2025-12-09-at-23.14.10.jpeg);\">\n                <div class=\"content\">\n                    <div class=\"date\"><i class=\"far fa-calendar\"><\/i> d\u00e9cembre 10, 2025<\/div>\n                    <h4><a href=\"http:\/\/www.douanes.cm\/douanes-cameroun\/8112\/la-douane-camerounaise-soffre-un-nouveau-siege-pour-moderniser-son-administration-et-renforcer-sa-performance\/\">La Douane camerounaise s\u2019offre un nouveau si\u00e8ge pour moderniser son administration et renforcer sa performance<\/a><\/h4>\n                <\/div>\n            <\/div>\n                        <div class=\"post\" style=\"background-image: url(http:\/\/www.douanes.cm\/douanes-cameroun\/wp-content\/uploads\/2025\/12\/UNE-CUSTOMS-731.jpg);\">\n                <div class=\"content\">\n                    <div class=\"date\"><i class=\"far fa-calendar\"><\/i> d\u00e9cembre 8, 2025<\/div>\n                    <h4><a href=\"http:\/\/www.douanes.cm\/douanes-cameroun\/8104\/customs-newsletter-n731\/\">Customs Newsletter N\u00b0731<\/a><\/h4>\n                <\/div>\n            <\/div>\n                        <div class=\"post\" style=\"background-image: url(http:\/\/www.douanes.cm\/douanes-cameroun\/wp-content\/uploads\/2025\/12\/Medicaments-saisis-a-Limbe.jpeg);\">\n                <div class=\"content\">\n                    <div class=\"date\"><i class=\"far fa-calendar\"><\/i> d\u00e9cembre 8, 2025<\/div>\n                    <h4><a href=\"http:\/\/www.douanes.cm\/douanes-cameroun\/8099\/lutte-contre-le-trafic-illicite-des-produits-pharmaceutiques-24-000-comprimes-de-nifecure-20-mg-et-3960-capsules-de-lincocin-500mg-saisis-a-limbe\/\">Lutte contre le trafic illicite des produits pharmaceutiques\u00a0: 24 000 comprim\u00e9s de Nifecure 20 mg et 3960 capsules de Lincocin 500mg saisis \u00e0 Limb\u00e9<\/a><\/h4>\n                <\/div>\n            <\/div>\n                        <div class=\"post\" style=\"background-image: url(http:\/\/www.douanes.cm\/douanes-cameroun\/wp-content\/uploads\/2025\/12\/Des-Medicaments-saisis-dans-le-cadre-de-loperation-CRIPHARM-10.jpeg);\">\n                <div class=\"content\">\n                    <div class=\"date\"><i class=\"far fa-calendar\"><\/i> d\u00e9cembre 5, 2025<\/div>\n                    <h4><a href=\"http:\/\/www.douanes.cm\/douanes-cameroun\/8094\/operation-cripharm-10-le-cameroun-accroit-son-carnet-de-chasse\/\">OP\u00c9RATION CRIPHARM 10 : Le Cameroun accro\u00eet son carnet de chasse<\/a><\/h4>\n                <\/div>\n            <\/div>\n                        <div class=\"post\" style=\"background-image: url(http:\/\/www.douanes.cm\/douanes-cameroun\/wp-content\/uploads\/2025\/12\/WhatsApp-Image-2025-12-03-at-00.01.13.jpeg);\">\n                <div class=\"content\">\n                    <div class=\"date\"><i class=\"far fa-calendar\"><\/i> d\u00e9cembre 3, 2025<\/div>\n                    <h4><a href=\"http:\/\/www.douanes.cm\/douanes-cameroun\/8090\/commission-de-politique-generale-monsieur-kwedi-samuel-desire-represente-la-douane-camerounaise-au-guatemala\/\">Commission de Politique G\u00e9n\u00e9rale\u00a0: Monsieur KWEDI Samuel D\u00e9sir\u00e9 repr\u00e9sente la Douane camerounaise au Guatemala<\/a><\/h4>\n                <\/div>\n            <\/div>\n                        <div class=\"post\" style=\"background-image: url(http:\/\/www.douanes.cm\/douanes-cameroun\/wp-content\/uploads\/2025\/12\/Message-de-felicitation-au-President-de-la-Republique.jpg);\">\n                <div class=\"content\">\n                    <div class=\"date\"><i class=\"far fa-calendar\"><\/i> d\u00e9cembre 3, 2025<\/div>\n                    <h4><a href=\"http:\/\/www.douanes.cm\/douanes-cameroun\/8086\/message-de-felicitation-au-president-de-la-republique\/\">Message de f\u00e9licitation au Pr\u00e9sident de la R\u00e9publique<\/a><\/h4>\n                <\/div>\n            <\/div>\n                        <div class=\"post\" style=\"background-image: url(http:\/\/www.douanes.cm\/douanes-cameroun\/wp-content\/uploads\/2025\/11\/WhatsApp-Image-2025-11-10-at-11.04.58.jpeg);\">\n                <div class=\"content\">\n                    <div class=\"date\"><i class=\"far fa-calendar\"><\/i> novembre 10, 2025<\/div>\n                    <h4><a href=\"http:\/\/www.douanes.cm\/douanes-cameroun\/8083\/expertise-internationale-les-regles-dorigine-en-partage-au-gabon\/\">Expertise Internationale\u00a0: Les r\u00e8gles d&#8217;origine en partage au Gabon<\/a><\/h4>\n                <\/div>\n            <\/div>\n                        <div class=\"post\" style=\"background-image: url(http:\/\/www.douanes.cm\/douanes-cameroun\/wp-content\/uploads\/2025\/11\/WhatsApp-Image-2025-11-10-at-10.59.05.jpeg);\">\n                <div class=\"content\">\n                    <div class=\"date\"><i class=\"far fa-calendar\"><\/i> novembre 10, 2025<\/div>\n                    <h4><a href=\"http:\/\/www.douanes.cm\/douanes-cameroun\/8080\/direction-generale-des-douanes-les-choses-bougent-dans-le-bon-sens\/\">Direction G\u00e9n\u00e9rale Des Douanes\u00a0: \u00a0Les choses bougent dans le bon sens<\/a><\/h4>\n                <\/div>\n            <\/div>\n                        <div class=\"post\" style=\"background-image: url(http:\/\/www.douanes.cm\/douanes-cameroun\/wp-content\/uploads\/2025\/10\/WhatsApp-Image-2025-10-31-at-11.54.00-1.jpeg);\">\n                <div class=\"content\">\n                    <div class=\"date\"><i class=\"far fa-calendar\"><\/i> octobre 31, 2025<\/div>\n                    <h4><a href=\"http:\/\/www.douanes.cm\/douanes-cameroun\/8074\/protection-de-lenvironnement-une-saisie-en-or-pour-le-sud-ouest\/\">Protection de l&#8217;environnement\u00a0: Une saisie en or pour le Sud-Ouest<\/a><\/h4>\n                <\/div>\n            <\/div>\n                        <div class=\"post\" style=\"background-image: url(http:\/\/www.douanes.cm\/douanes-cameroun\/wp-content\/uploads\/2025\/10\/UNE-CUSTOMS-NEWSLETTER-N\u00b0718.jpg);\">\n                <div class=\"content\">\n                    <div class=\"date\"><i class=\"far fa-calendar\"><\/i> octobre 21, 2025<\/div>\n                    <h4><a href=\"http:\/\/www.douanes.cm\/douanes-cameroun\/8070\/customs-newsletter-n718\/\">CUSTOMS NEWSLETTER N\u00b0718<\/a><\/h4>\n                <\/div>\n            <\/div>\n                        <div class=\"post\" style=\"background-image: url(http:\/\/www.douanes.cm\/douanes-cameroun\/wp-content\/uploads\/2025\/10\/Comite-de-Direction-du-20-octobre-2025.jpg);\">\n                <div class=\"content\">\n                    <div class=\"date\"><i class=\"far fa-calendar\"><\/i> octobre 21, 2025<\/div>\n                    <h4><a href=\"http:\/\/www.douanes.cm\/douanes-cameroun\/8067\/comite-de-direction-la-direction-generale-des-douanes-dans-le-grand-bain\/\">Comit\u00e9 de Direction\u00a0: La Direction G\u00e9n\u00e9rale des Douanes dans le grand bain<\/a><\/h4>\n                <\/div>\n            <\/div>\n                        <div class=\"post\" style=\"background-image: url(http:\/\/www.douanes.cm\/douanes-cameroun\/wp-content\/uploads\/2025\/10\/IMG-20250930-WA0539.jpg);\">\n                <div class=\"content\">\n                    <div class=\"date\"><i class=\"far fa-calendar\"><\/i> octobre 1, 2025<\/div>\n                    <h4><a href=\"http:\/\/www.douanes.cm\/douanes-cameroun\/8055\/cooperation-red-carpet-for-igor-vasilievich-kolesnikov\/\">Cooperation\u00a0: Red carpet for Igor Vasilievich Kolesnikov<\/a><\/h4>\n                <\/div>\n            <\/div>\n                        <div class=\"post\" style=\"background-image: url(http:\/\/www.douanes.cm\/douanes-cameroun\/wp-content\/uploads\/2025\/09\/Comite-de-Direction-29-septembre-2025.jpg);\">\n                <div class=\"content\">\n                    <div class=\"date\"><i class=\"far fa-calendar\"><\/i> septembre 29, 2025<\/div>\n                    <h4><a href=\"http:\/\/www.douanes.cm\/douanes-cameroun\/8052\/direction-generale-des-douanes-les-portes-ouvertes-du-4eme-trimestre-2025-souvrent\/\">Direction G\u00e9n\u00e9rale des Douanes\u00a0: Les portes ouvertes du 4\u00e8me trimestre\u00a02025 s\u2019ouvrent<\/a><\/h4>\n                <\/div>\n            <\/div>\n                        <div class=\"post\" style=\"background-image: url(http:\/\/www.douanes.cm\/douanes-cameroun\/wp-content\/uploads\/2025\/09\/Visite-DEA-a-Nsimalen.jpg);\">\n                <div class=\"content\">\n                    <div class=\"date\"><i class=\"far fa-calendar\"><\/i> septembre 15, 2025<\/div>\n                    <h4><a href=\"http:\/\/www.douanes.cm\/douanes-cameroun\/8047\/renforcement-des-capacites-la-drug-enforcement-agency-dea-des-etats-unis-aux-cotes-de-la-douane-camerounaise\/\">Renforcement des capacit\u00e9s\u00a0: La Drug Enforcement Agency (DEA) des Etats-Unis aux c\u00f4t\u00e9s de la Douane camerounaise<\/a><\/h4>\n                <\/div>\n            <\/div>\n                        <div class=\"post\" style=\"background-image: url(http:\/\/www.douanes.cm\/douanes-cameroun\/wp-content\/uploads\/2025\/09\/Audience-DG-Douanes-ambassadeur-de-Chine-au-Cameroun.jpeg);\">\n                <div class=\"content\">\n                    <div class=\"date\"><i class=\"far fa-calendar\"><\/i> septembre 9, 2025<\/div>\n                    <h4><a href=\"http:\/\/www.douanes.cm\/douanes-cameroun\/8043\/relations-publiques-le-directeur-general-des-douanes-recu-en-audience-par-lambassadeur-de-chine\/\">Relations Publiques\u00a0: Le Directeur G\u00e9n\u00e9ral des Douanes, re\u00e7u en audience par l\u2019Ambassadeur de Chine<\/a><\/h4>\n                <\/div>\n            <\/div>\n                        <div class=\"post\" style=\"background-image: url(http:\/\/www.douanes.cm\/douanes-cameroun\/wp-content\/uploads\/2025\/09\/Comite-de-Direction-du-lundi-08-septembre-2025.jpeg);\">\n                <div class=\"content\">\n                    <div class=\"date\"><i class=\"far fa-calendar\"><\/i> septembre 9, 2025<\/div>\n                    <h4><a href=\"http:\/\/www.douanes.cm\/douanes-cameroun\/8040\/direction-generale-des-douanes-le-grenelle-de-la-prise-en-charge-sinvite-au-comite-de-direction\/\">Direction G\u00e9n\u00e9rale des Douanes\u00a0: Le \u00ab\u00a0Grenelle de la prise en charge\u00a0\u00bb s\u2019invite au Comit\u00e9 de Direction<\/a><\/h4>\n                <\/div>\n            <\/div>\n                        <div class=\"post\" style=\"background-image: url(http:\/\/www.douanes.cm\/douanes-cameroun\/wp-content\/uploads\/2025\/09\/WhatsApp-Image-2025-09-08-at-08.26.17.jpeg);\">\n                <div class=\"content\">\n                    <div class=\"date\"><i class=\"far fa-calendar\"><\/i> septembre 8, 2025<\/div>\n                    <h4><a href=\"http:\/\/www.douanes.cm\/douanes-cameroun\/8037\/patriotisme-la-verve-douaniere\/\">Patriotisme\u00a0: La verve douani\u00e8re<\/a><\/h4>\n                <\/div>\n            <\/div>\n                        <div class=\"post\" style=\"background-image: url(http:\/\/www.douanes.cm\/douanes-cameroun\/wp-content\/uploads\/2025\/09\/Grenelle-de-la-prise-en-charge-des-marchandises.jpg);\">\n                <div class=\"content\">\n                    <div class=\"date\"><i class=\"far fa-calendar\"><\/i> septembre 3, 2025<\/div>\n                    <h4><a href=\"http:\/\/www.douanes.cm\/douanes-cameroun\/8025\/grenelle-de-la-prise-en-charge-le-premier-son-de-cloche\/\">Grenelle de la prise en charge : Le premier son de cloche<\/a><\/h4>\n                <\/div>\n            <\/div>\n                        <div class=\"post\" style=\"background-image: url(http:\/\/www.douanes.cm\/douanes-cameroun\/wp-content\/uploads\/2025\/09\/Comite-de-Direction-du-1et-septembre-2025.jpeg);\">\n                <div class=\"content\">\n                    <div class=\"date\"><i class=\"far fa-calendar\"><\/i> septembre 1, 2025<\/div>\n                    <h4><a href=\"http:\/\/www.douanes.cm\/douanes-cameroun\/8015\/direction-generale-des-douanes-nouveau-mois-meme-engagement\/\">Direction G\u00e9n\u00e9rale des Douanes : Nouveau mois, m\u00eame engagement<\/a><\/h4>\n                <\/div>\n            <\/div>\n                        <div class=\"post\" style=\"background-image: url(http:\/\/www.douanes.cm\/douanes-cameroun\/wp-content\/uploads\/2025\/08\/WhatsApp-Image-2025-08-23-at-20.14.47-1.jpeg);\">\n                <div class=\"content\">\n                    <div class=\"date\"><i class=\"far fa-calendar\"><\/i> ao\u00fbt 25, 2025<\/div>\n                    <h4><a href=\"http:\/\/www.douanes.cm\/douanes-cameroun\/8006\/operation-halcomi-iii-1320-bouteilles-de-liqueurs-de-contrebande-saisis-dans-la-zone-i\/\">OP\u00c9RATION HALCOMI III\u00a0: 1320 bouteilles de liqueurs de contrebande saisis dans la Zone I<\/a><\/h4>\n                <\/div>\n            <\/div>\n                        <div class=\"post\" style=\"background-image: url(http:\/\/www.douanes.cm\/douanes-cameroun\/wp-content\/uploads\/2025\/08\/WhatsApp-Image-2025-08-21-at-13.58.53-1.jpeg);\">\n                <div class=\"content\">\n                    <div class=\"date\"><i class=\"far fa-calendar\"><\/i> ao\u00fbt 22, 2025<\/div>\n                    <h4><a href=\"http:\/\/www.douanes.cm\/douanes-cameroun\/7995\/contentieux-douanier-tout-savoir-sur-la-207e-session-de-la-commission-dapprobation\/\">Contentieux Douanier\u00a0: Tout savoir sur la 207e session de la Commission d\u2019approbation<\/a><\/h4>\n                <\/div>\n            <\/div>\n                        <div class=\"post\" style=\"background-image: url(http:\/\/www.douanes.cm\/douanes-cameroun\/wp-content\/uploads\/2025\/08\/WhatsApp-Image-2025-08-21-at-15.34.32.jpeg);\">\n                <div class=\"content\">\n                    <div class=\"date\"><i class=\"far fa-calendar\"><\/i> ao\u00fbt 22, 2025<\/div>\n                    <h4><a href=\"http:\/\/www.douanes.cm\/douanes-cameroun\/7992\/operation-thunder-2025-le-cameroun-joue-sa-partition\/\">Op\u00e9ration THUNDER 2025\u00a0: Le Cameroun joue sa partition<\/a><\/h4>\n                <\/div>\n            <\/div>\n                        <div class=\"post\" style=\"background-image: url(http:\/\/www.douanes.cm\/douanes-cameroun\/wp-content\/uploads\/2025\/08\/Comite-de-Direction-DGD-18-aout-2025.jpg);\">\n                <div class=\"content\">\n                    <div class=\"date\"><i class=\"far fa-calendar\"><\/i> ao\u00fbt 18, 2025<\/div>\n                    <h4><a href=\"http:\/\/www.douanes.cm\/douanes-cameroun\/7989\/direction-generale-des-douanes-des-ambitions-et-des-reflexions\/\">Direction G\u00e9n\u00e9rale des Douanes\u00a0: Des ambitions et des r\u00e9flexions<\/a><\/h4>\n                <\/div>\n            <\/div>\n                        <div class=\"post\" style=\"background-image: url(http:\/\/www.douanes.cm\/douanes-cameroun\/wp-content\/uploads\/2025\/08\/Levee-des-couleurs-a-la-Direction-Generale-des-Douanes.jpg);\">\n                <div class=\"content\">\n                    <div class=\"date\"><i class=\"far fa-calendar\"><\/i> ao\u00fbt 13, 2025<\/div>\n                    <h4><a href=\"http:\/\/www.douanes.cm\/douanes-cameroun\/7985\/direction-generale-des-douanes-la-vitalite-dune-semaine\/\">Direction G\u00e9n\u00e9rale des Douanes\u00a0: La vitalit\u00e9 d&#8217;une semaine<\/a><\/h4>\n                <\/div>\n            <\/div>\n                        <div class=\"post\" style=\"background-image: url(http:\/\/www.douanes.cm\/douanes-cameroun\/wp-content\/uploads\/2025\/08\/COMMUNIQUE-MINFI-10e-PHASE-APE.jpg);\">\n                <div class=\"content\">\n                    <div class=\"date\"><i class=\"far fa-calendar\"><\/i> ao\u00fbt 11, 2025<\/div>\n                    <h4><a href=\"http:\/\/www.douanes.cm\/douanes-cameroun\/7981\/communique-radio-presse-du-minfi-sur-la-10e-phase-de-mise-en-oeuvre-des-ape\/\">Communiqu\u00e9 Radio-Presse du MINFI sur la 10e phase de mise en \u0153uvre des APE<\/a><\/h4>\n                <\/div>\n            <\/div>\n                        <div class=\"post\" style=\"background-image: url(http:\/\/www.douanes.cm\/douanes-cameroun\/wp-content\/uploads\/2025\/08\/WhatsApp-Image-2025-08-07-at-13.23.51.jpeg);\">\n                <div class=\"content\">\n                    <div class=\"date\"><i class=\"far fa-calendar\"><\/i> ao\u00fbt 8, 2025<\/div>\n                    <h4><a href=\"http:\/\/www.douanes.cm\/douanes-cameroun\/7976\/securite-2-400-kg-de-chanvre-brulent-dans-les-flammes\/\">S\u00e9curit\u00e9\u00a0: 2 400 kg de chanvre brulent dans les flammes<\/a><\/h4>\n                <\/div>\n            <\/div>\n                        <div class=\"post\" style=\"background-image: url(http:\/\/www.douanes.cm\/douanes-cameroun\/wp-content\/uploads\/2025\/08\/Comite-de-Direction-DGD-04-aout-2025.jpg);\">\n                <div class=\"content\">\n                    <div class=\"date\"><i class=\"far fa-calendar\"><\/i> ao\u00fbt 5, 2025<\/div>\n                    <h4><a href=\"http:\/\/www.douanes.cm\/douanes-cameroun\/7971\/direction-generale-des-douanes-de-nouveaux-challenges\/\">Direction G\u00e9n\u00e9rale des Douanes\u00a0: De nouveaux challenges<\/a><\/h4>\n                <\/div>\n            <\/div>\n                        <div class=\"post\" style=\"background-image: url(http:\/\/www.douanes.cm\/douanes-cameroun\/wp-content\/uploads\/2025\/08\/WhatsApp-Image-2025-08-01-at-14.25.04.jpeg);\">\n                <div class=\"content\">\n                    <div class=\"date\"><i class=\"far fa-calendar\"><\/i> ao\u00fbt 1, 2025<\/div>\n                    <h4><a href=\"http:\/\/www.douanes.cm\/douanes-cameroun\/7963\/renforcement-des-capacites-des-parchemins-pour-des-douaniers-au-centre-conjoint-de-formation-a-la-securite-maritime-de-lagos-au-nigeria\/\">Renforcement des capacit\u00e9s\u00a0: Des parchemins pour des douaniers au Centre conjoint de formation \u00e0 la s\u00e9curit\u00e9 maritime de Lagos au Nig\u00e9ria<\/a><\/h4>\n                <\/div>\n            <\/div>\n                        <div class=\"post\" style=\"background-image: url(http:\/\/www.douanes.cm\/douanes-cameroun\/wp-content\/uploads\/2025\/08\/WhatsApp-Image-2025-07-30-at-20.35.18.jpeg);\">\n                <div class=\"content\">\n                    <div class=\"date\"><i class=\"far fa-calendar\"><\/i> ao\u00fbt 1, 2025<\/div>\n                    <h4><a href=\"http:\/\/www.douanes.cm\/douanes-cameroun\/7960\/secteur-des-douanes-du-nord-ouest-du-sang-neuf-pour-un-nouveau-challenge\/\">Secteur des Douanes du Nord-Ouest\u00a0: Du sang neuf pour un nouveau challenge<\/a><\/h4>\n                <\/div>\n            <\/div>\n                        <div class=\"post\" style=\"background-image: url(http:\/\/www.douanes.cm\/douanes-cameroun\/wp-content\/uploads\/2025\/08\/WhatsApp-Image-2025-07-31-at-21.47.45.jpeg);\">\n                <div class=\"content\">\n                    <div class=\"date\"><i class=\"far fa-calendar\"><\/i> ao\u00fbt 1, 2025<\/div>\n                    <h4><a href=\"http:\/\/www.douanes.cm\/douanes-cameroun\/7957\/secteur-des-douanes-du-sud-ouest-performances-reluisantes-au-premier-semestre-2025\/\">Secteur des Douanes du Sud-Ouest\u00a0: Performances reluisantes au premier semestre 2025<\/a><\/h4>\n                <\/div>\n            <\/div>\n                        <div class=\"post\" style=\"background-image: url(http:\/\/www.douanes.cm\/douanes-cameroun\/wp-content\/uploads\/2025\/07\/WhatsApp-Image-2025-07-30-at-11.07.49.jpeg);\">\n                <div class=\"content\">\n                    <div class=\"date\"><i class=\"far fa-calendar\"><\/i> juillet 31, 2025<\/div>\n                    <h4><a href=\"http:\/\/www.douanes.cm\/douanes-cameroun\/7951\/strategie-le-sous-comite-douanes-et-facilitation-siege\/\">Strat\u00e9gie : Le sous-comit\u00e9 Douanes et Facilitation si\u00e8ge<\/a><\/h4>\n                <\/div>\n            <\/div>\n                        <div class=\"post\" style=\"background-image: url(http:\/\/www.douanes.cm\/douanes-cameroun\/wp-content\/uploads\/2025\/07\/WhatsApp-Image-2025-07-24-at-15.16.34.jpeg);\">\n                <div class=\"content\">\n                    <div class=\"date\"><i class=\"far fa-calendar\"><\/i> juillet 28, 2025<\/div>\n                    <h4><a href=\"http:\/\/www.douanes.cm\/douanes-cameroun\/7946\/tiko-la-ou-la-route-passe-les-recettes-suivent\/\">TIKO\u00a0: \u00a0L\u00e0 o\u00f9 la route passe les recettes suivent.<\/a><\/h4>\n                <\/div>\n            <\/div>\n                        <div class=\"post\" style=\"background-image: url(http:\/\/www.douanes.cm\/douanes-cameroun\/wp-content\/uploads\/2025\/07\/Capitaine-ANGONI.jpeg);\">\n                <div class=\"content\">\n                    <div class=\"date\"><i class=\"far fa-calendar\"><\/i> juillet 28, 2025<\/div>\n                    <h4><a href=\"http:\/\/www.douanes.cm\/douanes-cameroun\/7942\/caat-le-capitaine-des-douanes-angoni-ngomba-clement-prend-les-commandes-a-yaounde\/\">CAAT\u00a0: Le Capitaine des Douanes ANGONI NGOMBA Cl\u00e9ment prend les commandes \u00e0 Yaound\u00e9.<\/a><\/h4>\n                <\/div>\n            <\/div>\n                        <div class=\"post\" style=\"background-image: url(http:\/\/www.douanes.cm\/douanes-cameroun\/wp-content\/uploads\/2025\/07\/WhatsApp-Image-2025-07-25-at-11.29.26.jpeg);\">\n                <div class=\"content\">\n                    <div class=\"date\"><i class=\"far fa-calendar\"><\/i> juillet 28, 2025<\/div>\n                    <h4><a href=\"http:\/\/www.douanes.cm\/douanes-cameroun\/7937\/secteur-des-douanes-du-sud-i-les-yeux-rives-sur-la-securite\/\">Secteur des Douanes du Sud I\u00a0: Les yeux riv\u00e9s sur la s\u00e9curit\u00e9<\/a><\/h4>\n                <\/div>\n            <\/div>\n                        <div class=\"post\" style=\"background-image: url();\">\n                <div class=\"content\">\n                    <div class=\"date\"><i class=\"far fa-calendar\"><\/i> juillet 21, 2025<\/div>\n                    <h4><a href=\"http:\/\/www.douanes.cm\/douanes-cameroun\/7933\/circulaire-n001-du-18-juillet-2025-relative-a-la-preparation-du-budget-de-letat-au-titre-de-lexercice-2026\/\">Circulaire N\u00b0001 du 18 juillet 2025 relative \u00e0 la pr\u00e9paration du Budget de l\u2019Etat au titre de l\u2019exercice 2026<\/a><\/h4>\n                <\/div>\n            <\/div>\n                        <div class=\"post\" style=\"background-image: url(http:\/\/www.douanes.cm\/douanes-cameroun\/wp-content\/uploads\/2025\/07\/WhatsApp-Image-2025-07-18-at-20.42.40.jpeg);\">\n                <div class=\"content\">\n                    <div class=\"date\"><i class=\"far fa-calendar\"><\/i> juillet 19, 2025<\/div>\n                    <h4><a href=\"http:\/\/www.douanes.cm\/douanes-cameroun\/7930\/partenariat-le-directeur-general-des-douanes-a-icrafon\/\">Partenariat\u00a0: Le Directeur G\u00e9n\u00e9ral des Douanes \u00e0 ICRAFON<\/a><\/h4>\n                <\/div>\n            <\/div>\n                        <div class=\"post\" style=\"background-image: url(http:\/\/www.douanes.cm\/douanes-cameroun\/wp-content\/uploads\/2025\/07\/WhatsApp-Image-2025-07-18-at-21.05.39.jpeg);\">\n                <div class=\"content\">\n                    <div class=\"date\"><i class=\"far fa-calendar\"><\/i> juillet 19, 2025<\/div>\n                    <h4><a href=\"http:\/\/www.douanes.cm\/douanes-cameroun\/7926\/secteur-des-douanes-du-nord-la-confirmation-attendue\/\">Secteur des douanes du nord\u00a0: \u00a0La confirmation attendue<\/a><\/h4>\n                <\/div>\n            <\/div>\n                        <div class=\"post\" style=\"background-image: url(http:\/\/www.douanes.cm\/douanes-cameroun\/wp-content\/uploads\/2025\/07\/Saisie-de-medicaments-dans-le-cadre-de-loperation-Tempete-secteur-des-Douanes-du-Centre.jpg);\">\n                <div class=\"content\">\n                    <div class=\"date\"><i class=\"far fa-calendar\"><\/i> juillet 4, 2025<\/div>\n                    <h4><a href=\"http:\/\/www.douanes.cm\/douanes-cameroun\/7913\/surveillance-douaniere-la-tempete-sabat-sur-le-commerce-illicite-dans-la-region-du-centre\/\">Surveillance douani\u00e8re\u00a0: La temp\u00eate s&#8217;abat sur le commerce illicite dans la r\u00e9gion du Centre<\/a><\/h4>\n                <\/div>\n            <\/div>\n                        <div class=\"post\" style=\"background-image: url();\">\n                <div class=\"content\">\n                    <div class=\"date\"><i class=\"far fa-calendar\"><\/i> juin 11, 2025<\/div>\n                    <h4><a href=\"http:\/\/www.douanes.cm\/douanes-cameroun\/7893\/marchandises-en-souffrance-au-port-de-douala-et-eligibles-aux-ventes-aux-encheres-publiques\/\">MARCHANDISES EN SOUFFRANCE AU PORT DE DOUALA ET \u00c9LIGIBLES AUX VENTES AUX ENCH\u00c8RES PUBLIQUES<\/a><\/h4>\n                <\/div>\n            <\/div>\n                        <div class=\"post\" style=\"background-image: url(http:\/\/www.douanes.cm\/douanes-cameroun\/wp-content\/uploads\/2025\/06\/9e-reunion-statutaire-du-Comite-de-lAPE-Cameroun-Union-europeenne.jpg);\">\n                <div class=\"content\">\n                    <div class=\"date\"><i class=\"far fa-calendar\"><\/i> juin 5, 2025<\/div>\n                    <h4><a href=\"http:\/\/www.douanes.cm\/douanes-cameroun\/7889\/ape-cameroun-union-europeenne-la-scene-panoramique\/\">APE Cameroun-Union Europ\u00e9enne\u00a0: La sc\u00e8ne panoramique<\/a><\/h4>\n                <\/div>\n            <\/div>\n                        <div class=\"post\" style=\"background-image: url(http:\/\/www.douanes.cm\/douanes-cameroun\/wp-content\/uploads\/2025\/06\/Seance-de-travail-avec-une-delegation-de-lAlliance-Mondiale-pour-la-Facilitation-des-Echanges.jpg);\">\n                <div class=\"content\">\n                    <div class=\"date\"><i class=\"far fa-calendar\"><\/i> juin 4, 2025<\/div>\n                    <h4><a href=\"http:\/\/www.douanes.cm\/douanes-cameroun\/7885\/facilitation-des-echanges-les-cles-de-la-collaboration-entre-la-dgd-et-lalliance-mondiale\/\">Facilitation des \u00e9changes\u00a0: Les cl\u00e9s de la collaboration entre la DGD et l\u2019Alliance Mondiale<\/a><\/h4>\n                <\/div>\n            <\/div>\n                        <div class=\"post\" style=\"background-image: url(http:\/\/www.douanes.cm\/douanes-cameroun\/wp-content\/uploads\/2025\/06\/Visite-de-Frederic-Theodore-INAMODirection-Generale-des-Douanes-et-Droits-Indirects-de-RCA-au-secteur-des-Douanes-du-Sud-2.jpg);\">\n                <div class=\"content\">\n                    <div class=\"date\"><i class=\"far fa-calendar\"><\/i> juin 4, 2025<\/div>\n                    <h4><a href=\"http:\/\/www.douanes.cm\/douanes-cameroun\/7881\/cooperation-bilaterale-fraternite-totale-cameroun-rca\/\">Coop\u00e9ration Bilat\u00e9rale\u00a0: Fraternit\u00e9 totale Cameroun-RCA<\/a><\/h4>\n                <\/div>\n            <\/div>\n                        <div class=\"post\" style=\"background-image: url(http:\/\/www.douanes.cm\/douanes-cameroun\/wp-content\/uploads\/2025\/05\/Certificat-de-reussite-douaniers.png);\">\n                <div class=\"content\">\n                    <div class=\"date\"><i class=\"far fa-calendar\"><\/i> mai 28, 2025<\/div>\n                    <h4><a href=\"http:\/\/www.douanes.cm\/douanes-cameroun\/7875\/excellence-academique-deux-douaniers-fondation-pour-les-etudes-et-recherches-sur-le-developpement-international-ferdi\/\">Excellence Acad\u00e9mique\u00a0: Deux Douaniers Fondation pour les Etudes et Recherches sur le D\u00e9veloppement International (FERDI)<\/a><\/h4>\n                <\/div>\n            <\/div>\n                        <div class=\"post\" style=\"background-image: url(http:\/\/www.douanes.cm\/douanes-cameroun\/wp-content\/uploads\/2025\/05\/Audience-accordee-par-monsieur-le-Directeur-General-des-Douanes-a-une-delegation-des-representants-de-ORANGE-MONEY-CAMEROUN-S.A.-1-1.jpg);\">\n                <div class=\"content\">\n                    <div class=\"date\"><i class=\"far fa-calendar\"><\/i> mai 27, 2025<\/div>\n                    <h4><a href=\"http:\/\/www.douanes.cm\/douanes-cameroun\/7871\/prospection-orange-cameroun-ouvre-ses-ailes-a-la-douane\/\">Prospection\u00a0: \u00a0ORANGE CAMEROUN ouvre ses ailes \u00e0 la Douane<\/a><\/h4>\n                <\/div>\n            <\/div>\n                        <div class=\"post\" style=\"background-image: url(http:\/\/www.douanes.cm\/douanes-cameroun\/wp-content\/uploads\/2025\/05\/Messieurs-Monsieur-KWEDI-Samuel-Desire-et-UM-BATTA-David-Clovis-1.jpg);\">\n                <div class=\"content\">\n                    <div class=\"date\"><i class=\"far fa-calendar\"><\/i> mai 26, 2025<\/div>\n                    <h4><a href=\"http:\/\/www.douanes.cm\/douanes-cameroun\/7863\/conference-annuelle-des-directeurs-generaux-des-douanes-la-douane-met-les-boeufs-avant-la-charrue\/\">Conf\u00e9rence annuelle des Directeurs G\u00e9n\u00e9raux des Douanes\u00a0: la Douane met les b\u0153ufs avant la charrue<\/a><\/h4>\n                <\/div>\n            <\/div>\n                        <div class=\"post\" style=\"background-image: url(http:\/\/www.douanes.cm\/douanes-cameroun\/wp-content\/uploads\/2025\/01\/32a5e68b-9795-41f4-b4a9-711fe1b96c24.jpg);\">\n                <div class=\"content\">\n                    <div class=\"date\"><i class=\"far fa-calendar\"><\/i> mai 22, 2025<\/div>\n                    <h4><a href=\"http:\/\/www.douanes.cm\/douanes-cameroun\/7854\/allocution-de-monsieur-le-directeur-general-des-douanes-au-repas-de-corps-apres-le-defile-au-boulevard-du-20-mai\/\">Allocution de Monsieur le Directeur G\u00e9n\u00e9ral des Douanes au repas de corps apr\u00e8s le d\u00e9fil\u00e9 au boulevard du 20 mai<\/a><\/h4>\n                <\/div>\n            <\/div>\n                        <div class=\"post\" style=\"background-image: url(http:\/\/www.douanes.cm\/douanes-cameroun\/wp-content\/uploads\/2025\/01\/Lutte-contre-la-Corruption.png);\">\n                <div class=\"content\">\n                    <div class=\"date\"><i class=\"far fa-calendar\"><\/i> janvier 10, 2025<\/div>\n                    <h4><a href=\"http:\/\/www.douanes.cm\/douanes-cameroun\/7770\/lutte-contre-la-corruption-la-douane-prend-le-taureau-par-les-cornes\/\">Lutte contre la corruption\u00a0: La Douane prend le taureau par les cornes<\/a><\/h4>\n                <\/div>\n            <\/div>\n                        <div class=\"post\" style=\"background-image: url(http:\/\/www.douanes.cm\/douanes-cameroun\/wp-content\/uploads\/2024\/02\/WhatsApp-Image-2024-01-31-at-15.32.57.jpeg);\">\n                <div class=\"content\">\n                    <div class=\"date\"><i class=\"far fa-calendar\"><\/i> f\u00e9vrier 1, 2024<\/div>\n                    <h4><a href=\"http:\/\/www.douanes.cm\/douanes-cameroun\/7640\/jid-2024-le-partenariat-dans-la-pratique-des-sports\/\">JID 2024 : Le partenariat dans la pratique des sports.<\/a><\/h4>\n                <\/div>\n            <\/div>\n                        <div class=\"post\" style=\"background-image: url(http:\/\/www.douanes.cm\/douanes-cameroun\/wp-content\/uploads\/2024\/02\/WhatsApp-Image-2024-01-31-at-15.22.39-1.jpeg);\">\n                <div class=\"content\">\n                    <div class=\"date\"><i class=\"far fa-calendar\"><\/i> f\u00e9vrier 1, 2024<\/div>\n                    <h4><a href=\"http:\/\/www.douanes.cm\/douanes-cameroun\/7611\/jid-2024-lancement-a-bamenda\/\">JID 2024 : Lancement \u00e0 Bamenda<\/a><\/h4>\n                <\/div>\n            <\/div>\n                        <div class=\"post\" style=\"background-image: url(http:\/\/www.douanes.cm\/douanes-cameroun\/wp-content\/uploads\/2024\/02\/WhatsApp-Image-2024-01-31-at-15.10.38-1.jpeg);\">\n                <div class=\"content\">\n                    <div class=\"date\"><i class=\"far fa-calendar\"><\/i> f\u00e9vrier 1, 2024<\/div>\n                    <h4><a href=\"http:\/\/www.douanes.cm\/douanes-cameroun\/7606\/performancesla-douane-cartonne-a-nouveau\/\">PERFORMANCES<br>La Douane cartonne \u00e0 nouveau<\/a><\/h4>\n                <\/div>\n            <\/div>\n                        <div class=\"post\" style=\"background-image: url(http:\/\/www.douanes.cm\/douanes-cameroun\/wp-content\/uploads\/2023\/12\/port-de-kribi.jpg);\">\n                <div class=\"content\">\n                    <div class=\"date\"><i class=\"far fa-calendar\"><\/i> d\u00e9cembre 6, 2023<\/div>\n                    <h4><a href=\"http:\/\/www.douanes.cm\/douanes-cameroun\/7589\/programme-des-ventes-aux-encheres-publiques-des-marchandises-au-port-de-kribi\/\">Programme des ventes aux ench\u00e8res publiques des marchandises au Port de Kribi D\u00e9cembre 2023<\/a><\/h4>\n                <\/div>\n            <\/div>\n                        <div class=\"post\" style=\"background-image: url(http:\/\/www.douanes.cm\/douanes-cameroun\/wp-content\/uploads\/2023\/10\/WhatsApp-Image-2023-10-04-at-12.20.54.jpeg);\">\n                <div class=\"content\">\n                    <div class=\"date\"><i class=\"far fa-calendar\"><\/i> octobre 5, 2023<\/div>\n                    <h4><a href=\"http:\/\/www.douanes.cm\/douanes-cameroun\/7543\/loral-apres-lecrit\/\">L&#8217;oral apr\u00e8s l&#8217;\u00e9crit<\/a><\/h4>\n                <\/div>\n            <\/div>\n                        <div class=\"post\" style=\"background-image: url(http:\/\/www.douanes.cm\/douanes-cameroun\/wp-content\/uploads\/2022\/06\/cropped-Logo-Douanes-Camerounaises-100x100-1.png);\">\n                <div class=\"content\">\n                    <div class=\"date\"><i class=\"far fa-calendar\"><\/i> septembre 14, 2023<\/div>\n                    <h4><a href=\"http:\/\/www.douanes.cm\/douanes-cameroun\/7530\/politique-de-confidentialite-pourdeclaration-en-douane-cmr\/\">POLITIQUE DE CONFIDENTIALITE\u0301 POUR<br>&#8220;D\u00e9claration en Douane CMR&#8221;<\/a><\/h4>\n                <\/div>\n            <\/div>\n                        <div class=\"post\" style=\"background-image: url(http:\/\/www.douanes.cm\/douanes-cameroun\/wp-content\/uploads\/2022\/06\/cropped-Logo-Douanes-Camerounaises-100x100-1.png);\">\n                <div class=\"content\">\n                    <div class=\"date\"><i class=\"far fa-calendar\"><\/i> septembre 1, 2023<\/div>\n                    <h4><a href=\"http:\/\/www.douanes.cm\/douanes-cameroun\/7524\/communique-329-minfi-dgd-portant-sur-le-dysfonctionnement-inattendu-de-l-infrastructure-du-systeme-d-nformation-de-la-direction-generale-des-douanes-camcis\/\">COMMUNIQUE 329\/MINFI\/DGD PORTANT SUR LE DYSFONCTIONNEMENT INATTENDU DE L INFRASTRUCTURE DU SYSTEME D NFORMATION DE LA DIRECTION GENERALE DES DOUANES (CAMCIS)<\/a><\/h4>\n                <\/div>\n            <\/div>\n                        <div class=\"post\" style=\"background-image: url(http:\/\/www.douanes.cm\/douanes-cameroun\/wp-content\/uploads\/2023\/08\/DUS-LANCEMENT-MINFI.png);\">\n                <div class=\"content\">\n                    <div class=\"date\"><i class=\"far fa-calendar\"><\/i> ao\u00fbt 10, 2023<\/div>\n                    <h4><a href=\"http:\/\/www.douanes.cm\/douanes-cameroun\/7517\/lancement-du-document-unique-de-sortie-dus-et-de-la-quittance-dematerialisee-dans-camcis-au-02-octobre-2023\/\">Entr\u00e9e en vigueur du Document Unique de Sortie et de la quittance d\u00e9mat\u00e9rialis\u00e9e dans CAMCIS le lundi 02 octobre 2023<\/a><\/h4>\n                <\/div>\n            <\/div>\n                        <div class=\"post\" style=\"background-image: url(http:\/\/www.douanes.cm\/douanes-cameroun\/wp-content\/uploads\/2022\/08\/12-0.png);\">\n                <div class=\"content\">\n                    <div class=\"date\"><i class=\"far fa-calendar\"><\/i> ao\u00fbt 7, 2023<\/div>\n                    <h4><a href=\"http:\/\/www.douanes.cm\/douanes-cameroun\/7487\/ape-huitieme-phase-de-demantelement-tarifaire\/\">APE : HUITIEME PHASE DE DEMANTELEMENT TARIFAIRE<\/a><\/h4>\n                <\/div>\n            <\/div>\n                        <div class=\"post\" style=\"background-image: url();\">\n                <div class=\"content\">\n                    <div class=\"date\"><i class=\"far fa-calendar\"><\/i> avril 28, 2026<\/div>\n                    <h4><a href=\"http:\/\/www.douanes.cm\/douanes-cameroun\/8334\/collecte-electronique-des-droits-et-taxes-de-douane-sur-les-telephones-le-communique-de-monsieur-le-ministre-de-finances\/\">Collecte \u00e9lectronique des droits et taxes de douane sur les t\u00e9l\u00e9phones: Le communiqu\u00e9 de Monsieur le Ministre de Finances<\/a><\/h4>\n                <\/div>\n            <\/div>\n                        \n         \n            <\/div>\n        <\/div>\n        \n\t\t<\/div><div id=\"transida_popular_post-2\" class=\"widget sidebar-widget widget_transida_popular_post\">\t\t\n        \n        <!-- Popular Posts -->\n        <div class=\"news-widget-two\">\n            <h4 class=\"widget_title\">Events<\/h4>            <div class=\"wrapper-box\">\n                       \n           \t<!-- Title -->\n\t\t\t            <div class=\"post\" style=\"background-image: url(http:\/\/www.douanes.cm\/douanes-cameroun\/wp-content\/uploads\/2026\/04\/Passation-de-service-entre-le-Commandant-NDO-Gervais-Eric-et-lInspecteur-Principal-des-Douanes-EBAA-EFANDENE-Alain-Parfait.jpeg);\">\n                <div class=\"content\">\n                    <div class=\"date\"><i class=\"far fa-calendar\"><\/i> avril 30, 2026<\/div>\n                    <h4><a href=\"http:\/\/www.douanes.cm\/douanes-cameroun\/8337\/commandant-ndo-gervais-eric-un-exemple-pour-la-jeunesse\/\">Commandant Ndo Gervais \u00c9ric\u00a0: Un exemple pour la jeunesse<\/a><\/h4>\n                <\/div>\n            <\/div>\n                        <div class=\"post\" style=\"background-image: url(http:\/\/www.douanes.cm\/douanes-cameroun\/wp-content\/uploads\/2026\/04\/WhatsApp-Image-2026-04-27-at-09.34.58-1.jpeg);\">\n                <div class=\"content\">\n                    <div class=\"date\"><i class=\"far fa-calendar\"><\/i> avril 28, 2026<\/div>\n                    <h4><a href=\"http:\/\/www.douanes.cm\/douanes-cameroun\/8330\/direction-generale-des-douanes-au-service-de-la-nation\/\">Direction G\u00e9n\u00e9rale des Douanes\u00a0: Au service de la Nation<\/a><\/h4>\n                <\/div>\n            <\/div>\n                        <div class=\"post\" style=\"background-image: url(http:\/\/www.douanes.cm\/douanes-cameroun\/wp-content\/uploads\/2026\/04\/WhatsApp-Image-2026-04-23-at-18.48.15.jpeg);\">\n                <div class=\"content\">\n                    <div class=\"date\"><i class=\"far fa-calendar\"><\/i> avril 28, 2026<\/div>\n                    <h4><a href=\"http:\/\/www.douanes.cm\/douanes-cameroun\/8327\/secteur-des-douanes-de-lextreme-nord-la-touche-dima-activee\/\">Secteur des Douanes de l&#8217;Extr\u00eame-nord\u00a0: La touche DIMA activ\u00e9e<\/a><\/h4>\n                <\/div>\n            <\/div>\n                        <div class=\"post\" style=\"background-image: url(http:\/\/www.douanes.cm\/douanes-cameroun\/wp-content\/uploads\/2026\/04\/Saisie-de-couches-jetables.png);\">\n                <div class=\"content\">\n                    <div class=\"date\"><i class=\"far fa-calendar\"><\/i> avril 28, 2026<\/div>\n                    <h4><a href=\"http:\/\/www.douanes.cm\/douanes-cameroun\/8324\/lutte-contre-la-contrebande-2140-paquets-de-couches-jetables-saisis-au-sud-ouest\/\">Lutte contre la contrebande\u00a0: 2140 paquets de couches jetables saisis au Sud-Ouest<\/a><\/h4>\n                <\/div>\n            <\/div>\n                        <div class=\"post\" style=\"background-image: url(http:\/\/www.douanes.cm\/douanes-cameroun\/wp-content\/uploads\/2026\/04\/KENSE-ESSOLA-Armelle-Epouse-ASSENGUE.jpeg);\">\n                <div class=\"content\">\n                    <div class=\"date\"><i class=\"far fa-calendar\"><\/i> avril 28, 2026<\/div>\n                    <h4><a href=\"http:\/\/www.douanes.cm\/douanes-cameroun\/8319\/secteur-des-douanes-du-sud-2-madame-kense-essola-armelle-epouse-assengue-prend-contact\/\">Secteur des Douanes du Sud 2\u00a0: Madame KENSE ESSOLA Armelle Epouse ASSENGUE prend contact<\/a><\/h4>\n                <\/div>\n            <\/div>\n                        <div class=\"post\" style=\"background-image: url(http:\/\/www.douanes.cm\/douanes-cameroun\/wp-content\/uploads\/2026\/04\/WhatsApp-Image-2026-04-28-at-15.50.22.jpeg);\">\n                <div class=\"content\">\n                    <div class=\"date\"><i class=\"far fa-calendar\"><\/i> avril 28, 2026<\/div>\n                    <h4><a href=\"http:\/\/www.douanes.cm\/douanes-cameroun\/8316\/communication-les-acteurs-parlent-de-la-reforme\/\">Communication\u00a0: Les acteurs parlent de la r\u00e9forme<\/a><\/h4>\n                <\/div>\n            <\/div>\n                        <div class=\"post\" style=\"background-image: url(http:\/\/www.douanes.cm\/douanes-cameroun\/wp-content\/uploads\/2026\/04\/WhatsApp-Image-2026-04-22-at-18.52.32.jpeg);\">\n                <div class=\"content\">\n                    <div class=\"date\"><i class=\"far fa-calendar\"><\/i> avril 28, 2026<\/div>\n                    <h4><a href=\"http:\/\/www.douanes.cm\/douanes-cameroun\/8313\/secteur-des-douanes-de-lextreme-nord-dima-quentin-achille-aux-commandes\/\">Secteur des Douanes de L&#8217;Extr\u00eame-Nord\u00a0: DIMA Quentin Achille aux commandes<\/a><\/h4>\n                <\/div>\n            <\/div>\n                        <div class=\"post\" style=\"background-image: url(http:\/\/www.douanes.cm\/douanes-cameroun\/wp-content\/uploads\/2026\/04\/Reunion-Secteurs-des-Douanes-de-lAdamaoua-et-de-lEst-sur-la-sortie-frauduleuse-des-minerais.jpeg);\">\n                <div class=\"content\">\n                    <div class=\"date\"><i class=\"far fa-calendar\"><\/i> avril 17, 2026<\/div>\n                    <h4><a href=\"http:\/\/www.douanes.cm\/douanes-cameroun\/8307\/minerais-les-secteurs-des-douanes-de-ladamaoua-et-de-lest-font-bloc-contre-les-sorties-frauduleuses\/\">Minerais\u00a0: Les Secteurs des Douanes de l&#8217;Adamaoua et de l&#8217;Est font bloc contre les sorties frauduleuses<\/a><\/h4>\n                <\/div>\n            <\/div>\n                        <div class=\"post\" style=\"background-image: url(http:\/\/www.douanes.cm\/douanes-cameroun\/wp-content\/uploads\/2026\/04\/Reunion-de-sensibilisation-des-unites-dactives-sur-le-contentieux.jpg);\">\n                <div class=\"content\">\n                    <div class=\"date\"><i class=\"far fa-calendar\"><\/i> avril 17, 2026<\/div>\n                    <h4><a href=\"http:\/\/www.douanes.cm\/douanes-cameroun\/8302\/contentieux-douanier-la-direction-generale-sensibilise-les-unites-dactive\/\">Contentieux douanier : La Direction G\u00e9n\u00e9rale sensibilise les unit\u00e9s d&#8217;active<\/a><\/h4>\n                <\/div>\n            <\/div>\n                        <div class=\"post\" style=\"background-image: url(http:\/\/www.douanes.cm\/douanes-cameroun\/wp-content\/uploads\/2026\/04\/Mot-de-monsieur-le-Directeur-General-aux-travaux-de-lAOC.jpeg);\">\n                <div class=\"content\">\n                    <div class=\"date\"><i class=\"far fa-calendar\"><\/i> avril 9, 2026<\/div>\n                    <h4><a href=\"http:\/\/www.douanes.cm\/douanes-cameroun\/8297\/developpement-informatique-le-train-de-laoc-est-a-yaounde\/\">D\u00e9veloppement informatique\u00a0: Le train de l\u2019AOC est \u00e0 Yaound\u00e9<\/a><\/h4>\n                <\/div>\n            <\/div>\n                        <div class=\"post\" style=\"background-image: url(http:\/\/www.douanes.cm\/douanes-cameroun\/wp-content\/uploads\/2026\/04\/WhatsApp-Image-2026-04-06-at-12.44.03.jpeg);\">\n                <div class=\"content\">\n                    <div class=\"date\"><i class=\"far fa-calendar\"><\/i> avril 7, 2026<\/div>\n                    <h4><a href=\"http:\/\/www.douanes.cm\/douanes-cameroun\/8292\/facilitation-du-transit-les-lianes-de-la-cooperation-douaniere-entre-le-cameroun-et-la-rca\/\">Facilitation du Transit\u00a0: Les lianes de la coop\u00e9ration douani\u00e8re entre le Cameroun et la RCA<\/a><\/h4>\n                <\/div>\n            <\/div>\n                        <div class=\"post\" style=\"background-image: url(http:\/\/www.douanes.cm\/douanes-cameroun\/wp-content\/uploads\/2026\/04\/Comite-de-DIrection.jpg);\">\n                <div class=\"content\">\n                    <div class=\"date\"><i class=\"far fa-calendar\"><\/i> avril 7, 2026<\/div>\n                    <h4><a href=\"http:\/\/www.douanes.cm\/douanes-cameroun\/8286\/comite-de-direction-du-07-avril-les-grands-chantiers-du-trimestre\/\">Comit\u00e9 de Direction du 07 avril\u00a0: Les grands chantiers du trimestre<\/a><\/h4>\n                <\/div>\n            <\/div>\n                        <div class=\"post\" style=\"background-image: url(http:\/\/www.douanes.cm\/douanes-cameroun\/wp-content\/uploads\/2026\/03\/COMMUNIQUE-MINFI-DEDOUANEMENT-DES-TELEPHONES-PORTABLES-scaled.jpg);\">\n                <div class=\"content\">\n                    <div class=\"date\"><i class=\"far fa-calendar\"><\/i> mars 27, 2026<\/div>\n                    <h4><a href=\"http:\/\/www.douanes.cm\/douanes-cameroun\/8282\/communique-de-m-le-ministre-des-finances-sur-lentree-en-vigueur-du-nouveau-dispositif-de-collecte-des-droits-et-taxes-de-douane-sur-les-telephones-et-les-terminaux-numeriques\/\">Communiqu\u00e9 de M. le Ministre des Finances sur l&#8217;entr\u00e9e en vigueur du nouveau dispositif de collecte des droits et taxes de Douane sur les t\u00e9l\u00e9phones et les terminaux num\u00e9riques<\/a><\/h4>\n                <\/div>\n            <\/div>\n                        <div class=\"post\" style=\"background-image: url(http:\/\/www.douanes.cm\/douanes-cameroun\/wp-content\/uploads\/2026\/03\/WhatsApp-Image-2026-03-24-at-09.46.24.jpeg);\">\n                <div class=\"content\">\n                    <div class=\"date\"><i class=\"far fa-calendar\"><\/i> mars 25, 2026<\/div>\n                    <h4><a href=\"http:\/\/www.douanes.cm\/douanes-cameroun\/8278\/lutte-contre-les-trafics-illicites-la-caat-de-yaounde-nsimalen-realise-deux-saisies-dune-valeur-de-plus-de-36943-millions\/\">Lutte contre les trafics illicites\u00a0: La CAAT de Yaound\u00e9-Nsimalen r\u00e9alise deux saisies d\u2019une valeur de plus de 36,943 millions<\/a><\/h4>\n                <\/div>\n            <\/div>\n                        <div class=\"post\" style=\"background-image: url(http:\/\/www.douanes.cm\/douanes-cameroun\/wp-content\/uploads\/2026\/03\/WhatsApp-Image-2026-03-20-at-16.04.53.jpeg);\">\n                <div class=\"content\">\n                    <div class=\"date\"><i class=\"far fa-calendar\"><\/i> mars 20, 2026<\/div>\n                    <h4><a href=\"http:\/\/www.douanes.cm\/douanes-cameroun\/8275\/international-la-partition-du-cameroun\/\">International\u00a0: La partition du Cameroun<\/a><\/h4>\n                <\/div>\n            <\/div>\n                        <div class=\"post\" style=\"background-image: url(http:\/\/www.douanes.cm\/douanes-cameroun\/wp-content\/uploads\/2026\/03\/Rencontre-avec-les-operateurs-a-Bestwestern.jpeg);\">\n                <div class=\"content\">\n                    <div class=\"date\"><i class=\"far fa-calendar\"><\/i> mars 19, 2026<\/div>\n                    <h4><a href=\"http:\/\/www.douanes.cm\/douanes-cameroun\/8272\/reforme-sur-les-telephones-le-langage-en-ligne-directe\/\">Reforme sur les t\u00e9l\u00e9phones\u00a0: Le langage en ligne directe<\/a><\/h4>\n                <\/div>\n            <\/div>\n                        <div class=\"post\" style=\"background-image: url(http:\/\/www.douanes.cm\/douanes-cameroun\/wp-content\/uploads\/2026\/03\/WhatsApp-Image-2026-03-16-at-12.17.42.jpeg);\">\n                <div class=\"content\">\n                    <div class=\"date\"><i class=\"far fa-calendar\"><\/i> mars 16, 2026<\/div>\n                    <h4><a href=\"http:\/\/www.douanes.cm\/douanes-cameroun\/8269\/encadrement-professionnel-le-plaidoyer-de-miss-douanes-2026\/\">Encadrement Professionnel\u00a0: Le plaidoyer de Miss Douanes 2026<\/a><\/h4>\n                <\/div>\n            <\/div>\n                        <div class=\"post\" style=\"background-image: url(http:\/\/www.douanes.cm\/douanes-cameroun\/wp-content\/uploads\/2026\/03\/WhatsApp-Image-2026-03-13-at-17.11.17.jpeg);\">\n                <div class=\"content\">\n                    <div class=\"date\"><i class=\"far fa-calendar\"><\/i> mars 13, 2026<\/div>\n                    <h4><a href=\"http:\/\/www.douanes.cm\/douanes-cameroun\/8263\/legislation-douaniere-la-reforme-sur-les-telephones-est-en-forme\/\">L\u00e9gislation Douani\u00e8re\u00a0: La r\u00e9forme sur les t\u00e9l\u00e9phones est en forme<\/a><\/h4>\n                <\/div>\n            <\/div>\n                        <div class=\"post\" style=\"background-image: url(http:\/\/www.douanes.cm\/douanes-cameroun\/wp-content\/uploads\/2026\/03\/WhatsApp-Image-2026-03-12-at-14.17.13.jpeg);\">\n                <div class=\"content\">\n                    <div class=\"date\"><i class=\"far fa-calendar\"><\/i> mars 13, 2026<\/div>\n                    <h4><a href=\"http:\/\/www.douanes.cm\/douanes-cameroun\/8260\/partenariat-les-liens-soudes-entre-la-direction-generale-des-douanes-et-la-beac\/\">Partenariat\u00a0: les liens soud\u00e9s entre la Direction G\u00e9n\u00e9rale des Douanes et la BEAC<\/a><\/h4>\n                <\/div>\n            <\/div>\n                        <div class=\"post\" style=\"background-image: url(http:\/\/www.douanes.cm\/douanes-cameroun\/wp-content\/uploads\/2026\/03\/WhatsApp-Image-2026-03-09-at-15.58.23.jpeg);\">\n                <div class=\"content\">\n                    <div class=\"date\"><i class=\"far fa-calendar\"><\/i> mars 12, 2026<\/div>\n                    <h4><a href=\"http:\/\/www.douanes.cm\/douanes-cameroun\/8257\/saisie-de-4000-flacons-de-ceftriaxone-sodium-injectable-a-guider-la-mission-halcomi-iii-protege-la-sante-publique\/\">Saisie de 4000 flacons de Ceftriaxone sodium injectable \u00e0 Guider. La Mission HALCOMI III prot\u00e8ge la sant\u00e9 publique<\/a><\/h4>\n                <\/div>\n            <\/div>\n                        <div class=\"post\" style=\"background-image: url(http:\/\/www.douanes.cm\/douanes-cameroun\/wp-content\/uploads\/2026\/03\/WhatsApp-Image-2026-03-04-at-11.23.42.jpeg);\">\n                <div class=\"content\">\n                    <div class=\"date\"><i class=\"far fa-calendar\"><\/i> mars 5, 2026<\/div>\n                    <h4><a href=\"http:\/\/www.douanes.cm\/douanes-cameroun\/8251\/blanchiment-et-terrorisme-le-septentrion-barre-les-voies\/\">Blanchiment et terrorisme\u00a0: Le septentrion barre les voies<\/a><\/h4>\n                <\/div>\n            <\/div>\n                        <div class=\"post\" style=\"background-image: url(http:\/\/www.douanes.cm\/douanes-cameroun\/wp-content\/uploads\/2026\/02\/Capitaine-Serge-Martin-TEPIELE.jpeg);\">\n                <div class=\"content\">\n                    <div class=\"date\"><i class=\"far fa-calendar\"><\/i> f\u00e9vrier 27, 2026<\/div>\n                    <h4><a href=\"http:\/\/www.douanes.cm\/douanes-cameroun\/8248\/le-cameroun-brille-a-lomd\/\">Le Cameroun brille \u00e0 l&#8217;OMD<\/a><\/h4>\n                <\/div>\n            <\/div>\n                        <div class=\"post\" style=\"background-image: url(http:\/\/www.douanes.cm\/douanes-cameroun\/wp-content\/uploads\/2026\/02\/Customs-newsletter-N\u00b0752.pdf_084258-1-scaled.jpg);\">\n                <div class=\"content\">\n                    <div class=\"date\"><i class=\"far fa-calendar\"><\/i> f\u00e9vrier 27, 2026<\/div>\n                    <h4><a href=\"http:\/\/www.douanes.cm\/douanes-cameroun\/8244\/customs-newsletter-n748\/\">Customs Newsletter N\u00b0748<\/a><\/h4>\n                <\/div>\n            <\/div>\n                        <div class=\"post\" style=\"background-image: url(http:\/\/www.douanes.cm\/douanes-cameroun\/wp-content\/uploads\/2026\/02\/WhatsApp-Image-2026-02-23-at-17.45.55.jpeg);\">\n                <div class=\"content\">\n                    <div class=\"date\"><i class=\"far fa-calendar\"><\/i> f\u00e9vrier 23, 2026<\/div>\n                    <h4><a href=\"http:\/\/www.douanes.cm\/douanes-cameroun\/8237\/comite-de-direction-du-23-fevrier-la-performance-au-coeur-de-laction-douaniere\/\">Comit\u00e9 de direction du 23 f\u00e9vrier\u00a0: La Performance au C\u0153ur de l\u2019action douani\u00e8re<\/a><\/h4>\n                <\/div>\n            <\/div>\n                        <div class=\"post\" style=\"background-image: url(http:\/\/www.douanes.cm\/douanes-cameroun\/wp-content\/uploads\/2026\/02\/15e-edition-de-la-Soiree-des-Partenaires.jpeg);\">\n                <div class=\"content\">\n                    <div class=\"date\"><i class=\"far fa-calendar\"><\/i> f\u00e9vrier 23, 2026<\/div>\n                    <h4><a href=\"http:\/\/www.douanes.cm\/douanes-cameroun\/8232\/laureats-de-la-soiree-des-partenaires-edition-2026\/\">Liste des laur\u00e9ats de la Soir\u00e9e des Partenaires Edition 2026<\/a><\/h4>\n                <\/div>\n            <\/div>\n                        <div class=\"post\" style=\"background-image: url(http:\/\/www.douanes.cm\/douanes-cameroun\/wp-content\/uploads\/2026\/02\/WhatsApp-Image-2026-02-21-at-09.53.40.jpeg);\">\n                <div class=\"content\">\n                    <div class=\"date\"><i class=\"far fa-calendar\"><\/i> f\u00e9vrier 23, 2026<\/div>\n                    <h4><a href=\"http:\/\/www.douanes.cm\/douanes-cameroun\/8225\/jid-2026-la-belle-apotheose-a-bafoussam\/\">JID 2026\u00a0: La belle apoth\u00e9ose \u00e0 Bafoussam<\/a><\/h4>\n                <\/div>\n            <\/div>\n                        <div class=\"post\" style=\"background-image: url(http:\/\/www.douanes.cm\/douanes-cameroun\/wp-content\/uploads\/2026\/02\/WhatsApp-Image-2026-02-20-at-14.31.55.jpeg);\">\n                <div class=\"content\">\n                    <div class=\"date\"><i class=\"far fa-calendar\"><\/i> f\u00e9vrier 23, 2026<\/div>\n                    <h4><a href=\"http:\/\/www.douanes.cm\/douanes-cameroun\/8219\/saisie-majeure-de-stupefiants-par-les-douanes-camerounaises-a-laeroport-international-de-douala\/\">Saisie majeure de stup\u00e9fiants par les Douanes Camerounaises \u00e0 l\u2019A\u00e9roport International de Douala<\/a><\/h4>\n                <\/div>\n            <\/div>\n                        <div class=\"post\" style=\"background-image: url(http:\/\/www.douanes.cm\/douanes-cameroun\/wp-content\/uploads\/2026\/02\/Atelier-de-formation-des-Douaniers-sur-la-securisation-des-saisies-de-stupefiants.jpeg);\">\n                <div class=\"content\">\n                    <div class=\"date\"><i class=\"far fa-calendar\"><\/i> f\u00e9vrier 19, 2026<\/div>\n                    <h4><a href=\"http:\/\/www.douanes.cm\/douanes-cameroun\/8215\/securite-les-gabelous-a-lecole-de-la-securisation-des-saisies-des-stupefiants\/\">S\u00e9curit\u00e9\u00a0: Les gabelous \u00e0 l\u2019\u00e9cole de la s\u00e9curisation des saisies des stup\u00e9fiants<\/a><\/h4>\n                <\/div>\n            <\/div>\n                        <div class=\"post\" style=\"background-image: url(http:\/\/www.douanes.cm\/douanes-cameroun\/wp-content\/uploads\/2026\/02\/Reunion-Secteur-des-Douanes-de-lExtreme-Nord.jpeg);\">\n                <div class=\"content\">\n                    <div class=\"date\"><i class=\"far fa-calendar\"><\/i> f\u00e9vrier 19, 2026<\/div>\n                    <h4><a href=\"http:\/\/www.douanes.cm\/douanes-cameroun\/8212\/secteur-des-douanes-de-lextreme-nord-la-cohesion-par-la-jid\/\">Secteur des Douanes de l&#8217;Extr\u00eame-Nord\u00a0: La coh\u00e9sion par la JID.<\/a><\/h4>\n                <\/div>\n            <\/div>\n                        <div class=\"post\" style=\"background-image: url(http:\/\/www.douanes.cm\/douanes-cameroun\/wp-content\/uploads\/2026\/02\/Awards.jpg);\">\n                <div class=\"content\">\n                    <div class=\"date\"><i class=\"far fa-calendar\"><\/i> f\u00e9vrier 17, 2026<\/div>\n                    <h4><a href=\"http:\/\/www.douanes.cm\/douanes-cameroun\/8208\/soiree-des-partenaires-les-nomines-sont-connus\/\">Soir\u00e9e des partenaires: Les nomin\u00e9s sont connus<\/a><\/h4>\n                <\/div>\n            <\/div>\n                        <div class=\"post\" style=\"background-image: url(http:\/\/www.douanes.cm\/douanes-cameroun\/wp-content\/uploads\/2026\/02\/Circulaire-N\u00b0-200-MINFI-DGD-du-12-fevrier-2026-fixant-la-liste-des-equipements-et-appareils-medicaux-eligibles-a-lexoneration-pour-24-mois-scaled.jpg);\">\n                <div class=\"content\">\n                    <div class=\"date\"><i class=\"far fa-calendar\"><\/i> f\u00e9vrier 17, 2026<\/div>\n                    <h4><a href=\"http:\/\/www.douanes.cm\/douanes-cameroun\/8204\/circulaire-n-200-minfi-dgd-du-12-fevrier-2026-fixant-la-liste-des-equipements-et-appareils-medicaux-eligibles-a-lexoneration-pour-24-mois\/\">Circulaire N\u00b0 200\/ MINFI\/DGD du 12 f\u00e9vrier 2026 fixant la liste des \u00e9quipements et appareils m\u00e9dicaux \u00e9ligibles a l&#8217;exon\u00e9ration pour 24 mois<\/a><\/h4>\n                <\/div>\n            <\/div>\n                        <div class=\"post\" style=\"background-image: url(http:\/\/www.douanes.cm\/douanes-cameroun\/wp-content\/uploads\/2026\/02\/WhatsApp-Image-2026-02-16-at-12.05.04.jpeg);\">\n                <div class=\"content\">\n                    <div class=\"date\"><i class=\"far fa-calendar\"><\/i> f\u00e9vrier 16, 2026<\/div>\n                    <h4><a href=\"http:\/\/www.douanes.cm\/douanes-cameroun\/8198\/comite-de-direction-du-16-fevrier-situation-est-confortable-avec-le-fmi\/\">Comit\u00e9 de Direction du 16 f\u00e9vrier\u00a0: Situation est confortable avec le FMI<\/a><\/h4>\n                <\/div>\n            <\/div>\n                        <div class=\"post\" style=\"background-image: url(http:\/\/www.douanes.cm\/douanes-cameroun\/wp-content\/uploads\/2026\/02\/Saisie-Whiskys.png);\">\n                <div class=\"content\">\n                    <div class=\"date\"><i class=\"far fa-calendar\"><\/i> f\u00e9vrier 12, 2026<\/div>\n                    <h4><a href=\"http:\/\/www.douanes.cm\/douanes-cameroun\/8195\/lutte-contre-la-contrebande-la-belle-interception-a-karata\/\">Lutte contre la contrebande\u00a0: La belle interception \u00e0 Karata<\/a><\/h4>\n                <\/div>\n            <\/div>\n                        <div class=\"post\" style=\"background-image: url(http:\/\/www.douanes.cm\/douanes-cameroun\/wp-content\/uploads\/2026\/01\/Customs-newsletter-N\u00b0742-scaled.jpg);\">\n                <div class=\"content\">\n                    <div class=\"date\"><i class=\"far fa-calendar\"><\/i> janvier 21, 2026<\/div>\n                    <h4><a href=\"http:\/\/www.douanes.cm\/douanes-cameroun\/8188\/customs-newsletter-n742\/\">Customs newsletter N\u00b0742<\/a><\/h4>\n                <\/div>\n            <\/div>\n                        <div class=\"post\" style=\"background-image: url(http:\/\/www.douanes.cm\/douanes-cameroun\/wp-content\/uploads\/2026\/01\/Lancement-de-la-Journee-Internationale-de-la-Douane.jpeg);\">\n                <div class=\"content\">\n                    <div class=\"date\"><i class=\"far fa-calendar\"><\/i> janvier 21, 2026<\/div>\n                    <h4><a href=\"http:\/\/www.douanes.cm\/douanes-cameroun\/8185\/journee-internationale-de-la-douane-ledition-2026-est-lancee\/\">Journ\u00e9e Internationale de la Douane\u00a0: L&#8217;\u00e9dition 2026 est lanc\u00e9e<\/a><\/h4>\n                <\/div>\n            <\/div>\n                        <div class=\"post\" style=\"background-image: url(http:\/\/www.douanes.cm\/douanes-cameroun\/wp-content\/uploads\/2026\/01\/End-of-five-year-service-for-Ebenezer-Tafili-at-the-WCO.jpeg);\">\n                <div class=\"content\">\n                    <div class=\"date\"><i class=\"far fa-calendar\"><\/i> janvier 15, 2026<\/div>\n                    <h4><a href=\"http:\/\/www.douanes.cm\/douanes-cameroun\/8179\/wco-end-of-five-year-service-for-ebenezer-tafili\/\">WCO : End of five-year service for Ebenezer Tafili<\/a><\/h4>\n                <\/div>\n            <\/div>\n                        <div class=\"post\" style=\"background-image: url(http:\/\/www.douanes.cm\/douanes-cameroun\/wp-content\/uploads\/2026\/01\/Seance-de-travail-entre-le-Minfi-et-ses-collaborateur-de-lAdamaoua.jpeg);\">\n                <div class=\"content\">\n                    <div class=\"date\"><i class=\"far fa-calendar\"><\/i> janvier 15, 2026<\/div>\n                    <h4><a href=\"http:\/\/www.douanes.cm\/douanes-cameroun\/8176\/execution-du-budget-dans-ladamaoua-le-minfi-prescrit-de-faire-mieux-quen-2025\/\">Ex\u00e9cution du budget dans l\u2019Adamaoua\u00a0: Le Minfi prescrit de faire mieux qu&#8217;en 2025<\/a><\/h4>\n                <\/div>\n            <\/div>\n                        <div class=\"post\" style=\"background-image: url(http:\/\/www.douanes.cm\/douanes-cameroun\/wp-content\/uploads\/2026\/01\/Reunion-de-Coordination-Secteur-des-Douanes-de-lAdamaoua.jpeg);\">\n                <div class=\"content\">\n                    <div class=\"date\"><i class=\"far fa-calendar\"><\/i> janvier 15, 2026<\/div>\n                    <h4><a href=\"http:\/\/www.douanes.cm\/douanes-cameroun\/8173\/reunion-de-coordination-restreinte-les-regards-braques-sur-ladamaoua\/\">R\u00e9union de Coordination restreinte\u00a0: Les regards braqu\u00e9s sur l&#8217;Adamaoua<\/a><\/h4>\n                <\/div>\n            <\/div>\n                        <div class=\"post\" style=\"background-image: url(http:\/\/www.douanes.cm\/douanes-cameroun\/wp-content\/uploads\/2026\/01\/Lancement-du-budget-2026-a-Ngaoundere-1.jpeg);\">\n                <div class=\"content\">\n                    <div class=\"date\"><i class=\"far fa-calendar\"><\/i> janvier 14, 2026<\/div>\n                    <h4><a href=\"http:\/\/www.douanes.cm\/douanes-cameroun\/8169\/budget-2026-monsieur-le-ministre-des-finances-lance-les-operations-a-ngaoundere\/\">Budget 2026\u00a0: Monsieur le Ministre des Finances lance les op\u00e9rations \u00e0 Ngaound\u00e9r\u00e9<\/a><\/h4>\n                <\/div>\n            <\/div>\n                        <div class=\"post\" style=\"background-image: url(http:\/\/www.douanes.cm\/douanes-cameroun\/wp-content\/uploads\/2026\/01\/Capture-decran_13-1-2026_2535_web.whatsapp.com_.jpeg);\">\n                <div class=\"content\">\n                    <div class=\"date\"><i class=\"far fa-calendar\"><\/i> janvier 13, 2026<\/div>\n                    <h4><a href=\"http:\/\/www.douanes.cm\/douanes-cameroun\/8166\/prison-centrale-de-kondengui-la-ccwa-aux-bons-soins-des-mineurs\/\">Prison Centrale de Kondengui\u00a0: La CCWA aux bons soins des mineurs<\/a><\/h4>\n                <\/div>\n            <\/div>\n                        <div class=\"post\" style=\"background-image: url(http:\/\/www.douanes.cm\/douanes-cameroun\/wp-content\/uploads\/2026\/01\/Capitaine-des-Douanes-ATEBA-ELOUNDOU-Herve-Patrick.jpg);\">\n                <div class=\"content\">\n                    <div class=\"date\"><i class=\"far fa-calendar\"><\/i> janvier 13, 2026<\/div>\n                    <h4><a href=\"http:\/\/www.douanes.cm\/douanes-cameroun\/8162\/coutumes-et-traditions-un-gabelou-sur-le-trone-des-mvog-namnye-iii\/\">Coutumes et traditions\u00a0: Un gabelou sur le tr\u00f4ne des Mvog-Namny\u00e9 III<\/a><\/h4>\n                <\/div>\n            <\/div>\n                        <div class=\"post\" style=\"background-image: url(http:\/\/www.douanes.cm\/douanes-cameroun\/wp-content\/uploads\/2026\/01\/Produits-pharmaceutiques-de-contrebande-saisis-a-Bonaberi.jpg);\">\n                <div class=\"content\">\n                    <div class=\"date\"><i class=\"far fa-calendar\"><\/i> janvier 9, 2026<\/div>\n                    <h4><a href=\"http:\/\/www.douanes.cm\/douanes-cameroun\/8156\/lutte-contre-les-trafics-illicites-plus-dun-million-de-produits-pharmaceutiques-de-contrebande-saisis-a-bonaberi-douala\/\">Lutte contre les Trafics Illicites\u00a0: Plus d\u2019un million de produits pharmaceutiques de contrebande saisis \u00e0 Bonab\u00e9ri (Douala)<\/a><\/h4>\n                <\/div>\n            <\/div>\n                        <div class=\"post\" style=\"background-image: url(http:\/\/www.douanes.cm\/douanes-cameroun\/wp-content\/uploads\/2026\/01\/NGOH-Walters-ABAM.jpeg);\">\n                <div class=\"content\">\n                    <div class=\"date\"><i class=\"far fa-calendar\"><\/i> janvier 9, 2026<\/div>\n                    <h4><a href=\"http:\/\/www.douanes.cm\/douanes-cameroun\/8153\/excellence-academique-master-ii-pour-ngoh-walters-abam\/\">Excellence Acad\u00e9mique\u00a0: Master II pour NGOH Walters ABAM<\/a><\/h4>\n                <\/div>\n            <\/div>\n                        <div class=\"post\" style=\"background-image: url(http:\/\/www.douanes.cm\/douanes-cameroun\/wp-content\/uploads\/2026\/01\/Saisie-de-produits-pharmaceutiques-de-contrebande-a-Akwa.jpeg);\">\n                <div class=\"content\">\n                    <div class=\"date\"><i class=\"far fa-calendar\"><\/i> janvier 7, 2026<\/div>\n                    <h4><a href=\"http:\/\/www.douanes.cm\/douanes-cameroun\/8150\/protection-de-la-societe-plus-dun-million-de-produits-pharmaceutiques-de-contrebande-saisis-a-akwa-douala\/\">Protection de la soci\u00e9t\u00e9\u00a0: Plus d\u2019un million de produits pharmaceutiques de contrebande saisis \u00e0 Akwa (Douala)<\/a><\/h4>\n                <\/div>\n            <\/div>\n                        <div class=\"post\" style=\"background-image: url(http:\/\/www.douanes.cm\/douanes-cameroun\/wp-content\/uploads\/2026\/01\/Previsions-related-to-Customs-Duties-and-Taxes-2026-Finance-Law-scaled.jpg);\">\n                <div class=\"content\">\n                    <div class=\"date\"><i class=\"far fa-calendar\"><\/i> janvier 6, 2026<\/div>\n                    <h4><a href=\"http:\/\/www.douanes.cm\/douanes-cameroun\/8146\/previsions-related-to-customs-duties-and-taxes-2026-finance-law\/\">Previsions related to Customs Duties and Taxes 2026 Finance Law<\/a><\/h4>\n                <\/div>\n            <\/div>\n                        <div class=\"post\" style=\"background-image: url(http:\/\/www.douanes.cm\/douanes-cameroun\/wp-content\/uploads\/2026\/01\/Comite-de-Direction-du-06-janvier-2026.jpeg);\">\n                <div class=\"content\">\n                    <div class=\"date\"><i class=\"far fa-calendar\"><\/i> janvier 6, 2026<\/div>\n                    <h4><a href=\"http:\/\/www.douanes.cm\/douanes-cameroun\/8139\/comite-de-direction-dans-le-temps-de-la-nouvelle-annee\/\">Comit\u00e9 de Direction\u00a0: Dans le temps de la nouvelle ann\u00e9e<\/a><\/h4>\n                <\/div>\n            <\/div>\n                        <div class=\"post\" style=\"background-image: url(http:\/\/www.douanes.cm\/douanes-cameroun\/wp-content\/uploads\/2025\/12\/Kits-de-Starlink-saisis-par-la-Douane-a-Mvog-Mbi.jpeg);\">\n                <div class=\"content\">\n                    <div class=\"date\"><i class=\"far fa-calendar\"><\/i> d\u00e9cembre 16, 2025<\/div>\n                    <h4><a href=\"http:\/\/www.douanes.cm\/douanes-cameroun\/8132\/securite-nationale-des-kits-starlink-saisis-a-nkometou-region-du-centre\/\">S\u00e9curit\u00e9 Nationale\u00a0: Des kits STARLINK saisis \u00e0 Nkometou (r\u00e9gion du Centre)<\/a><\/h4>\n                <\/div>\n            <\/div>\n                        <div class=\"post\" style=\"background-image: url(http:\/\/www.douanes.cm\/douanes-cameroun\/wp-content\/uploads\/2025\/12\/Saisie-de-Renferon.jpeg);\">\n                <div class=\"content\">\n                    <div class=\"date\"><i class=\"far fa-calendar\"><\/i> d\u00e9cembre 15, 2025<\/div>\n                    <h4><a href=\"http:\/\/www.douanes.cm\/douanes-cameroun\/8129\/lutte-contre-la-criminalite-pharmaceutique-576-bouteilles-de-ranferon-mamfe\/\">Lutte contre la criminalit\u00e9 pharmaceutique\u00a0: 576 bouteilles de Ranferon Mamf\u00e9<\/a><\/h4>\n                <\/div>\n            <\/div>\n                        <div class=\"post\" style=\"background-image: url(http:\/\/www.douanes.cm\/douanes-cameroun\/wp-content\/uploads\/2025\/12\/CBT-Champions-2025.jpeg);\">\n                <div class=\"content\">\n                    <div class=\"date\"><i class=\"far fa-calendar\"><\/i> d\u00e9cembre 13, 2025<\/div>\n                    <h4><a href=\"http:\/\/www.douanes.cm\/douanes-cameroun\/8126\/cbt-champions-les-awards-pour-les-meritants\/\">CBT CHAMPIONS\u00a0: Les Awards pour les m\u00e9ritants.<\/a><\/h4>\n                <\/div>\n            <\/div>\n                        <div class=\"post\" style=\"background-image: url(http:\/\/www.douanes.cm\/douanes-cameroun\/wp-content\/uploads\/2025\/12\/WhatsApp-Image-2025-12-10-at-22.39.05.jpeg);\">\n                <div class=\"content\">\n                    <div class=\"date\"><i class=\"far fa-calendar\"><\/i> d\u00e9cembre 11, 2025<\/div>\n                    <h4><a href=\"http:\/\/www.douanes.cm\/douanes-cameroun\/8121\/action-sociale-la-ccwa-aux-cotes-des-orphelins-des-personnels-des-douanes-a-ebolowa\/\">Action Sociale\u00a0: La CCWA aux c\u00f4t\u00e9s des orphelins des Personnels des Douanes \u00e0 Ebolowa .<\/a><\/h4>\n                <\/div>\n            <\/div>\n                        <div class=\"post\" style=\"background-image: url(http:\/\/www.douanes.cm\/douanes-cameroun\/wp-content\/uploads\/2025\/12\/WhatsApp-Image-2025-12-09-at-23.14.10.jpeg);\">\n                <div class=\"content\">\n                    <div class=\"date\"><i class=\"far fa-calendar\"><\/i> d\u00e9cembre 10, 2025<\/div>\n                    <h4><a href=\"http:\/\/www.douanes.cm\/douanes-cameroun\/8112\/la-douane-camerounaise-soffre-un-nouveau-siege-pour-moderniser-son-administration-et-renforcer-sa-performance\/\">La Douane camerounaise s\u2019offre un nouveau si\u00e8ge pour moderniser son administration et renforcer sa performance<\/a><\/h4>\n                <\/div>\n            <\/div>\n                        <div class=\"post\" style=\"background-image: url(http:\/\/www.douanes.cm\/douanes-cameroun\/wp-content\/uploads\/2025\/12\/UNE-CUSTOMS-731.jpg);\">\n                <div class=\"content\">\n                    <div class=\"date\"><i class=\"far fa-calendar\"><\/i> d\u00e9cembre 8, 2025<\/div>\n                    <h4><a href=\"http:\/\/www.douanes.cm\/douanes-cameroun\/8104\/customs-newsletter-n731\/\">Customs Newsletter N\u00b0731<\/a><\/h4>\n                <\/div>\n            <\/div>\n                        <div class=\"post\" style=\"background-image: url(http:\/\/www.douanes.cm\/douanes-cameroun\/wp-content\/uploads\/2025\/12\/Medicaments-saisis-a-Limbe.jpeg);\">\n                <div class=\"content\">\n                    <div class=\"date\"><i class=\"far fa-calendar\"><\/i> d\u00e9cembre 8, 2025<\/div>\n                    <h4><a href=\"http:\/\/www.douanes.cm\/douanes-cameroun\/8099\/lutte-contre-le-trafic-illicite-des-produits-pharmaceutiques-24-000-comprimes-de-nifecure-20-mg-et-3960-capsules-de-lincocin-500mg-saisis-a-limbe\/\">Lutte contre le trafic illicite des produits pharmaceutiques\u00a0: 24 000 comprim\u00e9s de Nifecure 20 mg et 3960 capsules de Lincocin 500mg saisis \u00e0 Limb\u00e9<\/a><\/h4>\n                <\/div>\n            <\/div>\n                        <div class=\"post\" style=\"background-image: url(http:\/\/www.douanes.cm\/douanes-cameroun\/wp-content\/uploads\/2025\/12\/Des-Medicaments-saisis-dans-le-cadre-de-loperation-CRIPHARM-10.jpeg);\">\n                <div class=\"content\">\n                    <div class=\"date\"><i class=\"far fa-calendar\"><\/i> d\u00e9cembre 5, 2025<\/div>\n                    <h4><a href=\"http:\/\/www.douanes.cm\/douanes-cameroun\/8094\/operation-cripharm-10-le-cameroun-accroit-son-carnet-de-chasse\/\">OP\u00c9RATION CRIPHARM 10 : Le Cameroun accro\u00eet son carnet de chasse<\/a><\/h4>\n                <\/div>\n            <\/div>\n                        <div class=\"post\" style=\"background-image: url(http:\/\/www.douanes.cm\/douanes-cameroun\/wp-content\/uploads\/2025\/12\/WhatsApp-Image-2025-12-03-at-00.01.13.jpeg);\">\n                <div class=\"content\">\n                    <div class=\"date\"><i class=\"far fa-calendar\"><\/i> d\u00e9cembre 3, 2025<\/div>\n                    <h4><a href=\"http:\/\/www.douanes.cm\/douanes-cameroun\/8090\/commission-de-politique-generale-monsieur-kwedi-samuel-desire-represente-la-douane-camerounaise-au-guatemala\/\">Commission de Politique G\u00e9n\u00e9rale\u00a0: Monsieur KWEDI Samuel D\u00e9sir\u00e9 repr\u00e9sente la Douane camerounaise au Guatemala<\/a><\/h4>\n                <\/div>\n            <\/div>\n                        <div class=\"post\" style=\"background-image: url(http:\/\/www.douanes.cm\/douanes-cameroun\/wp-content\/uploads\/2025\/12\/Message-de-felicitation-au-President-de-la-Republique.jpg);\">\n                <div class=\"content\">\n                    <div class=\"date\"><i class=\"far fa-calendar\"><\/i> d\u00e9cembre 3, 2025<\/div>\n                    <h4><a href=\"http:\/\/www.douanes.cm\/douanes-cameroun\/8086\/message-de-felicitation-au-president-de-la-republique\/\">Message de f\u00e9licitation au Pr\u00e9sident de la R\u00e9publique<\/a><\/h4>\n                <\/div>\n            <\/div>\n                        <div class=\"post\" style=\"background-image: url(http:\/\/www.douanes.cm\/douanes-cameroun\/wp-content\/uploads\/2025\/11\/WhatsApp-Image-2025-11-10-at-11.04.58.jpeg);\">\n                <div class=\"content\">\n                    <div class=\"date\"><i class=\"far fa-calendar\"><\/i> novembre 10, 2025<\/div>\n                    <h4><a href=\"http:\/\/www.douanes.cm\/douanes-cameroun\/8083\/expertise-internationale-les-regles-dorigine-en-partage-au-gabon\/\">Expertise Internationale\u00a0: Les r\u00e8gles d&#8217;origine en partage au Gabon<\/a><\/h4>\n                <\/div>\n            <\/div>\n                        <div class=\"post\" style=\"background-image: url(http:\/\/www.douanes.cm\/douanes-cameroun\/wp-content\/uploads\/2025\/11\/WhatsApp-Image-2025-11-10-at-10.59.05.jpeg);\">\n                <div class=\"content\">\n                    <div class=\"date\"><i class=\"far fa-calendar\"><\/i> novembre 10, 2025<\/div>\n                    <h4><a href=\"http:\/\/www.douanes.cm\/douanes-cameroun\/8080\/direction-generale-des-douanes-les-choses-bougent-dans-le-bon-sens\/\">Direction G\u00e9n\u00e9rale Des Douanes\u00a0: \u00a0Les choses bougent dans le bon sens<\/a><\/h4>\n                <\/div>\n            <\/div>\n                        <div class=\"post\" style=\"background-image: url(http:\/\/www.douanes.cm\/douanes-cameroun\/wp-content\/uploads\/2025\/10\/WhatsApp-Image-2025-10-31-at-11.54.00-1.jpeg);\">\n                <div class=\"content\">\n                    <div class=\"date\"><i class=\"far fa-calendar\"><\/i> octobre 31, 2025<\/div>\n                    <h4><a href=\"http:\/\/www.douanes.cm\/douanes-cameroun\/8074\/protection-de-lenvironnement-une-saisie-en-or-pour-le-sud-ouest\/\">Protection de l&#8217;environnement\u00a0: Une saisie en or pour le Sud-Ouest<\/a><\/h4>\n                <\/div>\n            <\/div>\n                        <div class=\"post\" style=\"background-image: url(http:\/\/www.douanes.cm\/douanes-cameroun\/wp-content\/uploads\/2025\/10\/UNE-CUSTOMS-NEWSLETTER-N\u00b0718.jpg);\">\n                <div class=\"content\">\n                    <div class=\"date\"><i class=\"far fa-calendar\"><\/i> octobre 21, 2025<\/div>\n                    <h4><a href=\"http:\/\/www.douanes.cm\/douanes-cameroun\/8070\/customs-newsletter-n718\/\">CUSTOMS NEWSLETTER N\u00b0718<\/a><\/h4>\n                <\/div>\n            <\/div>\n                        <div class=\"post\" style=\"background-image: url(http:\/\/www.douanes.cm\/douanes-cameroun\/wp-content\/uploads\/2025\/10\/Comite-de-Direction-du-20-octobre-2025.jpg);\">\n                <div class=\"content\">\n                    <div class=\"date\"><i class=\"far fa-calendar\"><\/i> octobre 21, 2025<\/div>\n                    <h4><a href=\"http:\/\/www.douanes.cm\/douanes-cameroun\/8067\/comite-de-direction-la-direction-generale-des-douanes-dans-le-grand-bain\/\">Comit\u00e9 de Direction\u00a0: La Direction G\u00e9n\u00e9rale des Douanes dans le grand bain<\/a><\/h4>\n                <\/div>\n            <\/div>\n                        <div class=\"post\" style=\"background-image: url(http:\/\/www.douanes.cm\/douanes-cameroun\/wp-content\/uploads\/2025\/10\/IMG-20250930-WA0539.jpg);\">\n                <div class=\"content\">\n                    <div class=\"date\"><i class=\"far fa-calendar\"><\/i> octobre 1, 2025<\/div>\n                    <h4><a href=\"http:\/\/www.douanes.cm\/douanes-cameroun\/8055\/cooperation-red-carpet-for-igor-vasilievich-kolesnikov\/\">Cooperation\u00a0: Red carpet for Igor Vasilievich Kolesnikov<\/a><\/h4>\n                <\/div>\n            <\/div>\n                        <div class=\"post\" style=\"background-image: url(http:\/\/www.douanes.cm\/douanes-cameroun\/wp-content\/uploads\/2025\/09\/Comite-de-Direction-29-septembre-2025.jpg);\">\n                <div class=\"content\">\n                    <div class=\"date\"><i class=\"far fa-calendar\"><\/i> septembre 29, 2025<\/div>\n                    <h4><a href=\"http:\/\/www.douanes.cm\/douanes-cameroun\/8052\/direction-generale-des-douanes-les-portes-ouvertes-du-4eme-trimestre-2025-souvrent\/\">Direction G\u00e9n\u00e9rale des Douanes\u00a0: Les portes ouvertes du 4\u00e8me trimestre\u00a02025 s\u2019ouvrent<\/a><\/h4>\n                <\/div>\n            <\/div>\n                        <div class=\"post\" style=\"background-image: url(http:\/\/www.douanes.cm\/douanes-cameroun\/wp-content\/uploads\/2025\/09\/Visite-DEA-a-Nsimalen.jpg);\">\n                <div class=\"content\">\n                    <div class=\"date\"><i class=\"far fa-calendar\"><\/i> septembre 15, 2025<\/div>\n                    <h4><a href=\"http:\/\/www.douanes.cm\/douanes-cameroun\/8047\/renforcement-des-capacites-la-drug-enforcement-agency-dea-des-etats-unis-aux-cotes-de-la-douane-camerounaise\/\">Renforcement des capacit\u00e9s\u00a0: La Drug Enforcement Agency (DEA) des Etats-Unis aux c\u00f4t\u00e9s de la Douane camerounaise<\/a><\/h4>\n                <\/div>\n            <\/div>\n                        <div class=\"post\" style=\"background-image: url(http:\/\/www.douanes.cm\/douanes-cameroun\/wp-content\/uploads\/2025\/09\/Audience-DG-Douanes-ambassadeur-de-Chine-au-Cameroun.jpeg);\">\n                <div class=\"content\">\n                    <div class=\"date\"><i class=\"far fa-calendar\"><\/i> septembre 9, 2025<\/div>\n                    <h4><a href=\"http:\/\/www.douanes.cm\/douanes-cameroun\/8043\/relations-publiques-le-directeur-general-des-douanes-recu-en-audience-par-lambassadeur-de-chine\/\">Relations Publiques\u00a0: Le Directeur G\u00e9n\u00e9ral des Douanes, re\u00e7u en audience par l\u2019Ambassadeur de Chine<\/a><\/h4>\n                <\/div>\n            <\/div>\n                        <div class=\"post\" style=\"background-image: url(http:\/\/www.douanes.cm\/douanes-cameroun\/wp-content\/uploads\/2025\/09\/Comite-de-Direction-du-lundi-08-septembre-2025.jpeg);\">\n                <div class=\"content\">\n                    <div class=\"date\"><i class=\"far fa-calendar\"><\/i> septembre 9, 2025<\/div>\n                    <h4><a href=\"http:\/\/www.douanes.cm\/douanes-cameroun\/8040\/direction-generale-des-douanes-le-grenelle-de-la-prise-en-charge-sinvite-au-comite-de-direction\/\">Direction G\u00e9n\u00e9rale des Douanes\u00a0: Le \u00ab\u00a0Grenelle de la prise en charge\u00a0\u00bb s\u2019invite au Comit\u00e9 de Direction<\/a><\/h4>\n                <\/div>\n            <\/div>\n                        <div class=\"post\" style=\"background-image: url(http:\/\/www.douanes.cm\/douanes-cameroun\/wp-content\/uploads\/2025\/09\/WhatsApp-Image-2025-09-08-at-08.26.17.jpeg);\">\n                <div class=\"content\">\n                    <div class=\"date\"><i class=\"far fa-calendar\"><\/i> septembre 8, 2025<\/div>\n                    <h4><a href=\"http:\/\/www.douanes.cm\/douanes-cameroun\/8037\/patriotisme-la-verve-douaniere\/\">Patriotisme\u00a0: La verve douani\u00e8re<\/a><\/h4>\n                <\/div>\n            <\/div>\n                        <div class=\"post\" style=\"background-image: url(http:\/\/www.douanes.cm\/douanes-cameroun\/wp-content\/uploads\/2025\/09\/Grenelle-de-la-prise-en-charge-des-marchandises.jpg);\">\n                <div class=\"content\">\n                    <div class=\"date\"><i class=\"far fa-calendar\"><\/i> septembre 3, 2025<\/div>\n                    <h4><a href=\"http:\/\/www.douanes.cm\/douanes-cameroun\/8025\/grenelle-de-la-prise-en-charge-le-premier-son-de-cloche\/\">Grenelle de la prise en charge : Le premier son de cloche<\/a><\/h4>\n                <\/div>\n            <\/div>\n                        <div class=\"post\" style=\"background-image: url(http:\/\/www.douanes.cm\/douanes-cameroun\/wp-content\/uploads\/2025\/09\/Comite-de-Direction-du-1et-septembre-2025.jpeg);\">\n                <div class=\"content\">\n                    <div class=\"date\"><i class=\"far fa-calendar\"><\/i> septembre 1, 2025<\/div>\n                    <h4><a href=\"http:\/\/www.douanes.cm\/douanes-cameroun\/8015\/direction-generale-des-douanes-nouveau-mois-meme-engagement\/\">Direction G\u00e9n\u00e9rale des Douanes : Nouveau mois, m\u00eame engagement<\/a><\/h4>\n                <\/div>\n            <\/div>\n                        <div class=\"post\" style=\"background-image: url(http:\/\/www.douanes.cm\/douanes-cameroun\/wp-content\/uploads\/2025\/08\/WhatsApp-Image-2025-08-23-at-20.14.47-1.jpeg);\">\n                <div class=\"content\">\n                    <div class=\"date\"><i class=\"far fa-calendar\"><\/i> ao\u00fbt 25, 2025<\/div>\n                    <h4><a href=\"http:\/\/www.douanes.cm\/douanes-cameroun\/8006\/operation-halcomi-iii-1320-bouteilles-de-liqueurs-de-contrebande-saisis-dans-la-zone-i\/\">OP\u00c9RATION HALCOMI III\u00a0: 1320 bouteilles de liqueurs de contrebande saisis dans la Zone I<\/a><\/h4>\n                <\/div>\n            <\/div>\n                        <div class=\"post\" style=\"background-image: url(http:\/\/www.douanes.cm\/douanes-cameroun\/wp-content\/uploads\/2025\/08\/WhatsApp-Image-2025-08-21-at-13.58.53-1.jpeg);\">\n                <div class=\"content\">\n                    <div class=\"date\"><i class=\"far fa-calendar\"><\/i> ao\u00fbt 22, 2025<\/div>\n                    <h4><a href=\"http:\/\/www.douanes.cm\/douanes-cameroun\/7995\/contentieux-douanier-tout-savoir-sur-la-207e-session-de-la-commission-dapprobation\/\">Contentieux Douanier\u00a0: Tout savoir sur la 207e session de la Commission d\u2019approbation<\/a><\/h4>\n                <\/div>\n            <\/div>\n                        <div class=\"post\" style=\"background-image: url(http:\/\/www.douanes.cm\/douanes-cameroun\/wp-content\/uploads\/2025\/08\/WhatsApp-Image-2025-08-21-at-15.34.32.jpeg);\">\n                <div class=\"content\">\n                    <div class=\"date\"><i class=\"far fa-calendar\"><\/i> ao\u00fbt 22, 2025<\/div>\n                    <h4><a href=\"http:\/\/www.douanes.cm\/douanes-cameroun\/7992\/operation-thunder-2025-le-cameroun-joue-sa-partition\/\">Op\u00e9ration THUNDER 2025\u00a0: Le Cameroun joue sa partition<\/a><\/h4>\n                <\/div>\n            <\/div>\n                        <div class=\"post\" style=\"background-image: url(http:\/\/www.douanes.cm\/douanes-cameroun\/wp-content\/uploads\/2025\/08\/Comite-de-Direction-DGD-18-aout-2025.jpg);\">\n                <div class=\"content\">\n                    <div class=\"date\"><i class=\"far fa-calendar\"><\/i> ao\u00fbt 18, 2025<\/div>\n                    <h4><a href=\"http:\/\/www.douanes.cm\/douanes-cameroun\/7989\/direction-generale-des-douanes-des-ambitions-et-des-reflexions\/\">Direction G\u00e9n\u00e9rale des Douanes\u00a0: Des ambitions et des r\u00e9flexions<\/a><\/h4>\n                <\/div>\n            <\/div>\n                        <div class=\"post\" style=\"background-image: url(http:\/\/www.douanes.cm\/douanes-cameroun\/wp-content\/uploads\/2025\/08\/Levee-des-couleurs-a-la-Direction-Generale-des-Douanes.jpg);\">\n                <div class=\"content\">\n                    <div class=\"date\"><i class=\"far fa-calendar\"><\/i> ao\u00fbt 13, 2025<\/div>\n                    <h4><a href=\"http:\/\/www.douanes.cm\/douanes-cameroun\/7985\/direction-generale-des-douanes-la-vitalite-dune-semaine\/\">Direction G\u00e9n\u00e9rale des Douanes\u00a0: La vitalit\u00e9 d&#8217;une semaine<\/a><\/h4>\n                <\/div>\n            <\/div>\n                        <div class=\"post\" style=\"background-image: url(http:\/\/www.douanes.cm\/douanes-cameroun\/wp-content\/uploads\/2025\/08\/COMMUNIQUE-MINFI-10e-PHASE-APE.jpg);\">\n                <div class=\"content\">\n                    <div class=\"date\"><i class=\"far fa-calendar\"><\/i> ao\u00fbt 11, 2025<\/div>\n                    <h4><a href=\"http:\/\/www.douanes.cm\/douanes-cameroun\/7981\/communique-radio-presse-du-minfi-sur-la-10e-phase-de-mise-en-oeuvre-des-ape\/\">Communiqu\u00e9 Radio-Presse du MINFI sur la 10e phase de mise en \u0153uvre des APE<\/a><\/h4>\n                <\/div>\n            <\/div>\n                        <div class=\"post\" style=\"background-image: url(http:\/\/www.douanes.cm\/douanes-cameroun\/wp-content\/uploads\/2025\/08\/WhatsApp-Image-2025-08-07-at-13.23.51.jpeg);\">\n                <div class=\"content\">\n                    <div class=\"date\"><i class=\"far fa-calendar\"><\/i> ao\u00fbt 8, 2025<\/div>\n                    <h4><a href=\"http:\/\/www.douanes.cm\/douanes-cameroun\/7976\/securite-2-400-kg-de-chanvre-brulent-dans-les-flammes\/\">S\u00e9curit\u00e9\u00a0: 2 400 kg de chanvre brulent dans les flammes<\/a><\/h4>\n                <\/div>\n            <\/div>\n                        <div class=\"post\" style=\"background-image: url(http:\/\/www.douanes.cm\/douanes-cameroun\/wp-content\/uploads\/2025\/08\/Comite-de-Direction-DGD-04-aout-2025.jpg);\">\n                <div class=\"content\">\n                    <div class=\"date\"><i class=\"far fa-calendar\"><\/i> ao\u00fbt 5, 2025<\/div>\n                    <h4><a href=\"http:\/\/www.douanes.cm\/douanes-cameroun\/7971\/direction-generale-des-douanes-de-nouveaux-challenges\/\">Direction G\u00e9n\u00e9rale des Douanes\u00a0: De nouveaux challenges<\/a><\/h4>\n                <\/div>\n            <\/div>\n                        <div class=\"post\" style=\"background-image: url(http:\/\/www.douanes.cm\/douanes-cameroun\/wp-content\/uploads\/2025\/08\/WhatsApp-Image-2025-08-01-at-14.25.04.jpeg);\">\n                <div class=\"content\">\n                    <div class=\"date\"><i class=\"far fa-calendar\"><\/i> ao\u00fbt 1, 2025<\/div>\n                    <h4><a href=\"http:\/\/www.douanes.cm\/douanes-cameroun\/7963\/renforcement-des-capacites-des-parchemins-pour-des-douaniers-au-centre-conjoint-de-formation-a-la-securite-maritime-de-lagos-au-nigeria\/\">Renforcement des capacit\u00e9s\u00a0: Des parchemins pour des douaniers au Centre conjoint de formation \u00e0 la s\u00e9curit\u00e9 maritime de Lagos au Nig\u00e9ria<\/a><\/h4>\n                <\/div>\n            <\/div>\n                        <div class=\"post\" style=\"background-image: url(http:\/\/www.douanes.cm\/douanes-cameroun\/wp-content\/uploads\/2025\/08\/WhatsApp-Image-2025-07-30-at-20.35.18.jpeg);\">\n                <div class=\"content\">\n                    <div class=\"date\"><i class=\"far fa-calendar\"><\/i> ao\u00fbt 1, 2025<\/div>\n                    <h4><a href=\"http:\/\/www.douanes.cm\/douanes-cameroun\/7960\/secteur-des-douanes-du-nord-ouest-du-sang-neuf-pour-un-nouveau-challenge\/\">Secteur des Douanes du Nord-Ouest\u00a0: Du sang neuf pour un nouveau challenge<\/a><\/h4>\n                <\/div>\n            <\/div>\n                        <div class=\"post\" style=\"background-image: url(http:\/\/www.douanes.cm\/douanes-cameroun\/wp-content\/uploads\/2025\/08\/WhatsApp-Image-2025-07-31-at-21.47.45.jpeg);\">\n                <div class=\"content\">\n                    <div class=\"date\"><i class=\"far fa-calendar\"><\/i> ao\u00fbt 1, 2025<\/div>\n                    <h4><a href=\"http:\/\/www.douanes.cm\/douanes-cameroun\/7957\/secteur-des-douanes-du-sud-ouest-performances-reluisantes-au-premier-semestre-2025\/\">Secteur des Douanes du Sud-Ouest\u00a0: Performances reluisantes au premier semestre 2025<\/a><\/h4>\n                <\/div>\n            <\/div>\n                        <div class=\"post\" style=\"background-image: url(http:\/\/www.douanes.cm\/douanes-cameroun\/wp-content\/uploads\/2025\/07\/WhatsApp-Image-2025-07-30-at-11.07.49.jpeg);\">\n                <div class=\"content\">\n                    <div class=\"date\"><i class=\"far fa-calendar\"><\/i> juillet 31, 2025<\/div>\n                    <h4><a href=\"http:\/\/www.douanes.cm\/douanes-cameroun\/7951\/strategie-le-sous-comite-douanes-et-facilitation-siege\/\">Strat\u00e9gie : Le sous-comit\u00e9 Douanes et Facilitation si\u00e8ge<\/a><\/h4>\n                <\/div>\n            <\/div>\n                        <div class=\"post\" style=\"background-image: url(http:\/\/www.douanes.cm\/douanes-cameroun\/wp-content\/uploads\/2025\/07\/WhatsApp-Image-2025-07-24-at-15.16.34.jpeg);\">\n                <div class=\"content\">\n                    <div class=\"date\"><i class=\"far fa-calendar\"><\/i> juillet 28, 2025<\/div>\n                    <h4><a href=\"http:\/\/www.douanes.cm\/douanes-cameroun\/7946\/tiko-la-ou-la-route-passe-les-recettes-suivent\/\">TIKO\u00a0: \u00a0L\u00e0 o\u00f9 la route passe les recettes suivent.<\/a><\/h4>\n                <\/div>\n            <\/div>\n                        <div class=\"post\" style=\"background-image: url(http:\/\/www.douanes.cm\/douanes-cameroun\/wp-content\/uploads\/2025\/07\/Capitaine-ANGONI.jpeg);\">\n                <div class=\"content\">\n                    <div class=\"date\"><i class=\"far fa-calendar\"><\/i> juillet 28, 2025<\/div>\n                    <h4><a href=\"http:\/\/www.douanes.cm\/douanes-cameroun\/7942\/caat-le-capitaine-des-douanes-angoni-ngomba-clement-prend-les-commandes-a-yaounde\/\">CAAT\u00a0: Le Capitaine des Douanes ANGONI NGOMBA Cl\u00e9ment prend les commandes \u00e0 Yaound\u00e9.<\/a><\/h4>\n                <\/div>\n            <\/div>\n                        <div class=\"post\" style=\"background-image: url(http:\/\/www.douanes.cm\/douanes-cameroun\/wp-content\/uploads\/2025\/07\/WhatsApp-Image-2025-07-25-at-11.29.26.jpeg);\">\n                <div class=\"content\">\n                    <div class=\"date\"><i class=\"far fa-calendar\"><\/i> juillet 28, 2025<\/div>\n                    <h4><a href=\"http:\/\/www.douanes.cm\/douanes-cameroun\/7937\/secteur-des-douanes-du-sud-i-les-yeux-rives-sur-la-securite\/\">Secteur des Douanes du Sud I\u00a0: Les yeux riv\u00e9s sur la s\u00e9curit\u00e9<\/a><\/h4>\n                <\/div>\n            <\/div>\n                        <div class=\"post\" style=\"background-image: url();\">\n                <div class=\"content\">\n                    <div class=\"date\"><i class=\"far fa-calendar\"><\/i> juillet 21, 2025<\/div>\n                    <h4><a href=\"http:\/\/www.douanes.cm\/douanes-cameroun\/7933\/circulaire-n001-du-18-juillet-2025-relative-a-la-preparation-du-budget-de-letat-au-titre-de-lexercice-2026\/\">Circulaire N\u00b0001 du 18 juillet 2025 relative \u00e0 la pr\u00e9paration du Budget de l\u2019Etat au titre de l\u2019exercice 2026<\/a><\/h4>\n                <\/div>\n            <\/div>\n                        <div class=\"post\" style=\"background-image: url(http:\/\/www.douanes.cm\/douanes-cameroun\/wp-content\/uploads\/2025\/07\/WhatsApp-Image-2025-07-18-at-20.42.40.jpeg);\">\n                <div class=\"content\">\n                    <div class=\"date\"><i class=\"far fa-calendar\"><\/i> juillet 19, 2025<\/div>\n                    <h4><a href=\"http:\/\/www.douanes.cm\/douanes-cameroun\/7930\/partenariat-le-directeur-general-des-douanes-a-icrafon\/\">Partenariat\u00a0: Le Directeur G\u00e9n\u00e9ral des Douanes \u00e0 ICRAFON<\/a><\/h4>\n                <\/div>\n            <\/div>\n                        <div class=\"post\" style=\"background-image: url(http:\/\/www.douanes.cm\/douanes-cameroun\/wp-content\/uploads\/2025\/07\/WhatsApp-Image-2025-07-18-at-21.05.39.jpeg);\">\n                <div class=\"content\">\n                    <div class=\"date\"><i class=\"far fa-calendar\"><\/i> juillet 19, 2025<\/div>\n                    <h4><a href=\"http:\/\/www.douanes.cm\/douanes-cameroun\/7926\/secteur-des-douanes-du-nord-la-confirmation-attendue\/\">Secteur des douanes du nord\u00a0: \u00a0La confirmation attendue<\/a><\/h4>\n                <\/div>\n            <\/div>\n                        <div class=\"post\" style=\"background-image: url(http:\/\/www.douanes.cm\/douanes-cameroun\/wp-content\/uploads\/2025\/07\/Saisie-de-medicaments-dans-le-cadre-de-loperation-Tempete-secteur-des-Douanes-du-Centre.jpg);\">\n                <div class=\"content\">\n                    <div class=\"date\"><i class=\"far fa-calendar\"><\/i> juillet 4, 2025<\/div>\n                    <h4><a href=\"http:\/\/www.douanes.cm\/douanes-cameroun\/7913\/surveillance-douaniere-la-tempete-sabat-sur-le-commerce-illicite-dans-la-region-du-centre\/\">Surveillance douani\u00e8re\u00a0: La temp\u00eate s&#8217;abat sur le commerce illicite dans la r\u00e9gion du Centre<\/a><\/h4>\n                <\/div>\n            <\/div>\n                        <div class=\"post\" style=\"background-image: url();\">\n                <div class=\"content\">\n                    <div class=\"date\"><i class=\"far fa-calendar\"><\/i> juin 11, 2025<\/div>\n                    <h4><a href=\"http:\/\/www.douanes.cm\/douanes-cameroun\/7893\/marchandises-en-souffrance-au-port-de-douala-et-eligibles-aux-ventes-aux-encheres-publiques\/\">MARCHANDISES EN SOUFFRANCE AU PORT DE DOUALA ET \u00c9LIGIBLES AUX VENTES AUX ENCH\u00c8RES PUBLIQUES<\/a><\/h4>\n                <\/div>\n            <\/div>\n                        <div class=\"post\" style=\"background-image: url(http:\/\/www.douanes.cm\/douanes-cameroun\/wp-content\/uploads\/2025\/06\/9e-reunion-statutaire-du-Comite-de-lAPE-Cameroun-Union-europeenne.jpg);\">\n                <div class=\"content\">\n                    <div class=\"date\"><i class=\"far fa-calendar\"><\/i> juin 5, 2025<\/div>\n                    <h4><a href=\"http:\/\/www.douanes.cm\/douanes-cameroun\/7889\/ape-cameroun-union-europeenne-la-scene-panoramique\/\">APE Cameroun-Union Europ\u00e9enne\u00a0: La sc\u00e8ne panoramique<\/a><\/h4>\n                <\/div>\n            <\/div>\n                        <div class=\"post\" style=\"background-image: url(http:\/\/www.douanes.cm\/douanes-cameroun\/wp-content\/uploads\/2025\/06\/Seance-de-travail-avec-une-delegation-de-lAlliance-Mondiale-pour-la-Facilitation-des-Echanges.jpg);\">\n                <div class=\"content\">\n                    <div class=\"date\"><i class=\"far fa-calendar\"><\/i> juin 4, 2025<\/div>\n                    <h4><a href=\"http:\/\/www.douanes.cm\/douanes-cameroun\/7885\/facilitation-des-echanges-les-cles-de-la-collaboration-entre-la-dgd-et-lalliance-mondiale\/\">Facilitation des \u00e9changes\u00a0: Les cl\u00e9s de la collaboration entre la DGD et l\u2019Alliance Mondiale<\/a><\/h4>\n                <\/div>\n            <\/div>\n                        <div class=\"post\" style=\"background-image: url(http:\/\/www.douanes.cm\/douanes-cameroun\/wp-content\/uploads\/2025\/06\/Visite-de-Frederic-Theodore-INAMODirection-Generale-des-Douanes-et-Droits-Indirects-de-RCA-au-secteur-des-Douanes-du-Sud-2.jpg);\">\n                <div class=\"content\">\n                    <div class=\"date\"><i class=\"far fa-calendar\"><\/i> juin 4, 2025<\/div>\n                    <h4><a href=\"http:\/\/www.douanes.cm\/douanes-cameroun\/7881\/cooperation-bilaterale-fraternite-totale-cameroun-rca\/\">Coop\u00e9ration Bilat\u00e9rale\u00a0: Fraternit\u00e9 totale Cameroun-RCA<\/a><\/h4>\n                <\/div>\n            <\/div>\n                        <div class=\"post\" style=\"background-image: url(http:\/\/www.douanes.cm\/douanes-cameroun\/wp-content\/uploads\/2025\/05\/Certificat-de-reussite-douaniers.png);\">\n                <div class=\"content\">\n                    <div class=\"date\"><i class=\"far fa-calendar\"><\/i> mai 28, 2025<\/div>\n                    <h4><a href=\"http:\/\/www.douanes.cm\/douanes-cameroun\/7875\/excellence-academique-deux-douaniers-fondation-pour-les-etudes-et-recherches-sur-le-developpement-international-ferdi\/\">Excellence Acad\u00e9mique\u00a0: Deux Douaniers Fondation pour les Etudes et Recherches sur le D\u00e9veloppement International (FERDI)<\/a><\/h4>\n                <\/div>\n            <\/div>\n                        <div class=\"post\" style=\"background-image: url(http:\/\/www.douanes.cm\/douanes-cameroun\/wp-content\/uploads\/2025\/05\/Audience-accordee-par-monsieur-le-Directeur-General-des-Douanes-a-une-delegation-des-representants-de-ORANGE-MONEY-CAMEROUN-S.A.-1-1.jpg);\">\n                <div class=\"content\">\n                    <div class=\"date\"><i class=\"far fa-calendar\"><\/i> mai 27, 2025<\/div>\n                    <h4><a href=\"http:\/\/www.douanes.cm\/douanes-cameroun\/7871\/prospection-orange-cameroun-ouvre-ses-ailes-a-la-douane\/\">Prospection\u00a0: \u00a0ORANGE CAMEROUN ouvre ses ailes \u00e0 la Douane<\/a><\/h4>\n                <\/div>\n            <\/div>\n                        <div class=\"post\" style=\"background-image: url(http:\/\/www.douanes.cm\/douanes-cameroun\/wp-content\/uploads\/2025\/05\/Messieurs-Monsieur-KWEDI-Samuel-Desire-et-UM-BATTA-David-Clovis-1.jpg);\">\n                <div class=\"content\">\n                    <div class=\"date\"><i class=\"far fa-calendar\"><\/i> mai 26, 2025<\/div>\n                    <h4><a href=\"http:\/\/www.douanes.cm\/douanes-cameroun\/7863\/conference-annuelle-des-directeurs-generaux-des-douanes-la-douane-met-les-boeufs-avant-la-charrue\/\">Conf\u00e9rence annuelle des Directeurs G\u00e9n\u00e9raux des Douanes\u00a0: la Douane met les b\u0153ufs avant la charrue<\/a><\/h4>\n                <\/div>\n            <\/div>\n                        <div class=\"post\" style=\"background-image: url(http:\/\/www.douanes.cm\/douanes-cameroun\/wp-content\/uploads\/2025\/01\/32a5e68b-9795-41f4-b4a9-711fe1b96c24.jpg);\">\n                <div class=\"content\">\n                    <div class=\"date\"><i class=\"far fa-calendar\"><\/i> mai 22, 2025<\/div>\n                    <h4><a href=\"http:\/\/www.douanes.cm\/douanes-cameroun\/7854\/allocution-de-monsieur-le-directeur-general-des-douanes-au-repas-de-corps-apres-le-defile-au-boulevard-du-20-mai\/\">Allocution de Monsieur le Directeur G\u00e9n\u00e9ral des Douanes au repas de corps apr\u00e8s le d\u00e9fil\u00e9 au boulevard du 20 mai<\/a><\/h4>\n                <\/div>\n            <\/div>\n                        <div class=\"post\" style=\"background-image: url(http:\/\/www.douanes.cm\/douanes-cameroun\/wp-content\/uploads\/2025\/01\/Lutte-contre-la-Corruption.png);\">\n                <div class=\"content\">\n                    <div class=\"date\"><i class=\"far fa-calendar\"><\/i> janvier 10, 2025<\/div>\n                    <h4><a href=\"http:\/\/www.douanes.cm\/douanes-cameroun\/7770\/lutte-contre-la-corruption-la-douane-prend-le-taureau-par-les-cornes\/\">Lutte contre la corruption\u00a0: La Douane prend le taureau par les cornes<\/a><\/h4>\n                <\/div>\n            <\/div>\n                        <div class=\"post\" style=\"background-image: url(http:\/\/www.douanes.cm\/douanes-cameroun\/wp-content\/uploads\/2024\/02\/WhatsApp-Image-2024-01-31-at-15.32.57.jpeg);\">\n                <div class=\"content\">\n                    <div class=\"date\"><i class=\"far fa-calendar\"><\/i> f\u00e9vrier 1, 2024<\/div>\n                    <h4><a href=\"http:\/\/www.douanes.cm\/douanes-cameroun\/7640\/jid-2024-le-partenariat-dans-la-pratique-des-sports\/\">JID 2024 : Le partenariat dans la pratique des sports.<\/a><\/h4>\n                <\/div>\n            <\/div>\n                        <div class=\"post\" style=\"background-image: url(http:\/\/www.douanes.cm\/douanes-cameroun\/wp-content\/uploads\/2024\/02\/WhatsApp-Image-2024-01-31-at-15.22.39-1.jpeg);\">\n                <div class=\"content\">\n                    <div class=\"date\"><i class=\"far fa-calendar\"><\/i> f\u00e9vrier 1, 2024<\/div>\n                    <h4><a href=\"http:\/\/www.douanes.cm\/douanes-cameroun\/7611\/jid-2024-lancement-a-bamenda\/\">JID 2024 : Lancement \u00e0 Bamenda<\/a><\/h4>\n                <\/div>\n            <\/div>\n                        <div class=\"post\" style=\"background-image: url(http:\/\/www.douanes.cm\/douanes-cameroun\/wp-content\/uploads\/2024\/02\/WhatsApp-Image-2024-01-31-at-15.10.38-1.jpeg);\">\n                <div class=\"content\">\n                    <div class=\"date\"><i class=\"far fa-calendar\"><\/i> f\u00e9vrier 1, 2024<\/div>\n                    <h4><a href=\"http:\/\/www.douanes.cm\/douanes-cameroun\/7606\/performancesla-douane-cartonne-a-nouveau\/\">PERFORMANCES<br>La Douane cartonne \u00e0 nouveau<\/a><\/h4>\n                <\/div>\n            <\/div>\n                        <div class=\"post\" style=\"background-image: url(http:\/\/www.douanes.cm\/douanes-cameroun\/wp-content\/uploads\/2023\/12\/port-de-kribi.jpg);\">\n                <div class=\"content\">\n                    <div class=\"date\"><i class=\"far fa-calendar\"><\/i> d\u00e9cembre 6, 2023<\/div>\n                    <h4><a href=\"http:\/\/www.douanes.cm\/douanes-cameroun\/7589\/programme-des-ventes-aux-encheres-publiques-des-marchandises-au-port-de-kribi\/\">Programme des ventes aux ench\u00e8res publiques des marchandises au Port de Kribi D\u00e9cembre 2023<\/a><\/h4>\n                <\/div>\n            <\/div>\n                        <div class=\"post\" style=\"background-image: url(http:\/\/www.douanes.cm\/douanes-cameroun\/wp-content\/uploads\/2023\/10\/WhatsApp-Image-2023-10-04-at-12.20.54.jpeg);\">\n                <div class=\"content\">\n                    <div class=\"date\"><i class=\"far fa-calendar\"><\/i> octobre 5, 2023<\/div>\n                    <h4><a href=\"http:\/\/www.douanes.cm\/douanes-cameroun\/7543\/loral-apres-lecrit\/\">L&#8217;oral apr\u00e8s l&#8217;\u00e9crit<\/a><\/h4>\n                <\/div>\n            <\/div>\n                        <div class=\"post\" style=\"background-image: url(http:\/\/www.douanes.cm\/douanes-cameroun\/wp-content\/uploads\/2022\/06\/cropped-Logo-Douanes-Camerounaises-100x100-1.png);\">\n                <div class=\"content\">\n                    <div class=\"date\"><i class=\"far fa-calendar\"><\/i> septembre 14, 2023<\/div>\n                    <h4><a href=\"http:\/\/www.douanes.cm\/douanes-cameroun\/7530\/politique-de-confidentialite-pourdeclaration-en-douane-cmr\/\">POLITIQUE DE CONFIDENTIALITE\u0301 POUR<br>&#8220;D\u00e9claration en Douane CMR&#8221;<\/a><\/h4>\n                <\/div>\n            <\/div>\n                        <div class=\"post\" style=\"background-image: url(http:\/\/www.douanes.cm\/douanes-cameroun\/wp-content\/uploads\/2022\/06\/cropped-Logo-Douanes-Camerounaises-100x100-1.png);\">\n                <div class=\"content\">\n                    <div class=\"date\"><i class=\"far fa-calendar\"><\/i> septembre 1, 2023<\/div>\n                    <h4><a href=\"http:\/\/www.douanes.cm\/douanes-cameroun\/7524\/communique-329-minfi-dgd-portant-sur-le-dysfonctionnement-inattendu-de-l-infrastructure-du-systeme-d-nformation-de-la-direction-generale-des-douanes-camcis\/\">COMMUNIQUE 329\/MINFI\/DGD PORTANT SUR LE DYSFONCTIONNEMENT INATTENDU DE L INFRASTRUCTURE DU SYSTEME D NFORMATION DE LA DIRECTION GENERALE DES DOUANES (CAMCIS)<\/a><\/h4>\n                <\/div>\n            <\/div>\n                        <div class=\"post\" style=\"background-image: url(http:\/\/www.douanes.cm\/douanes-cameroun\/wp-content\/uploads\/2023\/08\/DUS-LANCEMENT-MINFI.png);\">\n                <div class=\"content\">\n                    <div class=\"date\"><i class=\"far fa-calendar\"><\/i> ao\u00fbt 10, 2023<\/div>\n                    <h4><a href=\"http:\/\/www.douanes.cm\/douanes-cameroun\/7517\/lancement-du-document-unique-de-sortie-dus-et-de-la-quittance-dematerialisee-dans-camcis-au-02-octobre-2023\/\">Entr\u00e9e en vigueur du Document Unique de Sortie et de la quittance d\u00e9mat\u00e9rialis\u00e9e dans CAMCIS le lundi 02 octobre 2023<\/a><\/h4>\n                <\/div>\n            <\/div>\n                        <div class=\"post\" style=\"background-image: url(http:\/\/www.douanes.cm\/douanes-cameroun\/wp-content\/uploads\/2022\/08\/12-0.png);\">\n                <div class=\"content\">\n                    <div class=\"date\"><i class=\"far fa-calendar\"><\/i> ao\u00fbt 7, 2023<\/div>\n                    <h4><a href=\"http:\/\/www.douanes.cm\/douanes-cameroun\/7487\/ape-huitieme-phase-de-demantelement-tarifaire\/\">APE : HUITIEME PHASE DE DEMANTELEMENT TARIFAIRE<\/a><\/h4>\n                <\/div>\n            <\/div>\n                        <div class=\"post\" style=\"background-image: url();\">\n                <div class=\"content\">\n                    <div class=\"date\"><i class=\"far fa-calendar\"><\/i> avril 28, 2026<\/div>\n                    <h4><a href=\"http:\/\/www.douanes.cm\/douanes-cameroun\/8334\/collecte-electronique-des-droits-et-taxes-de-douane-sur-les-telephones-le-communique-de-monsieur-le-ministre-de-finances\/\">Collecte \u00e9lectronique des droits et taxes de douane sur les t\u00e9l\u00e9phones: Le communiqu\u00e9 de Monsieur le Ministre de Finances<\/a><\/h4>\n                <\/div>\n            <\/div>\n                        \n         \n            <\/div>\n        <\/div>\n        \n\t\t<\/div><div id=\"transida_advertisement-1\" class=\"widget sidebar-widget widget_transida_advertisement\">      \t\t\n\t\t\t<!--Footer Column-->\n            <div class=\"advertisement-widget\">\n                <h4 class=\"widget_title\">Publications<\/h4>                <div class=\"content\">\n                    <div class=\"logo\"><a href=\"http:\/\/www.douanes.cm\/douanes-cameroun\/\"><img src=\"http:\/\/douanes-cameroun\/wp-content\/uploads\/2022\/06\/Logo-Douanes-Camerounaises-100x100-1.png\" alt=\"Awesome Image\"><\/a><\/div>                    <h4>Nous offrons <br> des services <br>rapides &amp; fiables.\n<\/h4>\n                                        <div class=\"link-box\">\n                        <a href=\"\/douanes-cameroun\/?page_id=547\" class=\"theme-btn btn-style-one\"><span><i class=\"flaticon-up-arrow\"><\/i>Contact<\/span><\/a>\n                    <\/div>\n                                        <div class=\"image\"><img src=\"\/douanes-cameroun\/wp-content\/uploads\/2020\/11\/image-14.png\" alt=\"Awesome Image\"><\/div>                <\/div>\n            <\/div>\n            \n        <\/div><div id=\"transida_advertisement-2\" class=\"widget sidebar-widget widget_transida_advertisement\">      \t\t\n\t\t\t<!--Footer Column-->\n            <div class=\"advertisement-widget\">\n                <h4 class=\"widget_title\">Publications<\/h4>                <div class=\"content\">\n                    <div class=\"logo\"><a href=\"http:\/\/www.douanes.cm\/douanes-cameroun\/\"><img src=\"\/douanes-cameroun\/wp-content\/uploads\/2022\/06\/Logo-Douanes-Camerounaises-100x100-1.png\" alt=\"Awesome Image\"><\/a><\/div>                    <h4>we offer fast <br>and reliable services\n<\/h4>\n                                        <div class=\"link-box\">\n                        <a href=\"\/douanes-cameroun\/?page_id=4728&#038;lang=en\" class=\"theme-btn btn-style-one\"><span><i class=\"flaticon-up-arrow\"><\/i>Contact<\/span><\/a>\n                    <\/div>\n                                        <div class=\"image\"><img src=\"http:\/\/douanes-cameroun\/wp-content\/uploads\/2020\/11\/image-14.png\" alt=\"Awesome Image\"><\/div>                <\/div>\n            <\/div>\n            \n        <\/div><div id=\"block-7\" class=\"widget sidebar-widget widget_block widget_archive\"><ul class=\" wp-block-archives-list wp-block-archives\">\t<li><a href='http:\/\/www.douanes.cm\/douanes-cameroun\/date\/2026\/04\/'>avril 2026<\/a><\/li>\n\t<li><a href='http:\/\/www.douanes.cm\/douanes-cameroun\/date\/2026\/03\/'>mars 2026<\/a><\/li>\n\t<li><a href='http:\/\/www.douanes.cm\/douanes-cameroun\/date\/2026\/02\/'>f\u00e9vrier 2026<\/a><\/li>\n\t<li><a href='http:\/\/www.douanes.cm\/douanes-cameroun\/date\/2026\/01\/'>janvier 2026<\/a><\/li>\n\t<li><a href='http:\/\/www.douanes.cm\/douanes-cameroun\/date\/2025\/12\/'>d\u00e9cembre 2025<\/a><\/li>\n\t<li><a href='http:\/\/www.douanes.cm\/douanes-cameroun\/date\/2025\/11\/'>novembre 2025<\/a><\/li>\n\t<li><a href='http:\/\/www.douanes.cm\/douanes-cameroun\/date\/2025\/10\/'>octobre 2025<\/a><\/li>\n\t<li><a href='http:\/\/www.douanes.cm\/douanes-cameroun\/date\/2025\/09\/'>septembre 2025<\/a><\/li>\n\t<li><a href='http:\/\/www.douanes.cm\/douanes-cameroun\/date\/2025\/08\/'>ao\u00fbt 2025<\/a><\/li>\n\t<li><a href='http:\/\/www.douanes.cm\/douanes-cameroun\/date\/2025\/07\/'>juillet 2025<\/a><\/li>\n\t<li><a href='http:\/\/www.douanes.cm\/douanes-cameroun\/date\/2025\/06\/'>juin 2025<\/a><\/li>\n\t<li><a href='http:\/\/www.douanes.cm\/douanes-cameroun\/date\/2025\/05\/'>mai 2025<\/a><\/li>\n\t<li><a href='http:\/\/www.douanes.cm\/douanes-cameroun\/date\/2025\/01\/'>janvier 2025<\/a><\/li>\n\t<li><a href='http:\/\/www.douanes.cm\/douanes-cameroun\/date\/2024\/10\/'>octobre 2024<\/a><\/li>\n\t<li><a href='http:\/\/www.douanes.cm\/douanes-cameroun\/date\/2024\/09\/'>septembre 2024<\/a><\/li>\n\t<li><a href='http:\/\/www.douanes.cm\/douanes-cameroun\/date\/2024\/02\/'>f\u00e9vrier 2024<\/a><\/li>\n\t<li><a href='http:\/\/www.douanes.cm\/douanes-cameroun\/date\/2023\/12\/'>d\u00e9cembre 2023<\/a><\/li>\n\t<li><a href='http:\/\/www.douanes.cm\/douanes-cameroun\/date\/2023\/11\/'>novembre 2023<\/a><\/li>\n\t<li><a href='http:\/\/www.douanes.cm\/douanes-cameroun\/date\/2023\/10\/'>octobre 2023<\/a><\/li>\n\t<li><a href='http:\/\/www.douanes.cm\/douanes-cameroun\/date\/2023\/09\/'>septembre 2023<\/a><\/li>\n\t<li><a href='http:\/\/www.douanes.cm\/douanes-cameroun\/date\/2023\/08\/'>ao\u00fbt 2023<\/a><\/li>\n\t<li><a href='http:\/\/www.douanes.cm\/douanes-cameroun\/date\/2023\/06\/'>juin 2023<\/a><\/li>\n\t<li><a href='http:\/\/www.douanes.cm\/douanes-cameroun\/date\/2023\/04\/'>avril 2023<\/a><\/li>\n\t<li><a href='http:\/\/www.douanes.cm\/douanes-cameroun\/date\/2023\/03\/'>mars 2023<\/a><\/li>\n\t<li><a href='http:\/\/www.douanes.cm\/douanes-cameroun\/date\/2023\/02\/'>f\u00e9vrier 2023<\/a><\/li>\n\t<li><a href='http:\/\/www.douanes.cm\/douanes-cameroun\/date\/2023\/01\/'>janvier 2023<\/a><\/li>\n\t<li><a href='http:\/\/www.douanes.cm\/douanes-cameroun\/date\/2022\/12\/'>d\u00e9cembre 2022<\/a><\/li>\n\t<li><a href='http:\/\/www.douanes.cm\/douanes-cameroun\/date\/2022\/11\/'>novembre 2022<\/a><\/li>\n\t<li><a href='http:\/\/www.douanes.cm\/douanes-cameroun\/date\/2022\/10\/'>octobre 2022<\/a><\/li>\n\t<li><a href='http:\/\/www.douanes.cm\/douanes-cameroun\/date\/2022\/09\/'>septembre 2022<\/a><\/li>\n\t<li><a href='http:\/\/www.douanes.cm\/douanes-cameroun\/date\/2022\/08\/'>ao\u00fbt 2022<\/a><\/li>\n\t<li><a href='http:\/\/www.douanes.cm\/douanes-cameroun\/date\/2022\/07\/'>juillet 2022<\/a><\/li>\n\t<li><a href='http:\/\/www.douanes.cm\/douanes-cameroun\/date\/2022\/06\/'>juin 2022<\/a><\/li>\n\t<li><a href='http:\/\/www.douanes.cm\/douanes-cameroun\/date\/2020\/11\/'>novembre 2020<\/a><\/li>\n\t<li><a href='http:\/\/www.douanes.cm\/douanes-cameroun\/date\/2020\/10\/'>octobre 2020<\/a><\/li>\n<\/ul><\/div>                        <\/div>\n                    <\/aside>\n                      \n                <\/div>\n            <\/div>\n        <\/section>\n        \n        \t\t<\/div>\n\t\t\t\t<\/div>\n\t\t\t\t\t<\/div>\n\t\t<\/div>\n\t\t\t\t\t\t\t<\/div>\n\t\t<\/section>\n\t\t\t\t\t\t\t<\/div>\n\t\t","protected":false},"excerpt":{"rendered":"<p>05 Nov A la une JOURNEE INTERNATIONALE DE LA DOUANE 2022 L\u2019\u00e9dition de La JID 2022, &#8230; Read More 05 Nov A la une Concours externe cat\u00e9gorie A \u2013 inspecteur des douanes 2022 La douane recrute par concours &#8230; Read More 05 Nov A la une Saisie \u00e0 Mayo-Salah de deux (02) motocyclettes charg\u00e9es\u2026 Saisie [&hellip;]<\/p>\n","protected":false},"author":1,"featured_media":0,"parent":0,"menu_order":0,"comment_status":"closed","ping_status":"closed","template":"tpl-default-elementor.php","meta":[],"_links":{"self":[{"href":"http:\/\/www.douanes.cm\/douanes-cameroun\/wp-json\/wp\/v2\/pages\/1018"}],"collection":[{"href":"http:\/\/www.douanes.cm\/douanes-cameroun\/wp-json\/wp\/v2\/pages"}],"about":[{"href":"http:\/\/www.douanes.cm\/douanes-cameroun\/wp-json\/wp\/v2\/types\/page"}],"author":[{"embeddable":true,"href":"http:\/\/www.douanes.cm\/douanes-cameroun\/wp-json\/wp\/v2\/users\/1"}],"replies":[{"embeddable":true,"href":"http:\/\/www.douanes.cm\/douanes-cameroun\/wp-json\/wp\/v2\/comments?post=1018"}],"version-history":[{"count":9,"href":"http:\/\/www.douanes.cm\/douanes-cameroun\/wp-json\/wp\/v2\/pages\/1018\/revisions"}],"predecessor-version":[{"id":2451,"href":"http:\/\/www.douanes.cm\/douanes-cameroun\/wp-json\/wp\/v2\/pages\/1018\/revisions\/2451"}],"wp:attachment":[{"href":"http:\/\/www.douanes.cm\/douanes-cameroun\/wp-json\/wp\/v2\/media?parent=1018"}],"curies":[{"name":"wp","href":"https:\/\/api.w.org\/{rel}","templated":true}]}}